{"id":19547,"date":"2024-09-03T11:05:44","date_gmt":"2024-09-03T15:05:44","guid":{"rendered":"https:\/\/www.cinedanse.ca\/?page_id=19547"},"modified":"2025-06-09T09:36:37","modified_gmt":"2025-06-09T13:36:37","slug":"26-septembre-prix-lumiere-2024","status":"publish","type":"page","link":"https:\/\/www.cinedanse.ca\/en\/sept-iles-2024-rencontres-professionnelles\/26-septembre-prix-lumiere-2024\/","title":{"rendered":"26 Septembre | Prix Lumi\u00e8re 2024"},"content":{"rendered":"\t<div id=\"gap-1587191873\" class=\"gap-element clearfix\" style=\"display:block; height:auto;\">\n\t\t\n<style>\n#gap-1587191873 {\n  padding-top: 30px;\n}\n<\/style>\n\t<\/div>\n\t\n<a href=\"#filmsSelectionnes\" class=\"button secondary lowercase\" >\n\t\t<span>Films s\u00e9lectionn\u00e9s<\/span>\n\t<\/a>\n\n\t<div id=\"gap-243995205\" class=\"gap-element clearfix\" style=\"display:block; height:auto;\">\n\t\t\n<style>\n#gap-243995205 {\n  padding-top: 30px;\n}\n<\/style>\n\t<\/div>\n\t\n<div class=\"row\"  id=\"row-1989088577\">\n\n\t<div id=\"col-473329829\" class=\"col small-12 large-12\"  >\n\t\t\t\t<div class=\"col-inner\"  >\n\t\t\t\n\t\t\t\n\t<div id=\"text-2921643063\" class=\"text titresEvenements\">\n\t\t\n<h2>Prix Lumi\u00e8re 2024<\/h2>\n\t\t\t<\/div>\n\t\n\t\t<\/div>\n\t\t\t\t\t<\/div>\n\n\t\n\n<style>\n#row-1989088577 > .col > .col-inner {\n  padding: 1em 1em 0.05em 1em;\n  background-color: #1a1a1a;\n}\n@media (min-width:550px) {\n  #row-1989088577 > .col > .col-inner {\n    padding: 1em 1em 0.05em 1em;\n  }\n}\n<\/style>\n<\/div>\n\t<div class=\"img has-hover x md-x lg-x y md-y lg-y\" id=\"image_872682563\">\n\t\t\t\t\t\t\t\t<div class=\"img-inner dark\" >\n\t\t\t<img loading=\"lazy\" decoding=\"async\" width=\"1020\" height=\"660\" src=\"https:\/\/www.cinedanse.ca\/wp-content\/uploads\/2024\/09\/prix_lumieres_2024-1024x663.jpg\" class=\"attachment-large size-large\" alt=\"Prix lumi\u00e8re 2024\" srcset=\"https:\/\/www.cinedanse.ca\/wp-content\/uploads\/2024\/09\/prix_lumieres_2024-1024x663.jpg 1024w, https:\/\/www.cinedanse.ca\/wp-content\/uploads\/2024\/09\/prix_lumieres_2024-300x194.jpg 300w, https:\/\/www.cinedanse.ca\/wp-content\/uploads\/2024\/09\/prix_lumieres_2024-768x497.jpg 768w, https:\/\/www.cinedanse.ca\/wp-content\/uploads\/2024\/09\/prix_lumieres_2024.jpg 1224w\" sizes=\"auto, (max-width: 1020px) 100vw, 1020px\" \/>\t\t\t\t\t\t\n\t\t\t\t\t<\/div>\n\t\t\t\t\t\t\t\t\n<style>\n#image_872682563 {\n  width: 100%;\n}\n<\/style>\n\t<\/div>\n\t\n\t<div id=\"gap-364736034\" class=\"gap-element clearfix\" style=\"display:block; height:auto;\">\n\t\t\n<style>\n#gap-364736034 {\n  padding-top: 30px;\n}\n<\/style>\n\t<\/div>\n\t\n\t<div id=\"gap-1194812412\" class=\"gap-element clearfix\" style=\"display:block; height:auto;\">\n\t\t\n<style>\n#gap-1194812412 {\n  padding-top: 15px;\n}\n<\/style>\n\t<\/div>\n\t\n\t<div id=\"gap-1481448206\" class=\"gap-element clearfix\" style=\"display:block; height:auto;\">\n\t\t\n<style>\n#gap-1481448206 {\n  padding-top: 15px;\n}\n<\/style>\n\t<\/div>\n\t\n<div class=\"row\"  id=\"row-291750855\">\n\n\t<div id=\"col-305665304\" class=\"col medium-6 small-12 large-6\"  >\n\t\t\t\t<div class=\"col-inner\"  >\n\t\t\t\n\t\t\t\n<p><strong>Encore une fois, \u00e0 Sept-\u00celes, notre \u00e9v\u00e9nement nomade Cin\u00e9danse remettra le Prix Lumi\u00e8re \u00e0 un court-m\u00e9trage exceptionnel issu d\u2019une s\u00e9lection d&#8217;\u0153uvres de partout \u00e0 travers le monde. <\/strong><\/p>\n<p>\u00c0 l\u2019occasion de cette 5e \u00e9dition du Prix Lumi\u00e8re, huit films des quatre coins du monde ont \u00e9t\u00e9 mis en nomination : du Qu\u00e9bec, de France, d\u2019Iran, de Chine, du Costa Rica, de Pologne et d\u2019Italie.<\/p>\n<p>Le film pi\u00e9g\u00e9 par la beaut\u00e9 \u2013 souvenir d\u2019un voyage de la cin\u00e9aste nord-c\u00f4ti\u00e8re Lucie Lambert des Bergeronnes fait notamment partie de la s\u00e9lection.<\/p>\n<p>C\u2019est la sculpteure sociale Johanne Roussy, pr\u00e9sidente et fondatrice de l\u2019Atelier de la 8e \u00eele qui pr\u00e9sidera le jury constitu\u00e9 d\u2019\u00e9tudiants de l\u2019\u00c9cole Secondaire Jean-du-Nord, o\u00f9 elle enseigne les Arts plastiques, et d&#8217;\u00e9tudiants du C\u00e9gep de Sept-\u00celes. Les professeurs du programme en Arts visuels Marie-Chantal Desrosiers et Sarah F. Maloney, parraineront les \u00e9tudiants du C\u00e9gep.<\/p>\n\t\t<\/div>\n\t\t\t\t\t<\/div>\n\n\t\n\n\t<div id=\"col-387674568\" class=\"col medium-6 small-12 large-6\"  >\n\t\t\t\t<div class=\"col-inner\"  >\n\t\t\t\n\t\t\t\n\t<div id=\"text-3505435747\" class=\"text adresseEvenements\">\n\t\t\n<p><b>Auditorium du Cegep de Sept-\u00celes | Local L201<\/b><\/p>\n<p><b>175 Rue de la V\u00e9rendrye, Sept-\u00celes, QC, G4R 5B7<\/b><\/p>\n<p><b>Jeudi 26 septembre : <\/b><\/p>\n<p><b>17h30 \u00e0 18h45\u00a0<\/b><b> <\/b><\/p>\n<p><b>Entr\u00e9e libre | Ouvert au public <span class=\"Apple-converted-space\">\u00a0<\/span><\/b><br \/>\n\t\t\t<\/div>\n\t\n\t<div id=\"gap-1423623345\" class=\"gap-element clearfix\" style=\"display:block; height:auto;\">\n\t\t\n<style>\n#gap-1423623345 {\n  padding-top: 30px;\n}\n<\/style>\n\t<\/div>\n\t\n\t<div class=\"img has-hover x md-x lg-x y md-y lg-y\" id=\"image_609663422\">\n\t\t\t\t\t\t\t\t<div class=\"img-inner dark\" >\n\t\t\t<img loading=\"lazy\" decoding=\"async\" width=\"939\" height=\"287\" src=\"https:\/\/www.cinedanse.ca\/wp-content\/uploads\/2024\/09\/logos_rencontres_professionnelles.png\" class=\"attachment-large size-large\" alt=\"logos rencontres professionnelles\" srcset=\"https:\/\/www.cinedanse.ca\/wp-content\/uploads\/2024\/09\/logos_rencontres_professionnelles.png 939w, https:\/\/www.cinedanse.ca\/wp-content\/uploads\/2024\/09\/logos_rencontres_professionnelles-300x92.png 300w, https:\/\/www.cinedanse.ca\/wp-content\/uploads\/2024\/09\/logos_rencontres_professionnelles-768x235.png 768w\" sizes=\"auto, (max-width: 939px) 100vw, 939px\" \/>\t\t\t\t\t\t\n\t\t\t\t\t<\/div>\n\t\t\t\t\t\t\t\t\n<style>\n#image_609663422 {\n  width: 90%;\n}\n<\/style>\n\t<\/div>\n\t\n\t\t<\/div>\n\t\t\t\t\t<\/div>\n\n\t\n<\/div>\n\t<div id=\"gap-1813378788\" class=\"gap-element clearfix\" style=\"display:block; height:auto;\">\n\t\t\n<style>\n#gap-1813378788 {\n  padding-top: 30px;\n}\n<\/style>\n\t<\/div>\n\t\n\n<p><a name=\"filmsSelectionnes\"><\/a><br \/>\n\n<div class=\"row\"  id=\"row-523414230\">\n\n\t<div id=\"col-1020241240\" class=\"col small-12 large-12\"  >\n\t\t\t\t<div class=\"col-inner\"  >\n\t\t\t\n\t\t\t\n\t<div id=\"text-1480934173\" class=\"text titresEvenements\">\n\t\t\n<h2>Films s\u00e9lectionn\u00e9s<\/h2>\n\t\t\t<\/div>\n\t\n\t\t<\/div>\n\t\t\t\t\t<\/div>\n\n\t\n\n<style>\n#row-523414230 > .col > .col-inner {\n  padding: 1em 1em 0.05em 1em;\n  background-color: #1a1a1a;\n}\n@media (min-width:550px) {\n  #row-523414230 > .col > .col-inner {\n    padding: 1em 1em 0.05em 1em;\n  }\n}\n<\/style>\n<\/div>\n\t<div id=\"gap-788197160\" class=\"gap-element clearfix\" style=\"display:block; height:auto;\">\n\t\t\n<style>\n#gap-788197160 {\n  padding-top: 30px;\n}\n<\/style>\n\t<\/div>\n\t\n<div class=\"row\"  id=\"row-1647223720\">\n\n\t<div id=\"col-2081406487\" class=\"col medium-6 small-12 large-6\"  >\n\t\t\t\t<div class=\"col-inner\"  >\n\t\t\t\n\t\t\t\n<h3 style=\"font-weight: 800; color: #ff4250;\">\u00ab Pi\u00e9g\u00e9 par la beaut\u00e9 \u00bb \u00a0&#8211; Souvenir d\u2019un voyage<\/h3>\n<p><strong>Lucie Lambert | C\u00f4te-Nord | 2023 | 3\u201930<\/strong><\/p>\n<p>Qu\u2019arrive-t-il lorsqu\u2019un soldat ennemi traverse le mur qu\u2019il a lui-m\u00eame \u00e9rig\u00e9? Film d\u2019animation fantaisiste o\u00f9 la beaut\u00e9 l\u2019emporte sur la violence.<\/p>\n\t\t<\/div>\n\t\t\t\t\t<\/div>\n\n\t\n\n\t<div id=\"col-133112187\" class=\"col medium-6 small-12 large-6\"  >\n\t\t\t\t<div class=\"col-inner\"  >\n\t\t\t\n\t\t\t\n\t<div class=\"img has-hover x md-x lg-x y md-y lg-y\" id=\"image_2031941170\">\n\t\t\t\t\t\t\t\t<div class=\"img-inner dark\" >\n\t\t\t<img loading=\"lazy\" decoding=\"async\" width=\"899\" height=\"509\" src=\"https:\/\/www.cinedanse.ca\/wp-content\/uploads\/2024\/09\/piege_par_la_beaute.jpg\" class=\"attachment-large size-large\" alt=\"\u00ab Pi\u00e9g\u00e9 par la beaut\u00e9 \u00bb Souvenir d\u2019un voyage\" srcset=\"https:\/\/www.cinedanse.ca\/wp-content\/uploads\/2024\/09\/piege_par_la_beaute.jpg 899w, https:\/\/www.cinedanse.ca\/wp-content\/uploads\/2024\/09\/piege_par_la_beaute-300x170.jpg 300w, https:\/\/www.cinedanse.ca\/wp-content\/uploads\/2024\/09\/piege_par_la_beaute-768x435.jpg 768w\" sizes=\"auto, (max-width: 899px) 100vw, 899px\" \/>\t\t\t\t\t\t\n\t\t\t\t\t<\/div>\n\t\t\t\t\t\t\t\t\n<style>\n#image_2031941170 {\n  width: 100%;\n}\n<\/style>\n\t<\/div>\n\t\n\t\t<\/div>\n\t\t\t\t\t<\/div>\n\n\t\n<\/div>\n\t<div id=\"gap-1804360082\" class=\"gap-element clearfix\" style=\"display:block; height:auto;\">\n\t\t\n<style>\n#gap-1804360082 {\n  padding-top: 30px;\n}\n<\/style>\n\t<\/div>\n\t\n<div class=\"row\"  id=\"row-1584615506\">\n\n\t<div id=\"col-1879024506\" class=\"col medium-6 small-12 large-6\"  >\n\t\t\t\t<div class=\"col-inner\"  >\n\t\t\t\n\t\t\t\n<h3 style=\"font-weight: 800; color: #ff4250;\">\u00ab Until \u00bb<\/h3>\n<p><strong>Tanin Torabi | Iran | 2023 | 13\u201950<\/strong><\/p>\n<p><strong>\u00ab Until\u2026 \u00bb \/ \u00ab Jusqu\u2019\u00e0\u2026 \u00bb<\/strong> est une vid\u00e9o \u00e0 prise unique, captur\u00e9e par les artistes en utilisant uniquement le commutateur entre les cam\u00e9ras avant et arri\u00e8re d\u2019un iPhone, et film\u00e9e lors des manifestations de 2022 pour la <strong>\u00ab Libert\u00e9 de la vie des femmes \u00bb<\/strong> \u00e0 T\u00e9h\u00e9ran, en Iran. La vid\u00e9o pr\u00e9sente non seulement une chor\u00e9graphie tr\u00e8s complexe pour la cam\u00e9ra, impr\u00e9gn\u00e9e de l\u2019originalit\u00e9 et de l\u2019urgence de ce qui est jug\u00e9<strong> \u00ab possible \u00bb<\/strong> dans cette situation sp\u00e9cifique, mais elle r\u00e9sume \u00e9galement l\u2019essence de l\u2019unit\u00e9, de la r\u00e9silience et de la d\u00e9termination d\u00e9montr\u00e9es par les jeunes artistes r\u00e9pondant de mani\u00e8re cr\u00e9ative et courageusement face \u00e0 une situation actuelle et brutale en Iran.<\/p>\n\t\t<\/div>\n\t\t\t\t\t<\/div>\n\n\t\n\n\t<div id=\"col-1976074609\" class=\"col medium-6 small-12 large-6\"  >\n\t\t\t\t<div class=\"col-inner\"  >\n\t\t\t\n\t\t\t\n\t<div class=\"img has-hover x md-x lg-x y md-y lg-y\" id=\"image_804738873\">\n\t\t\t\t\t\t\t\t<div class=\"img-inner dark\" >\n\t\t\t<img loading=\"lazy\" decoding=\"async\" width=\"1020\" height=\"680\" src=\"https:\/\/www.cinedanse.ca\/wp-content\/uploads\/2024\/09\/until-1024x683.jpg\" class=\"attachment-large size-large\" alt=\"\" srcset=\"https:\/\/www.cinedanse.ca\/wp-content\/uploads\/2024\/09\/until-1024x683.jpg 1024w, https:\/\/www.cinedanse.ca\/wp-content\/uploads\/2024\/09\/until-300x200.jpg 300w, https:\/\/www.cinedanse.ca\/wp-content\/uploads\/2024\/09\/until-768x512.jpg 768w, https:\/\/www.cinedanse.ca\/wp-content\/uploads\/2024\/09\/until.jpg 1313w\" sizes=\"auto, (max-width: 1020px) 100vw, 1020px\" \/>\t\t\t\t\t\t\n\t\t\t\t\t<\/div>\n\t\t\t\t\t\t\t\t\n<style>\n#image_804738873 {\n  width: 100%;\n}\n<\/style>\n\t<\/div>\n\t\n\t\t<\/div>\n\t\t\t\t\t<\/div>\n\n\t\n<\/div>\n\t<div id=\"gap-412847655\" class=\"gap-element clearfix\" style=\"display:block; height:auto;\">\n\t\t\n<style>\n#gap-412847655 {\n  padding-top: 30px;\n}\n<\/style>\n\t<\/div>\n\t\n<div class=\"row\"  id=\"row-2060110703\">\n\n\t<div id=\"col-954004252\" class=\"col medium-6 small-12 large-6\"  >\n\t\t\t\t<div class=\"col-inner\"  >\n\t\t\t\n\t\t\t\n<h3 style=\"font-weight: 800; color: #ff4250;\">\u00ab Gen\u00e8se Urbaine \u00bb<\/h3>\n<p><strong>Fu Le | France | 2023 | 18\u201900<\/strong><\/p>\n<p>Phuong est lib\u00e9r\u00e9e de prison et revient dans sa province natale. Elle retrouve Khang, son amour d\u2019enfance, mais ne reconna\u00eet plus son village. Les anciens sont partis, les usines ont ferm\u00e9, et Khang doit s\u2019en aller \u00e0 Saigon o\u00f9 il a trouv\u00e9 un nouveau travail. Ces 5 derni\u00e8res ann\u00e9es, toutes les briqueteries de la province du Dong Thap ont ferm\u00e9, et Saigon s\u2019est soudainement h\u00e9riss\u00e9e d\u2019innombrables gratte-ciels. Gen\u00e8se Urbaine interroge la place laiss\u00e9e \u00e0 l\u2019amour quand le temps passe plus vite que les nuages.<\/p>\n\t\t<\/div>\n\t\t\t\t\t<\/div>\n\n\t\n\n\t<div id=\"col-1849986604\" class=\"col medium-6 small-12 large-6\"  >\n\t\t\t\t<div class=\"col-inner\"  >\n\t\t\t\n\t\t\t\n<div class=\"video video-fit mb\" style=\"padding-top:56.25%;\"><p><iframe loading=\"lazy\" title=\"GENESE URBAINE\" src=\"https:\/\/player.vimeo.com\/video\/805712608?dnt=1&amp;app_id=122963\" width=\"1020\" height=\"574\" frameborder=\"0\" allow=\"autoplay; fullscreen; picture-in-picture; clipboard-write\"><\/iframe><\/p>\n<\/div>\n\t<div class=\"img has-hover x md-x lg-x y md-y lg-y\" id=\"image_1547008841\">\n\t\t\t\t\t\t\t\t<div class=\"img-inner dark\" >\n\t\t\t<img loading=\"lazy\" decoding=\"async\" width=\"964\" height=\"545\" src=\"https:\/\/www.cinedanse.ca\/wp-content\/uploads\/2024\/09\/genese_urbaine.jpg\" class=\"attachment-large size-large\" alt=\"\u00ab Gen\u00e8se Urbaine \u00bb\" srcset=\"https:\/\/www.cinedanse.ca\/wp-content\/uploads\/2024\/09\/genese_urbaine.jpg 964w, https:\/\/www.cinedanse.ca\/wp-content\/uploads\/2024\/09\/genese_urbaine-300x170.jpg 300w, https:\/\/www.cinedanse.ca\/wp-content\/uploads\/2024\/09\/genese_urbaine-768x434.jpg 768w\" sizes=\"auto, (max-width: 964px) 100vw, 964px\" \/>\t\t\t\t\t\t\n\t\t\t\t\t<\/div>\n\t\t\t\t\t\t\t\t\n<style>\n#image_1547008841 {\n  width: 100%;\n}\n<\/style>\n\t<\/div>\n\t\n\t\t<\/div>\n\t\t\t\t\t<\/div>\n\n\t\n<\/div>\n\t<div id=\"gap-572846088\" class=\"gap-element clearfix\" style=\"display:block; height:auto;\">\n\t\t\n<style>\n#gap-572846088 {\n  padding-top: 30px;\n}\n<\/style>\n\t<\/div>\n\t\n<div class=\"row\"  id=\"row-1694500091\">\n\n\t<div id=\"col-165768143\" class=\"col medium-6 small-12 large-6\"  >\n\t\t\t\t<div class=\"col-inner\"  >\n\t\t\t\n\t\t\t\n<h3 style=\"font-weight: 800; color: #ff4250;\">\u00ab Le poids du lieu \u00bb<\/h3>\n<p><strong>Caroline Hayeur et Sarah Bild | Qu\u00e9bec | 2024 | 7\u201929<\/strong><\/p>\n<p>Dans une ville d\u00e9saffect\u00e9e, au milieu d\u2019un champ ras\u00e9 par la moisson, sur des rails abandonn\u00e9s, voyage un personnage automnal transform\u00e9 par les lieux qu\u2019il habite. D\u2019abord lutin ludique qui d\u00e9ambule \u00e0 la fronti\u00e8re entre bitume et terrains vagues o\u00f9 l\u2019\u00e9pervier surveille, il change de forme \u00e0 la rencontre des espaces horizontaux agricoles pour devenir nomade. Comme pour les oiseaux migrateurs, le voyage s\u2019impose \u00e0 l\u2019exil\u00e9 pour mieux revenir \u00e0 soi. Cette errance m\u00e8ne finalement jusqu\u2019\u00e0 la for\u00eat. Devenue sorci\u00e8re, cette \u00e9trange figure retourne tranquillement au sable, \u00e0 la rivi\u00e8re, aux herbes et aux racines. Avec une sauvagerie calme, dans le bruissement des ailes des corbeaux, c\u2019est l\u2019absorption dans le sol, c\u2019est enfin l\u2019apaisement..<\/p>\n\t\t<\/div>\n\t\t\t\t\t<\/div>\n\n\t\n\n\t<div id=\"col-502452035\" class=\"col medium-6 small-12 large-6\"  >\n\t\t\t\t<div class=\"col-inner\"  >\n\t\t\t\n\t\t\t\n<div class=\"video video-fit mb\" style=\"padding-top:56.25%;\"><p><iframe loading=\"lazy\" title=\"Le Poids du lieu. Bande-annonce\" src=\"https:\/\/player.vimeo.com\/video\/907644292?dnt=1&amp;app_id=122963\" width=\"1020\" height=\"574\" frameborder=\"0\" allow=\"autoplay; fullscreen; picture-in-picture; clipboard-write\"><\/iframe><\/p>\n<\/div>\n\t<div class=\"img has-hover x md-x lg-x y md-y lg-y\" id=\"image_1693125920\">\n\t\t\t\t\t\t\t\t<div class=\"img-inner dark\" >\n\t\t\t<img loading=\"lazy\" decoding=\"async\" width=\"1020\" height=\"575\" src=\"https:\/\/www.cinedanse.ca\/wp-content\/uploads\/2024\/09\/le_poids_du_lieu-1024x577.jpg\" class=\"attachment-large size-large\" alt=\"\" srcset=\"https:\/\/www.cinedanse.ca\/wp-content\/uploads\/2024\/09\/le_poids_du_lieu-1024x577.jpg 1024w, https:\/\/www.cinedanse.ca\/wp-content\/uploads\/2024\/09\/le_poids_du_lieu-300x169.jpg 300w, https:\/\/www.cinedanse.ca\/wp-content\/uploads\/2024\/09\/le_poids_du_lieu-768x432.jpg 768w, https:\/\/www.cinedanse.ca\/wp-content\/uploads\/2024\/09\/le_poids_du_lieu.jpg 1046w\" sizes=\"auto, (max-width: 1020px) 100vw, 1020px\" \/>\t\t\t\t\t\t\n\t\t\t\t\t<\/div>\n\t\t\t\t\t\t\t\t\n<style>\n#image_1693125920 {\n  width: 100%;\n}\n<\/style>\n\t<\/div>\n\t\n\t\t<\/div>\n\t\t\t\t\t<\/div>\n\n\t\n<\/div>\n\t<div id=\"gap-1352122236\" class=\"gap-element clearfix\" style=\"display:block; height:auto;\">\n\t\t\n<style>\n#gap-1352122236 {\n  padding-top: 30px;\n}\n<\/style>\n\t<\/div>\n\t\n<div class=\"row\"  id=\"row-509182374\">\n\n\t<div id=\"col-598401516\" class=\"col medium-6 small-12 large-6\"  >\n\t\t\t\t<div class=\"col-inner\"  >\n\t\t\t\n\t\t\t\n<h3 style=\"font-weight: 800; color: #ff4250;\">\u00ab Poet \u00bb<\/h3>\n<p><strong>Mofei Wei et Yang Sun | Chine | 2024 | 4\u201946<\/strong><\/p>\n<p><strong>\u00ab Po\u00e8te \u00bb<\/strong> est un film de danse inspir\u00e9 par la vigueur, le courage, la lutte, la libert\u00e9 et l&#8217;amour de la po\u00e9sie de Yu Xiuhua. Vivant avec une paralysie c\u00e9r\u00e9brale dans un village rural conservateur du sud de la Chine o\u00f9 les pr\u00e9jug\u00e9s contre les femmes, le handicap et le divorce sont \u00e9lev\u00e9s, elle a r\u00e9ussi \u00e0 se lib\u00e9rer d&#8217;un mariage non d\u00e9sir\u00e9 et \u00e0 vivre sa vie d&#8217;\u00e9crivain avec ses po\u00e8mes et sa forte volont\u00e9 de vie et de libert\u00e9.<\/p>\n\t\t<\/div>\n\t\t\t\t\t<\/div>\n\n\t\n\n\t<div id=\"col-1349213981\" class=\"col medium-6 small-12 large-6\"  >\n\t\t\t\t<div class=\"col-inner\"  >\n\t\t\t\n\t\t\t\n<div class=\"video video-fit mb\" style=\"padding-top:56.25%;\"><p><iframe loading=\"lazy\" title=\"Poet (Trailer)\" width=\"1020\" height=\"574\" src=\"https:\/\/www.youtube.com\/embed\/4Jv6PhXzwEI?feature=oembed\" frameborder=\"0\" allow=\"accelerometer; autoplay; clipboard-write; encrypted-media; gyroscope; picture-in-picture; web-share\" referrerpolicy=\"strict-origin-when-cross-origin\" allowfullscreen><\/iframe><\/p>\n<\/div>\n\t<div class=\"img has-hover x md-x lg-x y md-y lg-y\" id=\"image_1667615931\">\n\t\t\t\t\t\t\t\t<div class=\"img-inner dark\" >\n\t\t\t<img loading=\"lazy\" decoding=\"async\" width=\"583\" height=\"1024\" src=\"https:\/\/www.cinedanse.ca\/wp-content\/uploads\/2024\/09\/poet-583x1024.jpg\" class=\"attachment-large size-large\" alt=\"Poet\" srcset=\"https:\/\/www.cinedanse.ca\/wp-content\/uploads\/2024\/09\/poet-583x1024.jpg 583w, https:\/\/www.cinedanse.ca\/wp-content\/uploads\/2024\/09\/poet-171x300.jpg 171w, https:\/\/www.cinedanse.ca\/wp-content\/uploads\/2024\/09\/poet-768x1349.jpg 768w, https:\/\/www.cinedanse.ca\/wp-content\/uploads\/2024\/09\/poet.jpg 783w\" sizes=\"auto, (max-width: 583px) 100vw, 583px\" \/>\t\t\t\t\t\t\n\t\t\t\t\t<\/div>\n\t\t\t\t\t\t\t\t\n<style>\n#image_1667615931 {\n  width: 64%;\n}\n<\/style>\n\t<\/div>\n\t\n\t\t<\/div>\n\t\t\t\t\t<\/div>\n\n\t\n<\/div>\n\t<div id=\"gap-1067928266\" class=\"gap-element clearfix\" style=\"display:block; height:auto;\">\n\t\t\n<style>\n#gap-1067928266 {\n  padding-top: 30px;\n}\n<\/style>\n\t<\/div>\n\t\n<div class=\"row\"  id=\"row-2008185130\">\n\n\t<div id=\"col-1069830781\" class=\"col medium-6 small-12 large-6\"  >\n\t\t\t\t<div class=\"col-inner\"  >\n\t\t\t\n\t\t\t\n<h3 style=\"font-weight: 800; color: #ff4250;\">\u00ab Woulda Coulda Shoulda \u00bb<\/h3>\n<p><strong>Maui Barzuna | Costa Rica | 2024 | 8\u201932<br \/>\n<\/strong><\/p>\n<p>R\u00e9alis\u00e9 et chor\u00e9graphi\u00e9 par Maui Barzuna, <strong>\u00ab Woulda Coulda Shoulda \u00bb<\/strong> est un court-m\u00e9trage de danse qui explore l&#8217;estime de soi \u00e0 travers la lutte pour \u00eatre \u00e0 la hauteur d&#8217;une image de soi id\u00e9alis\u00e9e. Ce cycle, aliment\u00e9 par le doute de soi et l&#8217;anxi\u00e9t\u00e9, conduit \u00e0 un travail acharn\u00e9 fr\u00e9n\u00e9tique et \u00e0 une gratification \u00e9ph\u00e9m\u00e8re, motiv\u00e9 par la peur d&#8217;\u00eatre d\u00e9masqu\u00e9. Le film se termine en mettant l&#8217;accent sur l&#8217;acceptation de toutes les parties de soi-m\u00eame, en les acceptant au lieu d&#8217;essayer de s&#8217;en d\u00e9barrasser, avec une compr\u00e9hension intrins\u00e8que des soi comme \u00e9tant de nombreux soi.<\/p>\n\t\t<\/div>\n\t\t\t\t\t<\/div>\n\n\t\n\n\t<div id=\"col-65364210\" class=\"col medium-6 small-12 large-6\"  >\n\t\t\t\t<div class=\"col-inner\"  >\n\t\t\t\n\t\t\t\n<div class=\"video video-fit mb\" style=\"padding-top:56.25%;\"><p><iframe loading=\"lazy\" title=\"Woulda Coulda Shoulda TRAILER\" src=\"https:\/\/player.vimeo.com\/video\/1001734275?dnt=1&amp;app_id=122963\" width=\"1020\" height=\"574\" frameborder=\"0\" allow=\"autoplay; fullscreen; picture-in-picture; clipboard-write\"><\/iframe><\/p>\n<\/div>\n\t<div class=\"img has-hover x md-x lg-x y md-y lg-y\" id=\"image_828060427\">\n\t\t\t\t\t\t\t\t<div class=\"img-inner dark\" >\n\t\t\t<img loading=\"lazy\" decoding=\"async\" width=\"763\" height=\"1024\" src=\"https:\/\/www.cinedanse.ca\/wp-content\/uploads\/2024\/09\/woulda-763x1024.jpg\" class=\"attachment-large size-large\" alt=\"\" srcset=\"https:\/\/www.cinedanse.ca\/wp-content\/uploads\/2024\/09\/woulda-763x1024.jpg 763w, https:\/\/www.cinedanse.ca\/wp-content\/uploads\/2024\/09\/woulda-223x300.jpg 223w, https:\/\/www.cinedanse.ca\/wp-content\/uploads\/2024\/09\/woulda-768x1031.jpg 768w, https:\/\/www.cinedanse.ca\/wp-content\/uploads\/2024\/09\/woulda.jpg 779w\" sizes=\"auto, (max-width: 763px) 100vw, 763px\" \/>\t\t\t\t\t\t\n\t\t\t\t\t<\/div>\n\t\t\t\t\t\t\t\t\n<style>\n#image_828060427 {\n  width: 75%;\n}\n<\/style>\n\t<\/div>\n\t\n\t\t<\/div>\n\t\t\t\t\t<\/div>\n\n\t\n<\/div>\n\t<div id=\"gap-86495449\" class=\"gap-element clearfix\" style=\"display:block; height:auto;\">\n\t\t\n<style>\n#gap-86495449 {\n  padding-top: 30px;\n}\n<\/style>\n\t<\/div>\n\t\n<div class=\"row\"  id=\"row-1022571476\">\n\n\t<div id=\"col-157259126\" class=\"col medium-6 small-12 large-6\"  >\n\t\t\t\t<div class=\"col-inner\"  >\n\t\t\t\n\t\t\t\n<h3 style=\"font-weight: 800; color: #ff4250;\">\u00ab Kingdom \u00bb<\/h3>\n<p><strong>Jagoda Turlik | Pologne | 2024 | 8\u201925<\/strong><\/p>\n<p>Pass\u00e9, Pr\u00e9sent, Futur -Trois ordres d\u00e9terminant l\u2019espace de la vie. Distants, mais l\u2019un sans l\u2019autre, ils ne constituent pas la v\u00e9rit\u00e9. Ils coexistent comme une somme, un flux d\u2019exp\u00e9riences. Le pass\u00e9 stocke des souvenirs, \u00e9voque des sentiments, mais cache aussi des d\u00e9mons. Il n\u2019y a pas d\u2019avenir, cela peut \u00eatre dangereux. Le pr\u00e9sent vous oblige \u00e0 d\u00e9cider dans quelle direction aller <strong>\u00ab ici et maintenant \u00bb<\/strong>. L\u2019avenir est enchant\u00e9 par le mouvement et la nature ; dans le ciel et vert. Vous d\u00e9cidez si votre <strong>\u00ab Royaume \u00bb<\/strong> est une immensit\u00e9 aride et gel\u00e9e dans laquelle vous n\u2019\u00eates qu\u2019apparemment la Reine\/Roi de votre destin \u00bb, restant dict\u00e9 par le pass\u00e9, ou si vous prenez votre destin en main et affrontez ce qui a \u00e9t\u00e9, acceptez la main offerte et ne regardez par derri\u00e8re vous. Partez vers le ciel et la verdure. La boussole est le c\u0153ur et l\u2019intuition. Le futur est l\u00e0. En vous.<\/p>\n\t\t<\/div>\n\t\t\t\t\t<\/div>\n\n\t\n\n\t<div id=\"col-1639516516\" class=\"col medium-6 small-12 large-6\"  >\n\t\t\t\t<div class=\"col-inner\"  >\n\t\t\t\n\t\t\t\n<div class=\"video video-fit mb\" style=\"padding-top:56.25%;\"><p><iframe loading=\"lazy\" title=\"Kingdom - trailer\" src=\"https:\/\/player.vimeo.com\/video\/941368900?h=8d9945397b&amp;dnt=1&amp;app_id=122963\" width=\"1020\" height=\"574\" frameborder=\"0\" allow=\"autoplay; fullscreen; picture-in-picture; clipboard-write\"><\/iframe><\/p>\n<\/div>\n\t<div class=\"img has-hover x md-x lg-x y md-y lg-y\" id=\"image_2093416407\">\n\t\t\t\t\t\t\t\t<div class=\"img-inner dark\" >\n\t\t\t<img loading=\"lazy\" decoding=\"async\" width=\"883\" height=\"500\" src=\"https:\/\/www.cinedanse.ca\/wp-content\/uploads\/2024\/09\/kingdom.jpg\" class=\"attachment-large size-large\" alt=\"\" srcset=\"https:\/\/www.cinedanse.ca\/wp-content\/uploads\/2024\/09\/kingdom.jpg 883w, https:\/\/www.cinedanse.ca\/wp-content\/uploads\/2024\/09\/kingdom-300x170.jpg 300w, https:\/\/www.cinedanse.ca\/wp-content\/uploads\/2024\/09\/kingdom-768x435.jpg 768w\" sizes=\"auto, (max-width: 883px) 100vw, 883px\" \/>\t\t\t\t\t\t\n\t\t\t\t\t<\/div>\n\t\t\t\t\t\t\t\t\n<style>\n#image_2093416407 {\n  width: 100%;\n}\n<\/style>\n\t<\/div>\n\t\n\t\t<\/div>\n\t\t\t\t\t<\/div>\n\n\t\n<\/div>\n\t<div id=\"gap-558970531\" class=\"gap-element clearfix\" style=\"display:block; height:auto;\">\n\t\t\n<style>\n#gap-558970531 {\n  padding-top: 30px;\n}\n<\/style>\n\t<\/div>\n\t\n<div class=\"row\"  id=\"row-932754265\">\n\n\t<div id=\"col-678981914\" class=\"col medium-6 small-12 large-6\"  >\n\t\t\t\t<div class=\"col-inner\"  >\n\t\t\t\n\t\t\t\n<h3 style=\"font-weight: 800; color: #ff4250;\">\u00ab Luce \u00bb<\/h3>\n<p><strong>Valeria Galluccio | Italie | 2024 | 7\u201939<\/strong><\/p>\n<p>Luce est une cr\u00e9ature extraterrestre myst\u00e9rieuse, mi-humain, mi-poisson. Apr\u00e8s \u00eatre tomb\u00e9e accidentellement \u00e0 c\u00f4t\u00e9 d\u2019un lac dans une r\u00e9gion bois\u00e9e en Am\u00e9rique du Nord et n\u2019ayant plus de contact avec son esp\u00e8ce, elle d\u00e9cide de documenter son exp\u00e9rience sur Terre \u00e0 l\u2019aide d\u2019une cam\u00e9ra vid\u00e9o.<\/p>\n\t\t<\/div>\n\t\t\t\t\t<\/div>\n\n\t\n\n\t<div id=\"col-882932663\" class=\"col medium-6 small-12 large-6\"  >\n\t\t\t\t<div class=\"col-inner\"  >\n\t\t\t\n\t\t\t\n<div class=\"video video-fit mb\" style=\"padding-top:56.25%;\"><p><iframe loading=\"lazy\" title=\"LUCE \/ Teaser\" src=\"https:\/\/player.vimeo.com\/video\/817987145?h=cdf5240858&amp;dnt=1&amp;app_id=122963\" width=\"1020\" height=\"574\" frameborder=\"0\" allow=\"autoplay; fullscreen; picture-in-picture; clipboard-write\"><\/iframe><\/p>\n<\/div>\n\t\t<\/div>\n\t\t\t\t\t<\/div>\n\n\t\n<\/div>\n","protected":false},"excerpt":{"rendered":"","protected":false},"author":1,"featured_media":20508,"parent":19537,"menu_order":5,"comment_status":"closed","ping_status":"closed","template":"","meta":{"_acf_changed":false,"footnotes":""},"class_list":["post-19547","page","type-page","status-publish","has-post-thumbnail","hentry"],"acf":[],"yoast_head":"<!-- This site is optimized with the Yoast SEO plugin v27.5 - https:\/\/yoast.com\/product\/yoast-seo-wordpress\/ -->\n<title>26 Septembre | Prix Lumi\u00e8re 2024<\/title>\n<meta name=\"description\" content=\"Prix Lumi\u00e8re 2024 : encore une fois, \u00e0 Sept-\u00celes, notre \u00e9v\u00e9nement nomade Cin\u00e9danse remettra le Prix Lumi\u00e8re \u00e0 un court-m\u00e9trage exceptionnel\" \/>\n<meta name=\"robots\" content=\"index, follow, max-snippet:-1, max-image-preview:large, max-video-preview:-1\" \/>\n<link rel=\"canonical\" href=\"https:\/\/www.cinedanse.ca\/en\/sept-iles-2024-rencontres-professionnelles\/26-septembre-prix-lumiere-2024\/\" \/>\n<meta property=\"og:locale\" content=\"en_US\" \/>\n<meta property=\"og:type\" content=\"article\" \/>\n<meta property=\"og:title\" content=\"26 Septembre | Prix Lumi\u00e8re 2024\" \/>\n<meta property=\"og:description\" content=\"Prix Lumi\u00e8re 2024 : encore une fois, \u00e0 Sept-\u00celes, notre \u00e9v\u00e9nement nomade Cin\u00e9danse remettra le Prix Lumi\u00e8re \u00e0 un court-m\u00e9trage exceptionnel\" \/>\n<meta property=\"og:url\" content=\"https:\/\/www.cinedanse.ca\/en\/sept-iles-2024-rencontres-professionnelles\/26-septembre-prix-lumiere-2024\/\" \/>\n<meta property=\"og:site_name\" content=\"Cin\u00e9danse\" \/>\n<meta property=\"article:publisher\" content=\"https:\/\/www.facebook.com\/cinedanse.ca\/\" \/>\n<meta property=\"article:modified_time\" content=\"2025-06-09T13:36:37+00:00\" \/>\n<meta property=\"og:image\" content=\"https:\/\/www.cinedanse.ca\/wp-content\/uploads\/2024\/09\/Metadonne_prix_lumieres_2024.jpg\" \/>\n\t<meta property=\"og:image:width\" content=\"1224\" \/>\n\t<meta property=\"og:image:height\" content=\"792\" \/>\n\t<meta property=\"og:image:type\" content=\"image\/jpeg\" \/>\n<meta name=\"twitter:card\" content=\"summary_large_image\" \/>\n<meta name=\"twitter:title\" content=\"26 Septembre | Prix Lumi\u00e8re 2024\" \/>\n<meta name=\"twitter:description\" content=\"Prix Lumi\u00e8re 2024 : encore une fois, \u00e0 Sept-\u00celes, notre \u00e9v\u00e9nement nomade Cin\u00e9danse remettra le Prix Lumi\u00e8re \u00e0 un court-m\u00e9trage exceptionnel\" \/>\n<meta name=\"twitter:image\" content=\"https:\/\/www.cinedanse.ca\/wp-content\/uploads\/2024\/09\/Metadonne_prix_lumieres_2024.jpg\" \/>\n<meta name=\"twitter:label1\" content=\"Est. reading time\" \/>\n\t<meta name=\"twitter:data1\" content=\"6 minutes\" \/>\n<script type=\"application\/ld+json\" class=\"yoast-schema-graph\">{\"@context\":\"https:\\\/\\\/schema.org\",\"@graph\":[{\"@type\":\"Article\",\"@id\":\"https:\\\/\\\/www.cinedanse.ca\\\/en\\\/sept-iles-2024-rencontres-professionnelles\\\/26-septembre-prix-lumiere-2024\\\/#article\",\"isPartOf\":{\"@id\":\"https:\\\/\\\/www.cinedanse.ca\\\/en\\\/sept-iles-2024-rencontres-professionnelles\\\/26-septembre-prix-lumiere-2024\\\/\"},\"author\":{\"name\":\"La caravane\",\"@id\":\"http:\\\/\\\/www.cinedanse.ca\\\/en\\\/#\\\/schema\\\/person\\\/79b8f2019e07bb50aca5282b0d205f82\"},\"headline\":\"26 Septembre | Prix Lumi\u00e8re 2024\",\"datePublished\":\"2024-09-03T15:05:44+00:00\",\"dateModified\":\"2025-06-09T13:36:37+00:00\",\"mainEntityOfPage\":{\"@id\":\"https:\\\/\\\/www.cinedanse.ca\\\/en\\\/sept-iles-2024-rencontres-professionnelles\\\/26-septembre-prix-lumiere-2024\\\/\"},\"wordCount\":1358,\"image\":{\"@id\":\"https:\\\/\\\/www.cinedanse.ca\\\/en\\\/sept-iles-2024-rencontres-professionnelles\\\/26-septembre-prix-lumiere-2024\\\/#primaryimage\"},\"thumbnailUrl\":\"https:\\\/\\\/www.cinedanse.ca\\\/wp-content\\\/uploads\\\/2024\\\/09\\\/Metadonne_prix_lumieres_2024.jpg\",\"inLanguage\":\"en-US\"},{\"@type\":\"WebPage\",\"@id\":\"https:\\\/\\\/www.cinedanse.ca\\\/en\\\/sept-iles-2024-rencontres-professionnelles\\\/26-septembre-prix-lumiere-2024\\\/\",\"url\":\"https:\\\/\\\/www.cinedanse.ca\\\/en\\\/sept-iles-2024-rencontres-professionnelles\\\/26-septembre-prix-lumiere-2024\\\/\",\"name\":\"26 Septembre | Prix Lumi\u00e8re 2024\",\"isPartOf\":{\"@id\":\"http:\\\/\\\/www.cinedanse.ca\\\/en\\\/#website\"},\"primaryImageOfPage\":{\"@id\":\"https:\\\/\\\/www.cinedanse.ca\\\/en\\\/sept-iles-2024-rencontres-professionnelles\\\/26-septembre-prix-lumiere-2024\\\/#primaryimage\"},\"image\":{\"@id\":\"https:\\\/\\\/www.cinedanse.ca\\\/en\\\/sept-iles-2024-rencontres-professionnelles\\\/26-septembre-prix-lumiere-2024\\\/#primaryimage\"},\"thumbnailUrl\":\"https:\\\/\\\/www.cinedanse.ca\\\/wp-content\\\/uploads\\\/2024\\\/09\\\/Metadonne_prix_lumieres_2024.jpg\",\"datePublished\":\"2024-09-03T15:05:44+00:00\",\"dateModified\":\"2025-06-09T13:36:37+00:00\",\"description\":\"Prix Lumi\u00e8re 2024 : encore une fois, \u00e0 Sept-\u00celes, notre \u00e9v\u00e9nement nomade Cin\u00e9danse remettra le Prix Lumi\u00e8re \u00e0 un court-m\u00e9trage exceptionnel\",\"breadcrumb\":{\"@id\":\"https:\\\/\\\/www.cinedanse.ca\\\/en\\\/sept-iles-2024-rencontres-professionnelles\\\/26-septembre-prix-lumiere-2024\\\/#breadcrumb\"},\"inLanguage\":\"en-US\",\"potentialAction\":[{\"@type\":\"ReadAction\",\"target\":[\"https:\\\/\\\/www.cinedanse.ca\\\/en\\\/sept-iles-2024-rencontres-professionnelles\\\/26-septembre-prix-lumiere-2024\\\/\"]}]},{\"@type\":\"ImageObject\",\"inLanguage\":\"en-US\",\"@id\":\"https:\\\/\\\/www.cinedanse.ca\\\/en\\\/sept-iles-2024-rencontres-professionnelles\\\/26-septembre-prix-lumiere-2024\\\/#primaryimage\",\"url\":\"https:\\\/\\\/www.cinedanse.ca\\\/wp-content\\\/uploads\\\/2024\\\/09\\\/Metadonne_prix_lumieres_2024.jpg\",\"contentUrl\":\"https:\\\/\\\/www.cinedanse.ca\\\/wp-content\\\/uploads\\\/2024\\\/09\\\/Metadonne_prix_lumieres_2024.jpg\",\"width\":1224,\"height\":792},{\"@type\":\"BreadcrumbList\",\"@id\":\"https:\\\/\\\/www.cinedanse.ca\\\/en\\\/sept-iles-2024-rencontres-professionnelles\\\/26-septembre-prix-lumiere-2024\\\/#breadcrumb\",\"itemListElement\":[{\"@type\":\"ListItem\",\"position\":1,\"name\":\"Accueil\",\"item\":\"http:\\\/\\\/www.cinedanse.ca\\\/en\\\/\"},{\"@type\":\"ListItem\",\"position\":2,\"name\":\"Sept-\u00celes 2024 &#8211; Rencontres professionnelles\",\"item\":\"https:\\\/\\\/www.cinedanse.ca\\\/en\\\/sept-iles-2024-rencontres-professionnelles\\\/\"},{\"@type\":\"ListItem\",\"position\":3,\"name\":\"26 Septembre | Prix Lumi\u00e8re 2024\"}]},{\"@type\":\"WebSite\",\"@id\":\"http:\\\/\\\/www.cinedanse.ca\\\/en\\\/#website\",\"url\":\"http:\\\/\\\/www.cinedanse.ca\\\/en\\\/\",\"name\":\"Cin\u00e9danse\",\"description\":\"Because our world truly needs to dance!\",\"alternateName\":\"Cin\u00e9danse\",\"potentialAction\":[{\"@type\":\"SearchAction\",\"target\":{\"@type\":\"EntryPoint\",\"urlTemplate\":\"http:\\\/\\\/www.cinedanse.ca\\\/en\\\/?s={search_term_string}\"},\"query-input\":{\"@type\":\"PropertyValueSpecification\",\"valueRequired\":true,\"valueName\":\"search_term_string\"}}],\"inLanguage\":\"en-US\"},{\"@type\":\"Person\",\"@id\":\"http:\\\/\\\/www.cinedanse.ca\\\/en\\\/#\\\/schema\\\/person\\\/79b8f2019e07bb50aca5282b0d205f82\",\"name\":\"La caravane\",\"image\":{\"@type\":\"ImageObject\",\"inLanguage\":\"en-US\",\"@id\":\"https:\\\/\\\/secure.gravatar.com\\\/avatar\\\/db01b9248bc010eb09c34490e55d55b0ee23172ba8caad40e7e4316bac28c164?s=96&d=mm&r=g\",\"url\":\"https:\\\/\\\/secure.gravatar.com\\\/avatar\\\/db01b9248bc010eb09c34490e55d55b0ee23172ba8caad40e7e4316bac28c164?s=96&d=mm&r=g\",\"contentUrl\":\"https:\\\/\\\/secure.gravatar.com\\\/avatar\\\/db01b9248bc010eb09c34490e55d55b0ee23172ba8caad40e7e4316bac28c164?s=96&d=mm&r=g\",\"caption\":\"La caravane\"}}]}<\/script>\n<!-- \/ Yoast SEO plugin. -->","yoast_head_json":{"title":"26 Septembre | Prix Lumi\u00e8re 2024","description":"Prix Lumi\u00e8re 2024 : encore une fois, \u00e0 Sept-\u00celes, notre \u00e9v\u00e9nement nomade Cin\u00e9danse remettra le Prix Lumi\u00e8re \u00e0 un court-m\u00e9trage exceptionnel","robots":{"index":"index","follow":"follow","max-snippet":"max-snippet:-1","max-image-preview":"max-image-preview:large","max-video-preview":"max-video-preview:-1"},"canonical":"https:\/\/www.cinedanse.ca\/en\/sept-iles-2024-rencontres-professionnelles\/26-septembre-prix-lumiere-2024\/","og_locale":"en_US","og_type":"article","og_title":"26 Septembre | Prix Lumi\u00e8re 2024","og_description":"Prix Lumi\u00e8re 2024 : encore une fois, \u00e0 Sept-\u00celes, notre \u00e9v\u00e9nement nomade Cin\u00e9danse remettra le Prix Lumi\u00e8re \u00e0 un court-m\u00e9trage exceptionnel","og_url":"https:\/\/www.cinedanse.ca\/en\/sept-iles-2024-rencontres-professionnelles\/26-septembre-prix-lumiere-2024\/","og_site_name":"Cin\u00e9danse","article_publisher":"https:\/\/www.facebook.com\/cinedanse.ca\/","article_modified_time":"2025-06-09T13:36:37+00:00","og_image":[{"width":1224,"height":792,"url":"https:\/\/www.cinedanse.ca\/wp-content\/uploads\/2024\/09\/Metadonne_prix_lumieres_2024.jpg","type":"image\/jpeg"}],"twitter_card":"summary_large_image","twitter_title":"26 Septembre | Prix Lumi\u00e8re 2024","twitter_description":"Prix Lumi\u00e8re 2024 : encore une fois, \u00e0 Sept-\u00celes, notre \u00e9v\u00e9nement nomade Cin\u00e9danse remettra le Prix Lumi\u00e8re \u00e0 un court-m\u00e9trage exceptionnel","twitter_image":"https:\/\/www.cinedanse.ca\/wp-content\/uploads\/2024\/09\/Metadonne_prix_lumieres_2024.jpg","twitter_misc":{"Est. reading time":"6 minutes"},"schema":{"@context":"https:\/\/schema.org","@graph":[{"@type":"Article","@id":"https:\/\/www.cinedanse.ca\/en\/sept-iles-2024-rencontres-professionnelles\/26-septembre-prix-lumiere-2024\/#article","isPartOf":{"@id":"https:\/\/www.cinedanse.ca\/en\/sept-iles-2024-rencontres-professionnelles\/26-septembre-prix-lumiere-2024\/"},"author":{"name":"La caravane","@id":"http:\/\/www.cinedanse.ca\/en\/#\/schema\/person\/79b8f2019e07bb50aca5282b0d205f82"},"headline":"26 Septembre | Prix Lumi\u00e8re 2024","datePublished":"2024-09-03T15:05:44+00:00","dateModified":"2025-06-09T13:36:37+00:00","mainEntityOfPage":{"@id":"https:\/\/www.cinedanse.ca\/en\/sept-iles-2024-rencontres-professionnelles\/26-septembre-prix-lumiere-2024\/"},"wordCount":1358,"image":{"@id":"https:\/\/www.cinedanse.ca\/en\/sept-iles-2024-rencontres-professionnelles\/26-septembre-prix-lumiere-2024\/#primaryimage"},"thumbnailUrl":"https:\/\/www.cinedanse.ca\/wp-content\/uploads\/2024\/09\/Metadonne_prix_lumieres_2024.jpg","inLanguage":"en-US"},{"@type":"WebPage","@id":"https:\/\/www.cinedanse.ca\/en\/sept-iles-2024-rencontres-professionnelles\/26-septembre-prix-lumiere-2024\/","url":"https:\/\/www.cinedanse.ca\/en\/sept-iles-2024-rencontres-professionnelles\/26-septembre-prix-lumiere-2024\/","name":"26 Septembre | Prix Lumi\u00e8re 2024","isPartOf":{"@id":"http:\/\/www.cinedanse.ca\/en\/#website"},"primaryImageOfPage":{"@id":"https:\/\/www.cinedanse.ca\/en\/sept-iles-2024-rencontres-professionnelles\/26-septembre-prix-lumiere-2024\/#primaryimage"},"image":{"@id":"https:\/\/www.cinedanse.ca\/en\/sept-iles-2024-rencontres-professionnelles\/26-septembre-prix-lumiere-2024\/#primaryimage"},"thumbnailUrl":"https:\/\/www.cinedanse.ca\/wp-content\/uploads\/2024\/09\/Metadonne_prix_lumieres_2024.jpg","datePublished":"2024-09-03T15:05:44+00:00","dateModified":"2025-06-09T13:36:37+00:00","description":"Prix Lumi\u00e8re 2024 : encore une fois, \u00e0 Sept-\u00celes, notre \u00e9v\u00e9nement nomade Cin\u00e9danse remettra le Prix Lumi\u00e8re \u00e0 un court-m\u00e9trage exceptionnel","breadcrumb":{"@id":"https:\/\/www.cinedanse.ca\/en\/sept-iles-2024-rencontres-professionnelles\/26-septembre-prix-lumiere-2024\/#breadcrumb"},"inLanguage":"en-US","potentialAction":[{"@type":"ReadAction","target":["https:\/\/www.cinedanse.ca\/en\/sept-iles-2024-rencontres-professionnelles\/26-septembre-prix-lumiere-2024\/"]}]},{"@type":"ImageObject","inLanguage":"en-US","@id":"https:\/\/www.cinedanse.ca\/en\/sept-iles-2024-rencontres-professionnelles\/26-septembre-prix-lumiere-2024\/#primaryimage","url":"https:\/\/www.cinedanse.ca\/wp-content\/uploads\/2024\/09\/Metadonne_prix_lumieres_2024.jpg","contentUrl":"https:\/\/www.cinedanse.ca\/wp-content\/uploads\/2024\/09\/Metadonne_prix_lumieres_2024.jpg","width":1224,"height":792},{"@type":"BreadcrumbList","@id":"https:\/\/www.cinedanse.ca\/en\/sept-iles-2024-rencontres-professionnelles\/26-septembre-prix-lumiere-2024\/#breadcrumb","itemListElement":[{"@type":"ListItem","position":1,"name":"Accueil","item":"http:\/\/www.cinedanse.ca\/en\/"},{"@type":"ListItem","position":2,"name":"Sept-\u00celes 2024 &#8211; Rencontres professionnelles","item":"https:\/\/www.cinedanse.ca\/en\/sept-iles-2024-rencontres-professionnelles\/"},{"@type":"ListItem","position":3,"name":"26 Septembre | Prix Lumi\u00e8re 2024"}]},{"@type":"WebSite","@id":"http:\/\/www.cinedanse.ca\/en\/#website","url":"http:\/\/www.cinedanse.ca\/en\/","name":"Cin\u00e9danse","description":"Because our world truly needs to dance!","alternateName":"Cin\u00e9danse","potentialAction":[{"@type":"SearchAction","target":{"@type":"EntryPoint","urlTemplate":"http:\/\/www.cinedanse.ca\/en\/?s={search_term_string}"},"query-input":{"@type":"PropertyValueSpecification","valueRequired":true,"valueName":"search_term_string"}}],"inLanguage":"en-US"},{"@type":"Person","@id":"http:\/\/www.cinedanse.ca\/en\/#\/schema\/person\/79b8f2019e07bb50aca5282b0d205f82","name":"La caravane","image":{"@type":"ImageObject","inLanguage":"en-US","@id":"https:\/\/secure.gravatar.com\/avatar\/db01b9248bc010eb09c34490e55d55b0ee23172ba8caad40e7e4316bac28c164?s=96&d=mm&r=g","url":"https:\/\/secure.gravatar.com\/avatar\/db01b9248bc010eb09c34490e55d55b0ee23172ba8caad40e7e4316bac28c164?s=96&d=mm&r=g","contentUrl":"https:\/\/secure.gravatar.com\/avatar\/db01b9248bc010eb09c34490e55d55b0ee23172ba8caad40e7e4316bac28c164?s=96&d=mm&r=g","caption":"La caravane"}}]}},"_links":{"self":[{"href":"https:\/\/www.cinedanse.ca\/en\/wp-json\/wp\/v2\/pages\/19547","targetHints":{"allow":["GET"]}}],"collection":[{"href":"https:\/\/www.cinedanse.ca\/en\/wp-json\/wp\/v2\/pages"}],"about":[{"href":"https:\/\/www.cinedanse.ca\/en\/wp-json\/wp\/v2\/types\/page"}],"author":[{"embeddable":true,"href":"https:\/\/www.cinedanse.ca\/en\/wp-json\/wp\/v2\/users\/1"}],"replies":[{"embeddable":true,"href":"https:\/\/www.cinedanse.ca\/en\/wp-json\/wp\/v2\/comments?post=19547"}],"version-history":[{"count":0,"href":"https:\/\/www.cinedanse.ca\/en\/wp-json\/wp\/v2\/pages\/19547\/revisions"}],"up":[{"embeddable":true,"href":"https:\/\/www.cinedanse.ca\/en\/wp-json\/wp\/v2\/pages\/19537"}],"wp:featuredmedia":[{"embeddable":true,"href":"https:\/\/www.cinedanse.ca\/en\/wp-json\/wp\/v2\/media\/20508"}],"wp:attachment":[{"href":"https:\/\/www.cinedanse.ca\/en\/wp-json\/wp\/v2\/media?parent=19547"}],"curies":[{"name":"wp","href":"https:\/\/api.w.org\/{rel}","templated":true}]}}