{"id":11795,"date":"2023-05-19T10:52:49","date_gmt":"2023-05-19T14:52:49","guid":{"rendered":"https:\/\/www.cinedanse.ca\/?page_id=11795"},"modified":"2023-11-14T15:26:38","modified_gmt":"2023-11-14T20:26:38","slug":"29-juin-2023-journee-guerir-les-blessures","status":"publish","type":"page","link":"https:\/\/www.cinedanse.ca\/en\/cinedanse-edition-2023-caraquet\/29-juin-2023-journee-guerir-les-blessures\/","title":{"rendered":"29 juin 2023 | Journ\u00e9e \u00ab Gu\u00e9rir les blessures \u00bb"},"content":{"rendered":"\t<div id=\"gap-570212484\" class=\"gap-element clearfix\" style=\"display:block; height:auto;\">\n\t\t\n<style>\n#gap-570212484 {\n  padding-top: 30px;\n}\n<\/style>\n\t<\/div>\n\t\n<a href=\"#guerir\" class=\"button secondary lowercase\" >\n\t\t<span>Journ\u00e9e \u00ab Gu\u00e9rir les blessures \u00bb<\/span>\n\t<\/a>\n\n<a href=\"#apparitiondufaune\" class=\"button secondary lowercase\" >\n\t\t<span>\u00ab L\u2019apparition du faune \/ Enter the Faun \u00bb<\/span>\n\t<\/a>\n\n<a href=\"#expoprojectionsoui29\" class=\"button secondary lowercase\" >\n\t\t<span>Expo-projections \u00ab OUI! \u00bb<\/span>\n\t<\/a>\n\n<a href=\"#programmemiroir\" class=\"button secondary lowercase\" >\n\t\t<span>SPECTACLE Programme Miroir<\/span>\n\t<\/a>\n\n<a href=\"#souslesetoiles\" class=\"button secondary lowercase\" >\n\t\t<span>Projection \u00ab Cin\u00e9danse sous les \u00e9toiles \u00bb<\/span>\n\t<\/a>\n\n\t<div id=\"gap-1685120376\" class=\"gap-element clearfix\" style=\"display:block; height:auto;\">\n\t\t\n<style>\n#gap-1685120376 {\n  padding-top: 30px;\n}\n<\/style>\n\t<\/div>\n\t\n\n<p><a name=\"guerir\"><\/a><br \/>\n\n<div class=\"row\"  id=\"row-562260387\">\n\n\t<div id=\"col-1524247487\" class=\"col small-12 large-12\"  >\n\t\t\t\t<div class=\"col-inner\"  >\n\t\t\t\n\t\t\t\n\t<div id=\"text-2151680249\" class=\"text titresEvenements\">\n\t\t\n<h2>Journ\u00e9e \u00ab Gu\u00e9rir les blessures \u00bb<\/h2>\n\t\t\t<\/div>\n\t\n\t\t<\/div>\n\t\t\t\t\t<\/div>\n\n\t\n\n<style>\n#row-562260387 > .col > .col-inner {\n  padding: 1em 1em 0.05em 1em;\n  background-color: #1a1a1a;\n}\n@media (min-width:550px) {\n  #row-562260387 > .col > .col-inner {\n    padding: 1em 1em 0.05em 1em;\n  }\n}\n<\/style>\n<\/div>\n\t<div id=\"gap-10489911\" class=\"gap-element clearfix\" style=\"display:block; height:auto;\">\n\t\t\n<style>\n#gap-10489911 {\n  padding-top: 15px;\n}\n<\/style>\n\t<\/div>\n\t\n\t<div class=\"img has-hover x md-x lg-x y md-y lg-y\" id=\"image_344039766\">\n\t\t\t\t\t\t\t\t<div class=\"img-inner dark\" style=\"margin:0px 0px 0px 0px;\">\n\t\t\t<img loading=\"lazy\" decoding=\"async\" width=\"1020\" height=\"681\" src=\"https:\/\/www.cinedanse.ca\/wp-content\/uploads\/2023\/05\/MailChimp_blessure-1024x684.jpg\" class=\"attachment-large size-large\" alt=\"\" srcset=\"https:\/\/www.cinedanse.ca\/wp-content\/uploads\/2023\/05\/MailChimp_blessure-1024x684.jpg 1024w, https:\/\/www.cinedanse.ca\/wp-content\/uploads\/2023\/05\/MailChimp_blessure-300x200.jpg 300w, https:\/\/www.cinedanse.ca\/wp-content\/uploads\/2023\/05\/MailChimp_blessure-768x513.jpg 768w, https:\/\/www.cinedanse.ca\/wp-content\/uploads\/2023\/05\/MailChimp_blessure.jpg 1440w\" sizes=\"auto, (max-width: 1020px) 100vw, 1020px\" \/>\t\t\t\t\t\t\n\t\t\t\t\t<\/div>\n\t\t\t\t\t\t\t\t\n<style>\n#image_344039766 {\n  width: 100%;\n}\n<\/style>\n\t<\/div>\n\t\n\t<div id=\"text-4120740943\" class=\"text adresseEvenements\">\n\t\t\n<h4>Cin\u00e9ma du Centre<\/h4>\n<p>220 Boulevard Saint-Pierre O, Caraquet, NB E1W 1A5, Canada<\/p>\n<p>Bienvenue \u00e0 tous de 9h00 \u00e0 16h30 | Gratuit | Table ronde, conf\u00e9rence<\/p>\n\t\t\t<\/div>\n\t\n<div class=\"row\"  id=\"row-1342552636\">\n\n\t<div id=\"col-1344573646\" class=\"col small-12 large-12\"  >\n\t\t\t\t<div class=\"col-inner\"  >\n\t\t\t\n\t\t\t\n\t<div id=\"gap-322698286\" class=\"gap-element clearfix\" style=\"display:block; height:auto;\">\n\t\t\n<style>\n#gap-322698286 {\n  padding-top: 15px;\n}\n<\/style>\n\t<\/div>\n\t\n<p><img loading=\"lazy\" decoding=\"async\" class=\"alignleft size-full wp-image-12800\" src=\"https:\/\/www.cinedanse.ca\/wp-content\/uploads\/2023\/06\/logo_cinema_du_centre-1.jpg\" alt=\"Cin\u00e9ma du Centre\" width=\"155\" height=\"83\" \/><img loading=\"lazy\" decoding=\"async\" class=\"alignleft size-full wp-image-12820\" src=\"https:\/\/www.cinedanse.ca\/wp-content\/uploads\/2023\/06\/logo_canada-1.jpg\" alt=\"Gouvernement du Canada\" width=\"151\" height=\"83\" \/><img loading=\"lazy\" decoding=\"async\" class=\"alignleft size-full wp-image-12806\" src=\"https:\/\/www.cinedanse.ca\/wp-content\/uploads\/2023\/06\/logo_quebec-1.jpg\" alt=\"Gouvernement du Qu\u00e9bec\" width=\"205\" height=\"83\" \/><img loading=\"lazy\" decoding=\"async\" class=\"alignleft size-full wp-image-12818\" src=\"https:\/\/www.cinedanse.ca\/wp-content\/uploads\/2023\/06\/logo_association_acadienne_30ans-1.jpg\" alt=\"Association acadienne des artistes professionnels.le.s du Nouveau-Brunswick 30 ans\" width=\"222\" height=\"83\" \/><img loading=\"lazy\" decoding=\"async\" class=\"alignleft size-full wp-image-12824\" src=\"https:\/\/www.cinedanse.ca\/wp-content\/uploads\/2023\/06\/logo_centre_de_benevolat-1.jpg\" alt=\"Centre de B\u00e9n\u00e9volat de la P\u00e9ninsule Acadienne inc.\" width=\"120\" height=\"83\" \/><\/p>\n\t\t<\/div>\n\t\t\t\t\t<\/div>\n\n\t\n<\/div>\n\t<div id=\"gap-272634445\" class=\"gap-element clearfix\" style=\"display:block; height:auto;\">\n\t\t\n<style>\n#gap-272634445 {\n  padding-top: 15px;\n}\n<\/style>\n\t<\/div>\n\t\n\t<div id=\"gap-932093940\" class=\"gap-element clearfix\" style=\"display:block; height:auto;\">\n\t\t\n<style>\n#gap-932093940 {\n  padding-top: 15px;\n}\n<\/style>\n\t<\/div>\n\t\n<div class=\"row\"  id=\"row-364740454\">\n\n\t<div id=\"col-2035878958\" class=\"col medium-6 small-12 large-6\"  >\n\t\t\t\t<div class=\"col-inner\"  >\n\t\t\t\n\t\t\t\n<p>La journ\u00e9e &#8220;<strong>Gu\u00e9rir les blessures<\/strong>&#8221;\u00a0est inspir\u00e9e du titre du film de la jeune artiste Anishinaabe Darian Smith (Kitigan Zibi). Apr\u00e8s la percutante premi\u00e8re \u00e9dition organis\u00e9e \u00e0 l&#8217;occasion de l&#8217;\u00e9v\u00e9nement Cin\u00e9danse Ottawa 2019 et ensuite \u00e0 Rouyn-Noranda en 2022, c&#8217;est \u00e0 Caraquet que se tiendra la 3e \u00e9dition de la journ\u00e9e &#8220;<strong>Gu\u00e9rir les blessures &#8211; nouvelles perspectives en danse et sur la sant\u00e9<\/strong>.&#8221;<\/p>\n\n<a class=\"button white button-calendar\" href=\"data:text\/calendar;charset=utf-8,BEGIN%3AVCALENDAR%0D%0AVERSION%3A2.0%0D%0APRODID%3A-%2F%2FCinedanse%2F%2FNONSGML%20Calendar%2F%2FEN%0D%0ABEGIN%3AVEVENT%0D%0AUID%3A69f7184a695ef%0D%0ADTSTART%3BTZID%3DAmerica%2FHalifax%3A20230629T090000%0D%0ADTEND%3BTZID%3DAmerica%2FHalifax%3A20230629T163000%0D%0ASUMMARY%3AJourn%C3%A9e%20%C2%AB%20Gu%C3%A9rir%20les%20blessures%20%C2%BB%0D%0ADESCRIPTION%3AS%C3%A9rie%20de%20films%2C%20de%20panels%20et%20d%E2%80%99%C3%A9changes%20portant%20sur%20l%E2%80%99intersection%20entre%20la%20danse%2C%20la%20sant%C3%A9%20et%20le%20bien-%C3%AAtre%20%C3%A0%20travers%20de%20nouvelles%20perspectives.%0D%0ALOCATION%3ACin%C3%A9ma%20du%20Centre%2C%20220%20Boulevard%20Saint-Pierre%20O%2C%20Caraquet%2C%20NB%20E1W%201A5%0D%0AEND%3AVEVENT%0D%0AEND%3AVCALENDAR%0D%0A\" download=\"journee-guerir-les-blessures.ics\"><span class=\"calendar-icon\" style=\"color: #ff4251 !important;\"><svg class=\"calendar-icon\" xmlns=\"http:\/\/www.w3.org\/2000\/svg\" viewBox=\"0 0 24 24\" fill=\"none\" stroke=\"currentColor\" stroke-width=\"1\" stroke-linecap=\"round\" stroke-linejoin=\"round\">\n    <line x1=\"3\" y1=\"8\" x2=\"21\" y2=\"8\"\/>\n  <rect x=\"3\" y=\"4\" width=\"18\" height=\"18\" rx=\"2\" ry=\"2\" \/>\n  <text x=\"13\" y=\"18\" font-size=\"10\" text-anchor=\"middle\">29<\/text>\n<\/svg><\/span> Ajouter \u00e0 mon calendrier<\/a>\n\n\t\t<\/div>\n\t\t\t\t\t<\/div>\n\n\t\n\n\t<div id=\"col-322918185\" class=\"col medium-6 small-12 large-6\"  >\n\t\t\t\t<div class=\"col-inner\"  >\n\t\t\t\n\t\t\t\n<p>Cette journ\u00e9e abordera la danse comme outil de gu\u00e9rison et d&#8217;\u00e9mancipation. Nous mettrons en lumi\u00e8re des pratiques de la danse qui red\u00e9finissent nos rapports \u00e0 la vieillesse, \u00e0 la maladie, \u00e0 la sant\u00e9 mentale, aupr\u00e8s des personnes avec des troubles de motricit\u00e9 comme la paralysie c\u00e9r\u00e9brale, aupr\u00e8s des personnes victimes d&#8217;abus et en milieu carc\u00e9ral. Au cours de la journ\u00e9e, nous offrirons des ateliers, des projections, des \u00e9changes et des panels de discussions avec des conf\u00e9renciers-invit\u00e9s issus de communaut\u00e9s autochtones, de l&#8217;Acadie, de Qu\u00e9bec et l&#8217;\u00e9tranger.<\/p>\n\t\t<\/div>\n\t\t\t\t\t<\/div>\n\n\t\n<\/div>\n\t<div id=\"gap-1752906556\" class=\"gap-element clearfix\" style=\"display:block; height:auto;\">\n\t\t\n<style>\n#gap-1752906556 {\n  padding-top: 15px;\n}\n<\/style>\n\t<\/div>\n\t\n\t<div id=\"gap-1942237415\" class=\"gap-element clearfix\" style=\"display:block; height:auto;\">\n\t\t\n<style>\n#gap-1942237415 {\n  padding-top: 30px;\n}\n<\/style>\n\t<\/div>\n\t\n\t<div id=\"text-513435372\" class=\"text caraquetTitres\">\n\t\t\n<h2 style=\"color: #ff4250!important;\">Films pr\u00e9sent\u00e9s<\/h2>\n\t\t\t<\/div>\n\t\n\t<div id=\"gap-1995218314\" class=\"gap-element clearfix\" style=\"display:block; height:auto;\">\n\t\t\n<style>\n#gap-1995218314 {\n  padding-top: 15px;\n}\n<\/style>\n\t<\/div>\n\t\n<h3><span style=\"font-weight: 900;\">\u00ab Respirations \/ Histoires Digitales \u00bb (Extraits)\u00a0<\/span><\/h3>\n\t<div id=\"gap-1438746311\" class=\"gap-element clearfix\" style=\"display:block; height:auto;\">\n\t\t\n<style>\n#gap-1438746311 {\n  padding-top: 15px;\n}\n<\/style>\n\t<\/div>\n\t\n<h4><strong>Une s\u00e9rie de Ludivine Large-Bessette<\/strong><\/h4>\n<div class=\"row\"  id=\"row-973919657\">\n\n\t<div id=\"col-35728633\" class=\"col medium-6 small-12 large-6\"  >\n\t\t\t\t<div class=\"col-inner\"  >\n\t\t\t\n\t\t\t\n<p><strong>Respirations \/ Histoires Digitales\u00a0<\/strong>constitue le dernier opus de la recherche men\u00e9e depuis plus de dix ans par la chor\u00e9graphe Claire Jenny et Sylvie Frigon, professeur en criminologie \u00e0 l&#8217;Universit\u00e9 d&#8217;Ottawa qui a recueilli les paroles des participants, sur l&#8217;impact de la cr\u00e9ation chor\u00e9graphique en milieu carc\u00e9ral, \u00e0 la lisi\u00e8re de la science et de l&#8217;art.<\/p>\n\t\t<\/div>\n\t\t\t\t\t<\/div>\n\n\t\n\n\t<div id=\"col-1101632952\" class=\"col medium-6 small-12 large-6\"  >\n\t\t\t\t<div class=\"col-inner\"  >\n\t\t\t\n\t\t\t\n<p><strong>R\u00e9alisation :<\/strong> Ludivine Large-Bessette | <strong>Chor\u00e9graphe :<\/strong> Claire Jenny | France | 2019 \u00e0 2022 | 48\u2019<\/p>\n\t\t<\/div>\n\t\t\t\t\t<\/div>\n\n\t\n<\/div>\n\t<div id=\"gap-552581392\" class=\"gap-element clearfix\" style=\"display:block; height:auto;\">\n\t\t\n<style>\n#gap-552581392 {\n  padding-top: 30px;\n}\n<\/style>\n\t<\/div>\n\t\n<h3><span style=\"font-weight: 900;\">\u00ab \u00c0 l&#8217;int\u00e9rieur \u00bb<\/span><\/h3>\n\t<div id=\"gap-722247196\" class=\"gap-element clearfix\" style=\"display:block; height:auto;\">\n\t\t\n<style>\n#gap-722247196 {\n  padding-top: 15px;\n}\n<\/style>\n\t<\/div>\n\t\n<h4><strong>Un film de Claire Juge (France) avec Ariane Boulet (Montr\u00e9al)<\/strong><\/h4>\n<div class=\"row\"  id=\"row-1794778377\">\n\n\t<div id=\"col-589475544\" class=\"col medium-6 small-12 large-6\"  >\n\t\t\t\t<div class=\"col-inner\"  >\n\t\t\t\n\t\t\t\n<p>Sandrine, Jacques, Elsa et Dina se retrouvent tous les lundis apr\u00e8s-midi dans un studio de danse de Lyon. Emport\u00e9.e.s par la chor\u00e9graphe Ariane, ils\/elles apprennent \u00e0 se mouvoir, \u00e0 sentir leur corps, \u00e0 se toucher. Tous et toutes amateur.rice.s, leur corps portent les marques de leur v\u00e9cu pas toujours simple. Ils sont soignants et patients de l&#8217;h\u00f4pital psychiatrique du Vinatier et, ensemble, ils apprennent \u00e0 danser.<\/p>\n<p>\u00c9change avec le public en pr\u00e9sence de Claire Juge.<\/p>\n\t\t<\/div>\n\t\t\t\t\t<\/div>\n\n\t\n\n\t<div id=\"col-1432670292\" class=\"col medium-6 small-12 large-6\"  >\n\t\t\t\t<div class=\"col-inner\"  >\n\t\t\t\n\t\t\t\n<p><strong>Production :<\/strong> 24images | <strong>R\u00e9alisation :<\/strong> Claire Juge | Montr\u00e9al | 2022 | 52\u2019<\/p>\n\t<div id=\"gap-77687958\" class=\"gap-element clearfix\" style=\"display:block; height:auto;\">\n\t\t\n<style>\n#gap-77687958 {\n  padding-top: 15px;\n}\n<\/style>\n\t<\/div>\n\t\n<blockquote><p>Ce film est en nomination pour le Prix Lumi\u00e8re &#8211; Volet Documentaire<\/p><\/blockquote>\n<a href=\"https:\/\/www.clairejuge.com\/tous-ces-autres-en-soi-en-production\/\" target=\"_blank\" class=\"button secondary lowercase\" rel=\"noopener\" >\n\t\t<span>Bande annonce<\/span>\n\t<\/a>\n\n\t<div id=\"gap-1687240144\" class=\"gap-element clearfix\" style=\"display:block; height:auto;\">\n\t\t\n<style>\n#gap-1687240144 {\n  padding-top: 15px;\n}\n<\/style>\n\t<\/div>\n\t\n\t\t<\/div>\n\t\t\t\t\t<\/div>\n\n\t\n<\/div>\n\t<div id=\"gap-752296386\" class=\"gap-element clearfix\" style=\"display:block; height:auto;\">\n\t\t\n<style>\n#gap-752296386 {\n  padding-top: 15px;\n}\n<\/style>\n\t<\/div>\n\t\n\t<div id=\"text-1700085940\" class=\"text adresseEvenements\">\n\t\t\n<p>12h Lunch beat b\u00e9naise avec DJ MKW (Caraquet)<br \/>\n\t\t\t<\/div>\n\t\n\t<div id=\"gap-765117106\" class=\"gap-element clearfix\" style=\"display:block; height:auto;\">\n\t\t\n<style>\n#gap-765117106 {\n  padding-top: 30px;\n}\n<\/style>\n\t<\/div>\n\t\n\t<div id=\"text-471380730\" class=\"text caraquetTitres\">\n\t\t\n<h2 style=\"color: #ff4250!important;\">Atelier pour les jeunes et les ain\u00e9s de Dji\u00a0Hach\u00e9<\/h2>\n\t\t\t<\/div>\n\t\n\t<div id=\"gap-537391095\" class=\"gap-element clearfix\" style=\"display:block; height:auto;\">\n\t\t\n<style>\n#gap-537391095 {\n  padding-top: 15px;\n}\n<\/style>\n\t<\/div>\n\t\n\t<div id=\"text-1360401206\" class=\"text adresseEvenements\">\n\t\t\n<h4>Centre culturel de Caraquet\/Centre de b\u00e9n\u00e9volat de la P\u00e9ninsule Acadienne<\/h4>\n<p>220 Boulevard Saint-Pierre O, Caraquet, NB E1W 1A5, Canada<\/p>\n<p>13h \u00e0 14h30 | Gratuit | Places limit\u00e9es pour 10 jeunes et 10 a\u00een\u00e9s<\/p>\n\t\t\t<\/div>\n\t\n\t<div id=\"gap-1251995114\" class=\"gap-element clearfix\" style=\"display:block; height:auto;\">\n\t\t\n<style>\n#gap-1251995114 {\n  padding-top: 30px;\n}\n<\/style>\n\t<\/div>\n\t\n<div class=\"row\"  id=\"row-1688764357\">\n\n\t<div id=\"col-1897104814\" class=\"col medium-6 small-12 large-6\"  >\n\t\t\t\t<div class=\"col-inner\"  >\n\t\t\t\n\t\t\t\n<a href=\"mailto:info@cinedanse.ca?subject=Inscription%20\u00e0%20l&#039;atelier%20pour%20les%20jeunes%20et%20les%20ain\u00e9s%20de%20Dji%20Hach\u00e9%20du%2029%20juin%20\u00e0%2013h%20-%20Cin\u00e9ma%20du%20Centre\" target=\"_blank\" class=\"button secondary\" rel=\"noopener\" >\n\t\t<span>Inscrivez-vous<\/span>\n\t<\/a>\n\n<p>Atelier pour les jeunes et les ain\u00e9s de Dji Hach\u00e9 (Caraquet\/Montr\u00e9al) en collaboration avec le Centre de b\u00e9n\u00e9volat de la P\u00e9ninsule.<\/p>\n<blockquote>\n<p class=\"p1\"><i>\u00ab Dans l&#8217;\u00e2ge d&#8217;or et l&#8217;enfance, il y a<span class=\"Apple-converted-space\">\u00a0 <\/span>des coeurs qui se rencontrent. Se prendre la main, se raconter des histoires, trouver sa po\u00e9sie et danser sa vie. \u00bb<br \/>\n&#8211; Dji Hach\u00e9<\/i><\/p>\n<\/blockquote>\n\n<a class=\"button white button-calendar\" href=\"data:text\/calendar;charset=utf-8,BEGIN%3AVCALENDAR%0D%0AVERSION%3A2.0%0D%0APRODID%3A-%2F%2FCinedanse%2F%2FNONSGML%20Calendar%2F%2FEN%0D%0ABEGIN%3AVEVENT%0D%0AUID%3A69f7184a6c970%0D%0ADTSTART%3BTZID%3DAmerica%2FHalifax%3A20230629T130000%0D%0ADTEND%3BTZID%3DAmerica%2FHalifax%3A20230629T143000%0D%0ASUMMARY%3AAtelier%20interg%C3%A9n%C3%A9rationnel%20avec%20Dji%20Hach%C3%A9%0D%0ADESCRIPTION%3AAtelier%20pour%20les%20jeunes%20et%20les%20a%C3%AEn%C3%A9s%20avec%20Dji%20Hach%C3%A9%20en%20collaboration%20avec%20le%20Centre%20de%20b%C3%A9n%C3%A9volat%20de%20la%20p%C3%A9ninsule.%0D%0ALOCATION%3ACin%C3%A9ma%20du%20Centre%2C%20220%20Boulevard%20Saint-Pierre%20O%2C%20Caraquet%2C%20NB%20E1W%201A5%0D%0AEND%3AVEVENT%0D%0AEND%3AVCALENDAR%0D%0A\" download=\"atelier-intergenerationnel-avec-dji-hache.ics\"><span class=\"calendar-icon\" style=\"color: #ff4251 !important;\"><svg class=\"calendar-icon\" xmlns=\"http:\/\/www.w3.org\/2000\/svg\" viewBox=\"0 0 24 24\" fill=\"none\" stroke=\"currentColor\" stroke-width=\"1\" stroke-linecap=\"round\" stroke-linejoin=\"round\">\n    <line x1=\"3\" y1=\"8\" x2=\"21\" y2=\"8\"\/>\n  <rect x=\"3\" y=\"4\" width=\"18\" height=\"18\" rx=\"2\" ry=\"2\" \/>\n  <text x=\"13\" y=\"18\" font-size=\"10\" text-anchor=\"middle\">29<\/text>\n<\/svg><\/span> Ajouter \u00e0 mon calendrier<\/a>\n\n\t\t<\/div>\n\t\t\t\t\t<\/div>\n\n\t\n\n\t<div id=\"col-1970030714\" class=\"col medium-6 small-12 large-6\"  >\n\t\t\t\t<div class=\"col-inner\"  >\n\t\t\t\n\t\t\t\n\t<div class=\"img has-hover x md-x lg-x y md-y lg-y\" id=\"image_1491717689\">\n\t\t\t\t\t\t\t\t<div class=\"img-inner dark\" >\n\t\t\t<img loading=\"lazy\" decoding=\"async\" width=\"800\" height=\"418\" src=\"https:\/\/www.cinedanse.ca\/wp-content\/uploads\/2023\/05\/CorpsPlage.png\" class=\"attachment-large size-large\" alt=\"Corps Plage\" srcset=\"https:\/\/www.cinedanse.ca\/wp-content\/uploads\/2023\/05\/CorpsPlage.png 800w, https:\/\/www.cinedanse.ca\/wp-content\/uploads\/2023\/05\/CorpsPlage-300x157.png 300w, https:\/\/www.cinedanse.ca\/wp-content\/uploads\/2023\/05\/CorpsPlage-768x401.png 768w\" sizes=\"auto, (max-width: 800px) 100vw, 800px\" \/>\t\t\t\t\t\t\n\t\t\t\t\t<\/div>\n\t\t\t\t\t\t\t\t\n<style>\n#image_1491717689 {\n  width: 100%;\n}\n<\/style>\n\t<\/div>\n\t\n\t\t<\/div>\n\t\t\t\t\t<\/div>\n\n\t\n<\/div>\n\t<div id=\"gap-937289087\" class=\"gap-element clearfix\" style=\"display:block; height:auto;\">\n\t\t\n<style>\n#gap-937289087 {\n  padding-top: 30px;\n}\n<\/style>\n\t<\/div>\n\t\n\t<div id=\"gap-1104908674\" class=\"gap-element clearfix\" style=\"display:block; height:auto;\">\n\t\t\n<style>\n#gap-1104908674 {\n  padding-top: 15px;\n}\n<\/style>\n\t<\/div>\n\t\n<div class=\"row\"  id=\"row-275658343\">\n\n\t<div id=\"col-3022330\" class=\"col medium-6 small-12 large-6\"  >\n\t\t\t\t<div class=\"col-inner\"  >\n\t\t\t\n\t\t\t\n\t<div class=\"img has-hover x md-x lg-x y md-y lg-y\" id=\"image_1821463552\">\n\t\t\t\t\t\t\t\t<div class=\"img-inner dark\" >\n\t\t\t<img loading=\"lazy\" decoding=\"async\" width=\"683\" height=\"1024\" src=\"https:\/\/www.cinedanse.ca\/wp-content\/uploads\/2023\/05\/162931002714348-683x1024.jpg\" class=\"attachment-large size-large\" alt=\"\" srcset=\"https:\/\/www.cinedanse.ca\/wp-content\/uploads\/2023\/05\/162931002714348-683x1024.jpg 683w, https:\/\/www.cinedanse.ca\/wp-content\/uploads\/2023\/05\/162931002714348-200x300.jpg 200w, https:\/\/www.cinedanse.ca\/wp-content\/uploads\/2023\/05\/162931002714348-768x1152.jpg 768w, https:\/\/www.cinedanse.ca\/wp-content\/uploads\/2023\/05\/162931002714348-1024x1536.jpg 1024w, https:\/\/www.cinedanse.ca\/wp-content\/uploads\/2023\/05\/162931002714348-1365x2048.jpg 1365w, https:\/\/www.cinedanse.ca\/wp-content\/uploads\/2023\/05\/162931002714348-scaled.jpg 1707w\" sizes=\"auto, (max-width: 683px) 100vw, 683px\" \/>\t\t\t\t\t\t\n\t\t\t\t\t<\/div>\n\t\t\t\t\t\t\t\t\n<style>\n#image_1821463552 {\n  width: 100%;\n}\n<\/style>\n\t<\/div>\n\t\n\t<div id=\"gap-25881639\" class=\"gap-element clearfix\" style=\"display:block; height:auto;\">\n\t\t\n<style>\n#gap-25881639 {\n  padding-top: 8px;\n}\n<\/style>\n\t<\/div>\n\t\n\t\t<\/div>\n\t\t\t\t\t<\/div>\n\n\t\n\n\t<div id=\"col-1674142131\" class=\"col medium-6 small-12 large-6\"  >\n\t\t\t\t<div class=\"col-inner\"  >\n\t\t\t\n\t\t\t\n<h3 style=\"font-weight: 900;\">Fondatrice des Productions Jardins Sauvages, directrice artistique et com\u00e9dienne<\/h3>\n<p>Originaire de Lam\u00e8que et d\u00e9tentrice d\u2019un baccalaur\u00e9at en Th\u00e9\u00e2tre \u00e0 l\u2019Universit\u00e9 de Moncton, elle joue et enseigne le th\u00e9\u00e2tre pendant une douzaine d\u2019ann\u00e9es dans l\u2019ouest canadien. Elle termine ensuite un certificat en chor\u00e9graphie au Grant MacEwan University d\u2019Edmonton et une ma\u00eetrise en th\u00e9\u00e2tre-danse \u00e0 l\u2019UQ\u00c0M. Mordue du jeu \u00e0 la cam\u00e9ra, elle \u00e9tudie avec Alex Brunheski, Jacqueline McClintock, Liane Simard, Jean-Pierre Bergeron et Roberto Sierra.<\/p>\n<p>Par la suite, elle d\u00e9croche quelques r\u00f4les principaux dans des courts-m\u00e9trages et au cin\u00e9ma ind\u00e9pendant. Elle fait partie du Th\u00e9\u00e2tre Libre o\u00f9 elle joue, \u00e9crit et met en sc\u00e8ne des textes in\u00e9dits. Dji est aussi coordonnatrice de production et professeure de yoga. Elle cr\u00e9e Les Productions Jardins Sauvages en 2011. <i>Un printemps s&#8217;est perdu dans la mer\u00a0<\/i>est le premier monologue qu&#8217;elle \u00e9crit mais le sixi\u00e8me projet de th\u00e9\u00e2tre qu\u2019elle dirige. Entremetteuse, passionn\u00e9e et d\u00e9termin\u00e9e, elle aime rendre les r\u00eaves possibles.<\/p>\n\t\t<\/div>\n\t\t\t\t\t<\/div>\n\n\t\n<\/div>\n\t<div id=\"gap-527756295\" class=\"gap-element clearfix\" style=\"display:block; height:auto;\">\n\t\t\n<style>\n#gap-527756295 {\n  padding-top: 30px;\n}\n<\/style>\n\t<\/div>\n\t\n<div class=\"row\"  id=\"row-166078508\">\n\n\t<div id=\"col-1013289278\" class=\"col medium-6 small-12 large-6\"  >\n\t\t\t\t<div class=\"col-inner\"  >\n\t\t\t\n\t\t\t\n\t<div id=\"text-1663400799\" class=\"text adresseEvenements\">\n\t\t\n<h4>La danse au C\u0153ur des Premi\u00e8res Nations<\/h4>\n<p>14h30 \u00e0 15h15 | Gratuit | Table ronde<\/p>\n\t\t\t<\/div>\n\t\n\t<div id=\"gap-1675999900\" class=\"gap-element clearfix\" style=\"display:block; height:auto;\">\n\t\t\n<style>\n#gap-1675999900 {\n  padding-top: 15px;\n}\n<\/style>\n\t<\/div>\n\t\n<p>Panel de discussion et \u00e9changes avec le public en compagnie de Marie Kryszko, Shelly-Ann Robichaud, Th\u00e9r\u00e8se Ottawa et M\u00e9lina Quitich-Niquay.<\/p>\n\t\t<\/div>\n\t\t\t\t\t<\/div>\n\n\t\n\n\t<div id=\"col-302070790\" class=\"col medium-6 small-12 large-6\"  >\n\t\t\t\t<div class=\"col-inner\"  >\n\t\t\t\n\t\t\t\n\t<div class=\"img has-hover x md-x lg-x y md-y lg-y\" id=\"image_1122811905\">\n\t\t\t\t\t\t\t\t<div class=\"img-inner dark\" >\n\t\t\t<img loading=\"lazy\" decoding=\"async\" width=\"471\" height=\"717\" src=\"https:\/\/www.cinedanse.ca\/wp-content\/uploads\/2023\/05\/premiere_nation.jpg\" class=\"attachment-large size-large\" alt=\"Discussion au C\u0153ur des Premi\u00e8res Nations\" srcset=\"https:\/\/www.cinedanse.ca\/wp-content\/uploads\/2023\/05\/premiere_nation.jpg 471w, https:\/\/www.cinedanse.ca\/wp-content\/uploads\/2023\/05\/premiere_nation-197x300.jpg 197w\" sizes=\"auto, (max-width: 471px) 100vw, 471px\" \/>\t\t\t\t\t\t\n\t\t\t\t\t<\/div>\n\t\t\t\t\t\t\t\t\n<style>\n#image_1122811905 {\n  width: 100%;\n}\n<\/style>\n\t<\/div>\n\t\n\t\t<\/div>\n\t\t\t\t\t<\/div>\n\n\t\n<\/div>\n\t<div id=\"gap-1830031187\" class=\"gap-element clearfix\" style=\"display:block; height:auto;\">\n\t\t\n<style>\n#gap-1830031187 {\n  padding-top: 30px;\n}\n<\/style>\n\t<\/div>\n\t\n<h3><span style=\"font-weight: 900;\">Vous retrouverez<\/span><\/h3>\n<div class=\"accordion\">\n\t<div id=\"accordion-1908511796\" class=\"accordion-item\">\n\t\t<a id=\"accordion-1908511796-label\" class=\"accordion-title plain\" href=\"#accordion-item-marie-kryszko\" aria-expanded=\"false\" aria-controls=\"accordion-1908511796-content\">\n\t\t\t<button class=\"toggle\" aria-label=\"Toggle\"><i class=\"icon-angle-down\" aria-hidden=\"true\"><\/i><\/button>\n\t\t\t<span>Marie Kryszko<\/span>\n\t\t<\/a>\n\t\t<div id=\"accordion-1908511796-content\" class=\"accordion-inner\" aria-labelledby=\"accordion-1908511796-label\">\n\t\t\t\n<div class=\"row\"  id=\"row-855548295\">\n\n\t<div id=\"col-813029168\" class=\"col medium-6 small-12 large-6\"  >\n\t\t\t\t<div class=\"col-inner\"  >\n\t\t\t\n\t\t\t\n<p>Marie Stella Kryszko est fi\u00e8re d&#8217;\u00eatre une gardienne du savoir traditionnel mi&#8217;kmaq et de son m\u00e9tissage hongrois. Elle est originaire de la Premi\u00e8re nation de Pabineau, dans le nord du Nouveau-Brunswick, et vit sur le territoire traditionnel non c\u00e9d\u00e9 du peuple mi&#8217;kmaq.\u00a0 Elle a deux filles, sept petits-enfants et un arri\u00e8re-petit-fils.<\/p>\n<p>Le nom d&#8217;esprit de Marie est Lentukesq (femme-cerf qui marche avec gr\u00e2ce). Marie poss\u00e8de plus de 25 ans d&#8217;exp\u00e9rience dans le domaine des connaissances traditionnelles, des c\u00e9r\u00e9monies et de la sensibilisation culturelle des Autochtones.<\/p>\n<p>Marie d\u00e9clare : &#8220;Partager mes connaissances sur la sensibilisation culturelle peut nous aider \u00e0 nous comprendre nous-m\u00eames et \u00e0 maintenir l&#8217;\u00e9quilibre dans notre mode de vie quotidien. Pour que notre identit\u00e9 reste vivante et forte, nous devons nous rassembler et partager. Le rire est le meilleur des rem\u00e8des.&#8221;<\/p>\n\t\t<\/div>\n\t\t\t\t\t<\/div>\n\n\t\n\n\t<div id=\"col-193927107\" class=\"col medium-6 small-12 large-6\"  >\n\t\t\t\t<div class=\"col-inner\"  >\n\t\t\t\n\t\t\t\n\t<div class=\"img has-hover x md-x lg-x y md-y lg-y\" id=\"image_1724025767\">\n\t\t\t\t\t\t\t\t<div class=\"img-inner dark\" >\n\t\t\t<img loading=\"lazy\" decoding=\"async\" width=\"640\" height=\"640\" src=\"https:\/\/www.cinedanse.ca\/wp-content\/uploads\/2023\/05\/1643929169215.jpeg\" class=\"attachment-large size-large\" alt=\"Marie Kryszko\" srcset=\"https:\/\/www.cinedanse.ca\/wp-content\/uploads\/2023\/05\/1643929169215.jpeg 640w, https:\/\/www.cinedanse.ca\/wp-content\/uploads\/2023\/05\/1643929169215-300x300.jpeg 300w, https:\/\/www.cinedanse.ca\/wp-content\/uploads\/2023\/05\/1643929169215-150x150.jpeg 150w\" sizes=\"auto, (max-width: 640px) 100vw, 640px\" \/>\t\t\t\t\t\t\n\t\t\t\t\t<\/div>\n\t\t\t\t\t\t\t\t\n<style>\n#image_1724025767 {\n  width: 100%;\n}\n<\/style>\n\t<\/div>\n\t\n\t\t<\/div>\n\t\t\t\t\t<\/div>\n\n\t\n<\/div>\n\t\t<\/div>\n\t<\/div>\n\t\n\t<div id=\"accordion-3206897241\" class=\"accordion-item\">\n\t\t<a id=\"accordion-3206897241-label\" class=\"accordion-title plain\" href=\"#accordion-item-shelly-ann-robichaud\" aria-expanded=\"false\" aria-controls=\"accordion-3206897241-content\">\n\t\t\t<button class=\"toggle\" aria-label=\"Toggle\"><i class=\"icon-angle-down\" aria-hidden=\"true\"><\/i><\/button>\n\t\t\t<span>Shelly-Ann Robichaud<\/span>\n\t\t<\/a>\n\t\t<div id=\"accordion-3206897241-content\" class=\"accordion-inner\" aria-labelledby=\"accordion-3206897241-label\">\n\t\t\t\n<div class=\"row\"  id=\"row-12454336\">\n\n\t<div id=\"col-865828746\" class=\"col medium-6 small-12 large-6\"  >\n\t\t\t\t<div class=\"col-inner\"  >\n\t\t\t\n\t\t\t\n<p><span class=\"s1\">Shelly-Ann Robichaud est une jeune dame \u00e2g\u00e9e de 25ans.<span class=\"Apple-converted-space\">\u00a0 <\/span>Elle vient d\u2019une famille multiculturelle acadienne et autochtone Mi\u2019kmaq de premi\u00e8re nation d\u2019Esgenoopetitj, Burnt Church, NB. Shelly a commenc\u00e9 \u00e0 danser \u00e0 l\u2019\u00e2ge de 4 ans et a depuis d\u00e9couvert sa vraie passion, il y a maintenant 18 ans, la danse traditionnelle autochtone; le \u201c<strong>Fancy Shawl\u2019\u2019<\/strong> . <\/span><\/p>\n<p><span class=\"s1\">Shelly encourage toujours les gens \u00e0 explorer et \u00e0 d\u00e9couvrir la richesse des diff\u00e9rentes cultures. Elle est tr\u00e8s fi\u00e8re de son h\u00e9ritage et a un d\u00e9sir continu d\u2019apprendre \u00e0 enseigner aux autres les notions de sa culture. Elle est coach et mentor dans sa communaut\u00e9 Esgenoopetitj (Burnt Church). Elle a offert plusieurs ateliers et a enseign\u00e9 la danse traditionnelle du &#8220;<strong>Fancy Shawl\u2019<\/strong>\u2019. Elle a aussi \u00e9t\u00e9 invit\u00e9e \u00e0 plusieurs \u00e9v\u00e9nements culturels dans la province.<\/span><\/p>\n\t\t<\/div>\n\t\t\t\t\t<\/div>\n\n\t\n\n\t<div id=\"col-553239199\" class=\"col medium-6 small-12 large-6\"  >\n\t\t\t\t<div class=\"col-inner\"  >\n\t\t\t\n\t\t\t\n\t<div class=\"img has-hover x md-x lg-x y md-y lg-y\" id=\"image_283434211\">\n\t\t\t\t\t\t\t\t<div class=\"img-inner dark\" >\n\t\t\t<img loading=\"lazy\" decoding=\"async\" width=\"1020\" height=\"679\" src=\"https:\/\/www.cinedanse.ca\/wp-content\/uploads\/2023\/05\/Shelly-Ann_Robichaud-1024x682.jpg\" class=\"attachment-large size-large\" alt=\"Shelly-Ann Robichaud\" srcset=\"https:\/\/www.cinedanse.ca\/wp-content\/uploads\/2023\/05\/Shelly-Ann_Robichaud-1024x682.jpg 1024w, https:\/\/www.cinedanse.ca\/wp-content\/uploads\/2023\/05\/Shelly-Ann_Robichaud-300x200.jpg 300w, https:\/\/www.cinedanse.ca\/wp-content\/uploads\/2023\/05\/Shelly-Ann_Robichaud-768x512.jpg 768w, https:\/\/www.cinedanse.ca\/wp-content\/uploads\/2023\/05\/Shelly-Ann_Robichaud.jpg 1240w\" sizes=\"auto, (max-width: 1020px) 100vw, 1020px\" \/>\t\t\t\t\t\t\n\t\t\t\t\t<\/div>\n\t\t\t\t\t\t\t\t\n<style>\n#image_283434211 {\n  width: 100%;\n}\n<\/style>\n\t<\/div>\n\t\n\t\t<\/div>\n\t\t\t\t\t<\/div>\n\n\t\n<\/div>\n\t\t<\/div>\n\t<\/div>\n\t\n\t<div id=\"accordion-2451645791\" class=\"accordion-item\">\n\t\t<a id=\"accordion-2451645791-label\" class=\"accordion-title plain\" href=\"#accordion-item-th\u00e9rese-ottawa\" aria-expanded=\"false\" aria-controls=\"accordion-2451645791-content\">\n\t\t\t<button class=\"toggle\" aria-label=\"Toggle\"><i class=\"icon-angle-down\" aria-hidden=\"true\"><\/i><\/button>\n\t\t\t<span>Th\u00e9rese Ottawa<\/span>\n\t\t<\/a>\n\t\t<div id=\"accordion-2451645791-content\" class=\"accordion-inner\" aria-labelledby=\"accordion-2451645791-label\">\n\t\t\t\n<div class=\"row\"  id=\"row-783947817\">\n\n\t<div id=\"col-665861316\" class=\"col medium-6 small-12 large-6\"  >\n\t\t\t\t<div class=\"col-inner\"  >\n\t\t\t\n\t\t\t\n<p class=\"p1\"><b>Artiste et r<\/b><b>\u00e9alisatrice originaire de Manawan <\/b>Th\u00e9r\u00e8se Ottawa rend hommage \u00e0 son peuple et \u00e0 sa culture avec des \u0153uvres comme <i>Le chemin rouge<\/i>, un film r\u00e9alis\u00e9 dans le cadre du concours Tremplin NIKANIK, un programme parrain\u00e9 conjointement par l\u2019ONF et le R\u00e9seau de t\u00e9l\u00e9vision des peuples autochtones (APTN) et qui vise le soutien des cin\u00e9astes des Premi\u00e8res Nations francophones du Qu\u00e9bec. En 2012, Th\u00e9r\u00e8se Ottawa a contribu\u00e9 \u00e0 la cr\u00e9ation de Tewekan Vision, un centre de production ayant pour mission de renforcer la pr\u00e9sence autochtone au sein de l\u2019industrie canadienne du cin\u00e9ma.<\/p>\n\t\t<\/div>\n\t\t\t\t\t<\/div>\n\n\t\n\n\t<div id=\"col-1040580073\" class=\"col medium-6 small-12 large-6\"  >\n\t\t\t\t<div class=\"col-inner\"  >\n\t\t\t\n\t\t\t\n\t<div class=\"img has-hover x md-x lg-x y md-y lg-y\" id=\"image_1747218526\">\n\t\t\t\t\t\t\t\t<div class=\"img-inner dark\" >\n\t\t\t<img loading=\"lazy\" decoding=\"async\" width=\"400\" height=\"400\" src=\"https:\/\/www.cinedanse.ca\/wp-content\/uploads\/2023\/05\/Ottawa_Therese.jpg\" class=\"attachment-large size-large\" alt=\"Th\u00e9rese Ottawa\" srcset=\"https:\/\/www.cinedanse.ca\/wp-content\/uploads\/2023\/05\/Ottawa_Therese.jpg 400w, https:\/\/www.cinedanse.ca\/wp-content\/uploads\/2023\/05\/Ottawa_Therese-300x300.jpg 300w, https:\/\/www.cinedanse.ca\/wp-content\/uploads\/2023\/05\/Ottawa_Therese-150x150.jpg 150w\" sizes=\"auto, (max-width: 400px) 100vw, 400px\" \/>\t\t\t\t\t\t\n\t\t\t\t\t<\/div>\n\t\t\t\t\t\t\t\t\n<style>\n#image_1747218526 {\n  width: 100%;\n}\n<\/style>\n\t<\/div>\n\t\n\t\t<\/div>\n\t\t\t\t\t<\/div>\n\n\t\n<\/div>\n\t\t<\/div>\n\t<\/div>\n\t\n\t<div id=\"accordion-3960673053\" class=\"accordion-item\">\n\t\t<a id=\"accordion-3960673053-label\" class=\"accordion-title plain\" href=\"#accordion-item-m\u00e9lina-quitich-niquay\" aria-expanded=\"false\" aria-controls=\"accordion-3960673053-content\">\n\t\t\t<button class=\"toggle\" aria-label=\"Toggle\"><i class=\"icon-angle-down\" aria-hidden=\"true\"><\/i><\/button>\n\t\t\t<span>M\u00e9lina Quitich-Niquay<\/span>\n\t\t<\/a>\n\t\t<div id=\"accordion-3960673053-content\" class=\"accordion-inner\" aria-labelledby=\"accordion-3960673053-label\">\n\t\t\t\n<div class=\"row\"  id=\"row-2070474451\">\n\n\t<div id=\"col-1846383205\" class=\"col medium-6 small-12 large-6\"  >\n\t\t\t\t<div class=\"col-inner\"  >\n\t\t\t\n\t\t\t\n<p class=\"p1\"><span class=\"s1\"><b>Artiste multidisciplinaire de Manawan, <\/b><\/span>M\u00e9lina Quitich-Niquay travaille comme illustratrice-graphiste et a commenc\u00e9 \u00e0 faire des courts-m\u00e9trages en 2016. Depuis, elle en a r\u00e9alis\u00e9 cinq dont un gagnant d&#8217;un prix \u00e0 ImagineNative. Elle est \u00e9galement laur\u00e9ate du prix Jeune artiste Atikamekw (2016). Filmographie <span class=\"s2\">\u25cf <\/span><i>Metaperotin<\/i>, VR, 03:44, 2019 <span class=\"s2\">\u25cf <\/span><i>Notcimik <\/i>(Dans les bois \u2022 In the woods), Exp\u00e9rimental, 01:17, 2018 <span class=\"s2\">\u25cf <\/span><i>Happy song <\/i>(version longue), 04:20, 2018 <span class=\"s2\">\u25cf <\/span><i>Le zoo va fermer dans quelques minutes<\/i>, Exp\u00e9rimental, 01:30, 2017 <span class=\"s2\">\u25cf <\/span><i>Metapeckeka <\/i>(2017), Exp\u00e9rimental, 02:20, 2017 <span class=\"s2\">\u25cf <\/span><i>Onicka (R\u00e9veille-toi \u2022 Wake Up)<\/i>, Exp\u00e9rimental, 01:41, 2016 <span class=\"s2\">\u25cf <\/span><i>Lettre \u00e0 mon pass\u00e9 (Letter to My Paste Self), <\/i>Exp\u00e9rimental, 02:59, 2016<\/p>\n\t\t<\/div>\n\t\t\t\t\t<\/div>\n\n\t\n\n\t<div id=\"col-2141006373\" class=\"col medium-6 small-12 large-6\"  >\n\t\t\t\t<div class=\"col-inner\"  >\n\t\t\t\n\t\t\t\n\t<div class=\"img has-hover x md-x lg-x y md-y lg-y\" id=\"image_1958015377\">\n\t\t\t\t\t\t\t\t<div class=\"img-inner dark\" >\n\t\t\t<img loading=\"lazy\" decoding=\"async\" width=\"200\" height=\"200\" src=\"https:\/\/www.cinedanse.ca\/wp-content\/uploads\/2023\/05\/Onicka-Melina-Quitich-Niquay.jpg\" class=\"attachment-large size-large\" alt=\"M\u00e9lina Quitich-Niquay\" srcset=\"https:\/\/www.cinedanse.ca\/wp-content\/uploads\/2023\/05\/Onicka-Melina-Quitich-Niquay.jpg 200w, https:\/\/www.cinedanse.ca\/wp-content\/uploads\/2023\/05\/Onicka-Melina-Quitich-Niquay-150x150.jpg 150w\" sizes=\"auto, (max-width: 200px) 100vw, 200px\" \/>\t\t\t\t\t\t\n\t\t\t\t\t<\/div>\n\t\t\t\t\t\t\t\t\n<style>\n#image_1958015377 {\n  width: 100%;\n}\n<\/style>\n\t<\/div>\n\t\n\t\t<\/div>\n\t\t\t\t\t<\/div>\n\n\t\n<\/div>\n\t\t<\/div>\n\t<\/div>\n\t\n<\/div>\n\t<div id=\"gap-1357888566\" class=\"gap-element clearfix\" style=\"display:block; height:auto;\">\n\t\t\n<style>\n#gap-1357888566 {\n  padding-top: 30px;\n}\n<\/style>\n\t<\/div>\n\t\n\n<p><a name=\"apparitiondufaune\"><\/a><br \/>\n\n<div class=\"row\"  id=\"row-1969829692\">\n\n\t<div id=\"col-2072213961\" class=\"col small-12 large-12\"  >\n\t\t\t\t<div class=\"col-inner\"  >\n\t\t\t\n\t\t\t\n\t<div id=\"text-4206777773\" class=\"text titresEvenements\">\n\t\t\n<h2>\u00ab L\u2019apparition du faune \/ Enter the Faun \u00bb<\/h2>\n<h3>Un film de Tamar Rogoff (New-York)<\/h3>\n\t\t\t<\/div>\n\t\n\t\t<\/div>\n\t\t\t\t\t<\/div>\n\n\t\n\n<style>\n#row-1969829692 > .col > .col-inner {\n  padding: 1em 1em 0.05em 1em;\n  background-color: #1a1a1a;\n}\n@media (min-width:550px) {\n  #row-1969829692 > .col > .col-inner {\n    padding: 1em 1em 0.5em 1em;\n  }\n}\n<\/style>\n<\/div>\n\t<div id=\"gap-1246661519\" class=\"gap-element clearfix\" style=\"display:block; height:auto;\">\n\t\t\n<style>\n#gap-1246661519 {\n  padding-top: 15px;\n}\n<\/style>\n\t<\/div>\n\t\n\t<div id=\"text-2522050641\" class=\"text adresseEvenements\">\n\t\t\n<h3>Projection et \u00e9change avec le public<\/h3>\n<h4>Cin\u00e9ma du Centre<\/h4>\n<p>220 Boulevard Saint-Pierre O, Caraquet, NB E1W 1A5, Canada<\/p>\n<p>15h15 \u00e0 16h30 | Gratuit<\/p>\n\t\t\t<\/div>\n\t\n\t<div id=\"gap-1155408114\" class=\"gap-element clearfix\" style=\"display:block; height:auto;\">\n\t\t\n<style>\n#gap-1155408114 {\n  padding-top: 15px;\n}\n<\/style>\n\t<\/div>\n\t\n<div class=\"row\"  id=\"row-530939203\">\n\n\t<div id=\"col-828900073\" class=\"col medium-6 small-12 large-6\"  >\n\t\t\t\t<div class=\"col-inner\"  >\n\t\t\t\n\t\t\t\n<blockquote><p>\u00ab Une histoire remarquable [\u2026] qui sera d\u2019un grand int\u00e9r\u00eat non seulement pour les amateurs de danse, mais pour ceux dont leur vies ont \u00e9t\u00e9 touch\u00e9es par la paralysie c\u00e9r\u00e9brale. \u00bb<\/p><\/blockquote>\n<p>\u2014 The Hollywood Reporter (2016)<\/p>\n\t\t<\/div>\n\t\t\t\t\t<\/div>\n\n\t\n\n\t<div id=\"col-765975607\" class=\"col medium-6 small-12 large-6\"  >\n\t\t\t\t<div class=\"col-inner\"  >\n\t\t\t\n\t\t\t\n<blockquote><p>\u00ab Ce faisant, elle a chang\u00e9 sa vision de lui-m\u00eame et de ses possibilit\u00e9s. \u00bb<\/p><\/blockquote>\n<p>\u2014 The New York Times<\/p>\n\t\t<\/div>\n\t\t\t\t\t<\/div>\n\n\t\n<\/div>\n\t<div id=\"gap-1032027323\" class=\"gap-element clearfix\" style=\"display:block; height:auto;\">\n\t\t\n<style>\n#gap-1032027323 {\n  padding-top: 5px;\n}\n<\/style>\n\t<\/div>\n\t\n\t<div id=\"gap-2063938024\" class=\"gap-element clearfix\" style=\"display:block; height:auto;\">\n\t\t\n<style>\n#gap-2063938024 {\n  padding-top: 15px;\n}\n<\/style>\n\t<\/div>\n\t\n\t<div class=\"img has-hover x md-x lg-x y md-y lg-y\" id=\"image_240884616\">\n\t\t\t\t\t\t\t\t<div class=\"img-inner dark\" >\n\t\t\t<img loading=\"lazy\" decoding=\"async\" width=\"1020\" height=\"677\" src=\"https:\/\/www.cinedanse.ca\/wp-content\/uploads\/2023\/05\/l_apparition_du_faune-1024x680.jpg\" class=\"attachment-large size-large\" alt=\"\u00ab L\u2019apparition du faune \/ Enter the Faun \u00bb\" srcset=\"https:\/\/www.cinedanse.ca\/wp-content\/uploads\/2023\/05\/l_apparition_du_faune-1024x680.jpg 1024w, https:\/\/www.cinedanse.ca\/wp-content\/uploads\/2023\/05\/l_apparition_du_faune-300x199.jpg 300w, https:\/\/www.cinedanse.ca\/wp-content\/uploads\/2023\/05\/l_apparition_du_faune-768x510.jpg 768w, https:\/\/www.cinedanse.ca\/wp-content\/uploads\/2023\/05\/l_apparition_du_faune.jpg 1344w\" sizes=\"auto, (max-width: 1020px) 100vw, 1020px\" \/>\t\t\t\t\t\t\n\t\t\t\t\t<\/div>\n\t\t\t\t\t\t\t\t\n<style>\n#image_240884616 {\n  width: 100%;\n}\n<\/style>\n\t<\/div>\n\t\n\t<div id=\"text-576980477\" class=\"text caraquetTitres\">\n\t\t\n<h2 style=\"color: #ff4250!important;\">\u00ab Enter the Faun \/ L\u2019apparition du faune \u00bb<\/h2>\n\t\t\t<\/div>\n\t\n\t<div id=\"gap-1155809768\" class=\"gap-element clearfix\" style=\"display:block; height:auto;\">\n\t\t\n<style>\n#gap-1155809768 {\n  padding-top: 15px;\n}\n<\/style>\n\t<\/div>\n\t\n<div class=\"row\"  id=\"row-1327892882\">\n\n\t<div id=\"col-1533108412\" class=\"col medium-6 small-12 large-6\"  >\n\t\t\t\t<div class=\"col-inner\"  >\n\t\t\t\n\t\t\t\n<p>L\u2019histoire rocambolesque du jeune com\u00e9dien Gregg Mozgala, atteint de paralysie c\u00e9r\u00e9brale, et de la chor\u00e9graphe new-yorkaise Tamar Rogoff. Elle voulait cr\u00e9er avec Gregg une nouvelle version de \u00ab<strong> L\u2019Apr\u00e8s-midi d\u2019un faune<\/strong> \u00bb qu\u2019avait sign\u00e9e Nijinsky. Elle lui a permis de r\u00e9inventer sa d\u00e9marche, sa vie.<\/p>\n\t\t<\/div>\n\t\t\t\t\t<\/div>\n\n\t\n\n\t<div id=\"col-298733605\" class=\"col medium-6 small-12 large-6\"  >\n\t\t\t\t<div class=\"col-inner\"  >\n\t\t\t\n\t\t\t\n<p><strong>R\u00e9alisation :<\/strong> Tamar Rogoff &amp; Daisy Wright | USA | 2015 | 68\u02b9<br \/>\nEn pr\u00e9sence de la chor\u00e9graphe \u2014 en direct de New-York \u2014, qui \u00e9changera avec le public et les autres invit\u00e9s apr\u00e8s la projection.<\/p>\n<p>(Film avec sous-titres fran\u00e7ais)<\/p>\n\t\t<\/div>\n\t\t\t\t\t<\/div>\n\n\t\n<\/div>\n\t<div id=\"gap-1665615592\" class=\"gap-element clearfix\" style=\"display:block; height:auto;\">\n\t\t\n<style>\n#gap-1665615592 {\n  padding-top: 30px;\n}\n<\/style>\n\t<\/div>\n\t\n<div class=\"row\"  id=\"row-2102849983\">\n\n\t<div id=\"col-907722422\" class=\"col medium-6 small-12 large-6\"  >\n\t\t\t\t<div class=\"col-inner\"  >\n\t\t\t\n\t\t\t\n\t<div class=\"img has-hover x md-x lg-x y md-y lg-y\" id=\"image_1735524321\">\n\t\t\t\t\t\t\t\t<div class=\"img-inner dark\" >\n\t\t\t<img loading=\"lazy\" decoding=\"async\" width=\"1020\" height=\"680\" src=\"https:\/\/www.cinedanse.ca\/wp-content\/uploads\/2023\/05\/la_danse_du_faune-1024x683.jpg\" class=\"attachment-large size-large\" alt=\"\" srcset=\"https:\/\/www.cinedanse.ca\/wp-content\/uploads\/2023\/05\/la_danse_du_faune-1024x683.jpg 1024w, https:\/\/www.cinedanse.ca\/wp-content\/uploads\/2023\/05\/la_danse_du_faune-300x200.jpg 300w, https:\/\/www.cinedanse.ca\/wp-content\/uploads\/2023\/05\/la_danse_du_faune-768x512.jpg 768w, https:\/\/www.cinedanse.ca\/wp-content\/uploads\/2023\/05\/la_danse_du_faune.jpg 1081w\" sizes=\"auto, (max-width: 1020px) 100vw, 1020px\" \/>\t\t\t\t\t\t\n\t\t\t\t\t<\/div>\n\t\t\t\t\t\t\t\t\n<style>\n#image_1735524321 {\n  width: 100%;\n}\n<\/style>\n\t<\/div>\n\t\n\t<div id=\"gap-1554175345\" class=\"gap-element clearfix\" style=\"display:block; height:auto;\">\n\t\t\n<style>\n#gap-1554175345 {\n  padding-top: 15px;\n}\n<\/style>\n\t<\/div>\n\t\n\t\t<\/div>\n\t\t\t\t\t<\/div>\n\n\t\n\n\t<div id=\"col-1135781330\" class=\"col medium-6 small-12 large-6\"  >\n\t\t\t\t<div class=\"col-inner\"  >\n\t\t\t\n\t\t\t\n<h3><span style=\"font-weight: 900;\">\u00ab La danse du faune : autour des troubles de\u00a0motricit\u00e9 \u00bb<\/span><\/h3>\n<p>Lors de la pr\u00e9sentation du puissant documentaire<strong> Enter the Faun<\/strong> (2015), Tamar Rogoff parlera de l\u2019exp\u00e9rience de cr\u00e9ation de sa nouvelle version de \u00ab <strong>L\u2019Apr\u00e8s-midi d\u2019un faune<\/strong> \u00bb (1912), pi\u00e8ce-phare de Vaslav Nijinski, cr\u00e9\u00e9e par les c\u00e9l\u00e8bres Ballets Russes de Diaghilev, avec l\u2019interpr\u00e8te Gregg Mozgala. Elle a adapt\u00e9 ses techniques de cr\u00e9ation et d\u2019enseignement \u00e0 la condition physique de Gregg Mozgala; ce dernier a accept\u00e9 de soumettre son corps et son esprit aux desseins de sa chor\u00e9graphe. Ainsi, ensemble, ils ont r\u00e9invent\u00e9 leur pratique et leur propre existence. Ils ont \u00e9t\u00e9 invit\u00e9s dans le monde entier pour partager leur exp\u00e9rience, et ont mont\u00e9, avec succ\u00e8s, des ateliers lors de plusieurs festivals et stages.<\/p>\n\t\t<\/div>\n\t\t\t\t\t<\/div>\n\n\t\n<\/div>\n\t<div id=\"gap-294715855\" class=\"gap-element clearfix\" style=\"display:block; height:auto;\">\n\t\t\n<style>\n#gap-294715855 {\n  padding-top: 15px;\n}\n<\/style>\n\t<\/div>\n\t\n<div class=\"video video-fit mb\" style=\"padding-top:56.25%;\"><p><iframe loading=\"lazy\" title=\"ENTER THE FAUN Trailer\" width=\"1020\" height=\"574\" src=\"https:\/\/www.youtube.com\/embed\/cg4CjqnyY3k?feature=oembed\" frameborder=\"0\" allow=\"accelerometer; autoplay; clipboard-write; encrypted-media; gyroscope; picture-in-picture; web-share\" allowfullscreen><\/iframe><\/p>\n<\/div>\n\t<div id=\"gap-2018812181\" class=\"gap-element clearfix\" style=\"display:block; height:auto;\">\n\t\t\n<style>\n#gap-2018812181 {\n  padding-top: 30px;\n}\n<\/style>\n\t<\/div>\n\t\n<h3><span style=\"font-weight: 900;\">Bio<\/span><\/h3>\n<div class=\"accordion\">\n\t<div id=\"accordion-727590012\" class=\"accordion-item\">\n\t\t<a id=\"accordion-727590012-label\" class=\"accordion-title plain\" href=\"#accordion-item-la-chor\u00e9graphe-new-yorkaise-tamar-rogoff\" aria-expanded=\"false\" aria-controls=\"accordion-727590012-content\">\n\t\t\t<button class=\"toggle\" aria-label=\"Toggle\"><i class=\"icon-angle-down\" aria-hidden=\"true\"><\/i><\/button>\n\t\t\t<span>La chor\u00e9graphe new-yorkaise Tamar Rogoff<\/span>\n\t\t<\/a>\n\t\t<div id=\"accordion-727590012-content\" class=\"accordion-inner\" aria-labelledby=\"accordion-727590012-label\">\n\t\t\t\n<div class=\"row\"  id=\"row-1139308258\">\n\n\t<div id=\"col-1172097381\" class=\"col medium-6 small-12 large-6\"  >\n\t\t\t\t<div class=\"col-inner\"  >\n\t\t\t\n\t\t\t\n<p>La chor\u00e9graphe new-yorkaise Tamar Rogoff explore les limites de l\u2019\u00eatre humain confront\u00e9 aux circonstances extr\u00eames de son existence. Elle produit ses cr\u00e9ations sur de vastes lieux inusit\u00e9s, comme par exemple : du haut d\u2019un des \u00e9difices surplombant la Place du Lincoln Center, en pleine for\u00eat en Bi\u00e9lorussie, sur des toits du Lower East Side, \u00e0 l\u2019\u00e9cran ou dans des salles de spectacle traditionnelles.<\/p>\n\t\t<\/div>\n\t\t\t\t\t<\/div>\n\n\t\n\n\t<div id=\"col-1950814180\" class=\"col medium-6 small-12 large-6\"  >\n\t\t\t\t<div class=\"col-inner\"  >\n\t\t\t\n\t\t\t\n<p>Rogoff cr\u00e9e toujours \u00e0 travers le prisme de nos possibilit\u00e9s intimes, en danse et au cin\u00e9ma, et brise r\u00e9guli\u00e8rement le quatri\u00e8me mur. Elle a travaill\u00e9 autant avec les membres de la communaut\u00e9 d\u2019o\u00f9 proviennent ses anc\u00eatres morts lors de l\u2019Holocauste que des v\u00e9t\u00e9rans de guerre atteints du syndrome post-traumatique, qu\u2019avec le jeune com\u00e9dien Gregg Mozgala atteint de paralysie c\u00e9r\u00e9brale.<\/p>\n\t\t<\/div>\n\t\t\t\t\t<\/div>\n\n\t\n<\/div>\n\t\t<\/div>\n\t<\/div>\n\t\n<\/div>\n\t<div id=\"gap-140067536\" class=\"gap-element clearfix\" style=\"display:block; height:auto;\">\n\t\t\n<style>\n#gap-140067536 {\n  padding-top: 30px;\n}\n<\/style>\n\t<\/div>\n\t\n\n<p><a name=\"expoprojectionsoui29\"><\/a><br \/>\n\n<div class=\"row\"  id=\"row-507249519\">\n\n\t<div id=\"col-962763146\" class=\"col small-12 large-12\"  >\n\t\t\t\t<div class=\"col-inner\"  >\n\t\t\t\n\t\t\t\n\t<div id=\"text-698668011\" class=\"text titresEvenements\">\n\t\t\n<h2>Expo-projections \u00ab OUI!<br \/>\n<b>\u00c9t\u00e9 comme hiver&#8230; Pour c\u00e9l\u00e9brer la vie, l\u2019amour, la mort, on danse \u00bb<\/b><\/h2>\n\t\t\t<\/div>\n\t\n\t\t<\/div>\n\t\t\t\t\t<\/div>\n\n\t\n\n<style>\n#row-507249519 > .col > .col-inner {\n  padding: 1em 1em 0.05em 1em;\n  background-color: #1a1a1a;\n}\n@media (min-width:550px) {\n  #row-507249519 > .col > .col-inner {\n    padding: 1em 1em 0.05em 1em;\n  }\n}\n<\/style>\n<\/div>\n\t<div class=\"img has-hover x md-x lg-x y md-y lg-y\" id=\"image_915995315\">\n\t\t\t\t\t\t\t\t<div class=\"img-inner dark\" >\n\t\t\t<img loading=\"lazy\" decoding=\"async\" width=\"1020\" height=\"534\" src=\"https:\/\/www.cinedanse.ca\/wp-content\/uploads\/2023\/05\/les_baigneuses_retrouvees-1024x536.jpg\" class=\"attachment-large size-large\" alt=\"\u00ab Les baigneuses retrouv\u00e9es \/ Regained Bathers \u00bb\" srcset=\"https:\/\/www.cinedanse.ca\/wp-content\/uploads\/2023\/05\/les_baigneuses_retrouvees-1024x536.jpg 1024w, https:\/\/www.cinedanse.ca\/wp-content\/uploads\/2023\/05\/les_baigneuses_retrouvees-300x157.jpg 300w, https:\/\/www.cinedanse.ca\/wp-content\/uploads\/2023\/05\/les_baigneuses_retrouvees-768x402.jpg 768w, https:\/\/www.cinedanse.ca\/wp-content\/uploads\/2023\/05\/les_baigneuses_retrouvees.jpg 1123w\" sizes=\"auto, (max-width: 1020px) 100vw, 1020px\" \/>\t\t\t\t\t\t\n\t\t\t\t\t<\/div>\n\t\t\t\t\t\t\t\t\n<style>\n#image_915995315 {\n  width: 100%;\n}\n<\/style>\n\t<\/div>\n\t\n\t<div id=\"gap-438476249\" class=\"gap-element clearfix\" style=\"display:block; height:auto;\">\n\t\t\n<style>\n#gap-438476249 {\n  padding-top: 15px;\n}\n<\/style>\n\t<\/div>\n\t\n\t<div id=\"text-135438650\" class=\"text adresseEvenements\">\n\t\t\n<h3>27 juin au 1er juillet<\/h3>\n<h4>Quai des artistes<\/h4>\n<p>47 Avenue du Carrefour. Situ\u00e9 sur le site du Carrefour de la mer.<\/p>\n<p>5@7 | Gratuit | du 27 juin au 1er juillet | Expo-projections<\/p>\n<p class=\"p1\"><b>\u00c0 tous les quarts d&#8217;heure !<\/b><\/p>\n\t\t\t<\/div>\n\t\n\t<div id=\"gap-208052751\" class=\"gap-element clearfix\" style=\"display:block; height:auto;\">\n\t\t\n<style>\n#gap-208052751 {\n  padding-top: 15px;\n}\n<\/style>\n\t<\/div>\n\t\n<div class=\"row\"  id=\"row-1556263109\">\n\n\t<div id=\"col-1345814161\" class=\"col small-12 large-12\"  >\n\t\t\t\t<div class=\"col-inner\"  >\n\t\t\t\n\t\t\t\n<p><img loading=\"lazy\" decoding=\"async\" class=\"alignleft size-full wp-image-12796\" src=\"https:\/\/www.cinedanse.ca\/wp-content\/uploads\/2023\/06\/logo_centreart-1.jpg\" alt=\"Centr_Art\" width=\"127\" height=\"83\" \/><img loading=\"lazy\" decoding=\"async\" class=\"alignleft size-full wp-image-12820\" src=\"https:\/\/www.cinedanse.ca\/wp-content\/uploads\/2023\/06\/logo_canada-1.jpg\" alt=\"Gouvernement du Canada\" width=\"151\" height=\"83\" \/><img loading=\"lazy\" decoding=\"async\" class=\"alignleft size-full wp-image-12806\" src=\"https:\/\/www.cinedanse.ca\/wp-content\/uploads\/2023\/06\/logo_quebec-1.jpg\" alt=\"Gouvernement du Qu\u00e9bec\" width=\"205\" height=\"83\" \/><img loading=\"lazy\" decoding=\"async\" class=\"alignleft size-full wp-image-12802\" src=\"https:\/\/www.cinedanse.ca\/wp-content\/uploads\/2023\/06\/logo_festival_acadien_de_poesie-1.jpg\" alt=\"Festival Acadien de po\u00e9sie\" width=\"101\" height=\"83\" \/><img loading=\"lazy\" decoding=\"async\" class=\"alignleft size-full wp-image-12822\" src=\"https:\/\/www.cinedanse.ca\/wp-content\/uploads\/2023\/06\/logo_ccnb-1.jpg\" alt=\"Coll\u00e8ge communautaire du Nouveau-Brunswick ccnb\" width=\"67\" height=\"83\" \/><\/p>\n\t\t<\/div>\n\t\t\t\t\t<\/div>\n\n\t\n<\/div>\n\t<div id=\"gap-470616936\" class=\"gap-element clearfix\" style=\"display:block; height:auto;\">\n\t\t\n<style>\n#gap-470616936 {\n  padding-top: 30px;\n}\n<\/style>\n\t<\/div>\n\t\n<div class=\"row\"  id=\"row-936714668\">\n\n\t<div id=\"col-964143972\" class=\"col medium-6 small-12 large-6\"  >\n\t\t\t\t<div class=\"col-inner\"  >\n\t\t\t\n\t\t\t\n<p>L\u2019expo-projections <strong>\u00ab OUI! <\/strong><b>\u00c9t\u00e9 comme hiver&#8230; Pour c\u00e9l\u00e9brer la vie, l\u2019amour, la mort, on danse \u00bb<\/b>\u00a0trace l\u2019\u00e9volution de la danse \u00e0 l\u2019\u00e9cran \u00e0 partir de la fameuse \u00ab Danse dans la neige \u00bb (1948) de Fran\u00e7oise Sullivan signataire du Refus global. Les th\u00e9matiques des \u0153uvres, des films et de l\u2019expo-projections qui r\u00e9sonneront au c\u0153ur de Cin\u00e9danse Caraquet am\u00e8nent plus loin les r\u00e9flexions humanistes qui ont forg\u00e9 la programmation de nos \u00e9v\u00e9nements.<\/p>\n<p>Des cr\u00e9ations de danse \u00e0 l\u2019\u00e9cran qui questionneront le spectateur sur son rapport \u00e0 notre intimit\u00e9, \u00e0 l\u2019autre, \u00e0 l\u2019\u00e9tranger, au couple, aux cycles de la vie, au lien entre les g\u00e9n\u00e9rations, \u00e0 la vieillesse et \u00e0 la mort.<\/p>\n\t\t<\/div>\n\t\t\t\t\t<\/div>\n\n\t\n\n\t<div id=\"col-1160011347\" class=\"col medium-6 small-12 large-6\"  >\n\t\t\t\t<div class=\"col-inner\"  >\n\t\t\t\n\t\t\t\n<p>La danse est un socle de gu\u00e9rison et d\u2019\u00e9mancipation d\u00e9montr\u00e9 par bien des \u0153uvres de cette expo-projections. Semblable \u00e0 tous les bords de mer nordiques, la Baie de Caraquet regorge de colonies de m\u00e9duses. Elles se d\u00e9tacheront des algues qui les emprisonnent lors de Cin\u00e9danse Caraquet 2023 pour provoquer une onde de danse \u00e0 travers la communaut\u00e9 et notamment dans deux des cabanes du Quai des artistes.<\/p>\n\n<a class=\"button white button-calendar\" href=\"data:text\/calendar;charset=utf-8,BEGIN%3AVCALENDAR%0D%0AVERSION%3A2.0%0D%0APRODID%3A-%2F%2FCinedanse%2F%2FNONSGML%20Calendar%2F%2FEN%0D%0ABEGIN%3AVEVENT%0D%0AUID%3A69f7184a83d28%0D%0ADTSTART%3BTZID%3DAmerica%2FHalifax%3A20230629T170000%0D%0ADTEND%3BTZID%3DAmerica%2FHalifax%3A20230629T190000%0D%0ASUMMARY%3AExpo-projections%20%C2%AB%20OUI%21%20%C2%BB%2C%20%C3%A9t%C3%A9%20comme%20hiver%E2%80%A6pour%20c%C3%A9l%C3%A9brer%20la%20vie%2C%20l%E2%80%99amour%2C%20la%20mort%2C%20on%20danse%0D%0ADESCRIPTION%3ADe%20cinq%20%C3%A0%20sept%2C%20tous%20les%20quarts%20d%E2%80%99heure%2C%20tracez%20l%E2%80%99%C3%A9volution%20de%20la%20danse%20%C3%A0%20l%E2%80%99%C3%A9cran%20%C3%A0%20travers%20des%20cr%C3%A9ations%20qui%20vont%20questionner%20le%20spectateur%20sur%20son%20rapport%20%C3%A0%20notre%20intimit%C3%A9%2C%20%C3%A0%20l%E2%80%99autre%2C%20%C3%A0%20l%E2%80%99%C3%A9tranger%2C%20au%20couple%2C%20aux%20cycles%20de%20la%20vie%2C%20au%20lien%20entre%20les%20g%C3%A9n%C3%A9rations%2C%20%C3%A0%20la%20vieillesse%20et%20%C3%A0%20la%20mort.%0D%0ALOCATION%3AQuai%20des%20artistes%2C%2047%20ave%20du%20Carrefour%2C%20situ%C3%A9%20sur%20le%20site%20du%20Carrefour%20de%20la%20mer.%0D%0AEND%3AVEVENT%0D%0AEND%3AVCALENDAR%0D%0A\" download=\"expo-projections-oui-ete-comme-hiverpour-celebrer-la-vie-lamour-la-mort-on-danse.ics\"><span class=\"calendar-icon\" style=\"color: #ff4251 !important;\"><svg class=\"calendar-icon\" xmlns=\"http:\/\/www.w3.org\/2000\/svg\" viewBox=\"0 0 24 24\" fill=\"none\" stroke=\"currentColor\" stroke-width=\"1\" stroke-linecap=\"round\" stroke-linejoin=\"round\">\n    <line x1=\"3\" y1=\"8\" x2=\"21\" y2=\"8\"\/>\n  <rect x=\"3\" y=\"4\" width=\"18\" height=\"18\" rx=\"2\" ry=\"2\" \/>\n  <text x=\"13\" y=\"18\" font-size=\"10\" text-anchor=\"middle\">29<\/text>\n<\/svg><\/span> Ajouter \u00e0 mon calendrier<\/a>\n\n\t\t<\/div>\n\t\t\t\t\t<\/div>\n\n\t\n<\/div>\n\t<div id=\"gap-1772976845\" class=\"gap-element clearfix\" style=\"display:block; height:auto;\">\n\t\t\n<style>\n#gap-1772976845 {\n  padding-top: 30px;\n}\n<\/style>\n\t<\/div>\n\t\n<div class=\"row\"  id=\"row-30071896\">\n\n\t<div id=\"col-1989309887\" class=\"col medium-6 small-12 large-6\"  >\n\t\t\t\t<div class=\"col-inner\"  >\n\t\t\t\n\t\t\t\n<h3 style=\"font-weight: 900;\">\u00c0 l\u2019int\u00e9rieur des cabanes, chaque groupe de visiteur sera invit\u00e9 par les m\u00e9diateurs culturels \u00e0 lire, au hasard, un po\u00e8me des 5 po\u00e8tes acadiens suivants\u00a0:<\/h3>\n<ul>\n<li><strong>Georgette LeBlanc<\/strong>, Petits po\u00e8mes sur mon p\u00e8re qui est mort (2022), \u00c9ditions Perce-Neige.<\/li>\n<li><strong>Jonathan Roy<\/strong>, M\u00e9lamine m\u00e9duse (2023), \u00c9ditions Perce-Neige.<\/li>\n<li><strong>Guillaume Lavoie<\/strong>, Les oiseaux sacrifi\u00e9s, \u00c9dition Perce-Neige.<\/li>\n<li><strong>Shayne Micheal<\/strong>, Fif et sauvage (2020), \u00c9ditions Perce-Neige.<\/li>\n<li><strong>Felix Perkins<\/strong>, Boiteur des bois (2020), \u00c9ditions Perce-Neige.<\/li>\n<\/ul>\n\t\t<\/div>\n\t\t\t\t\t<\/div>\n\n\t\n\n\t<div id=\"col-465907554\" class=\"col medium-6 small-12 large-6\"  >\n\t\t\t\t<div class=\"col-inner\"  >\n\t\t\t\n\t\t\t\n<h3 style=\"font-weight: 900;\">Liste des films de l\u2019expo-projections <strong>\u00ab <\/strong>OUI! <strong>\u00bb<\/strong><\/h3>\n<ul>\n<li><a href=\"https:\/\/www.cinedanse.ca\/inauguration-de-lexpo-projections-oui-ete-comme-hiver-on-danse\/#filmsartitesquebec\">Les films d\u2019artistes du Qu\u00e9bec<\/a><\/li>\n<li><a href=\"https:\/\/www.cinedanse.ca\/inauguration-de-lexpo-projections-oui-ete-comme-hiver-on-danse\/#filmsartitesfrance\">Les films d\u2019artistes de France<\/a><\/li>\n<\/ul>\n\t<div id=\"gap-726863836\" class=\"gap-element clearfix\" style=\"display:block; height:auto;\">\n\t\t\n<style>\n#gap-726863836 {\n  padding-top: 30px;\n}\n<\/style>\n\t<\/div>\n\t\n<a href=\"https:\/\/www.cinedanse.ca\/2-juillet-fermeture\/inauguration-de-lexpo-projections-oui-ete-comme-hiver-on-danse\/\" class=\"button secondary lowercase\" style=\"border-radius:10px;\">\n\t\t<span>Voir tous les d\u00e9tails<\/span>\n\t<\/a>\n\n\t\t<\/div>\n\t\t\t\t\t<\/div>\n\n\t\n<\/div>\n\t<div id=\"gap-238058757\" class=\"gap-element clearfix\" style=\"display:block; height:auto;\">\n\t\t\n<style>\n#gap-238058757 {\n  padding-top: 30px;\n}\n<\/style>\n\t<\/div>\n\t\n\n<p><a name=\"programmemiroir\"><\/a><br \/>\n\n<div class=\"row\"  id=\"row-1136716277\">\n\n\t<div id=\"col-45335971\" class=\"col small-12 large-12\"  >\n\t\t\t\t<div class=\"col-inner\"  >\n\t\t\t\n\t\t\t\n\t<div id=\"text-2506593566\" class=\"text titresEvenements\">\n\t\t\n<h2>SPECTACLE Programme Miroir<\/h2>\n\t\t\t<\/div>\n\t\n\t\t<\/div>\n\t\t\t\t\t<\/div>\n\n\t\n\n<style>\n#row-1136716277 > .col > .col-inner {\n  padding: 1em 1em 0.05em 1em;\n  background-color: #1a1a1a;\n}\n@media (min-width:550px) {\n  #row-1136716277 > .col > .col-inner {\n    padding: 1em 1em 0.05em 1em;\n  }\n}\n<\/style>\n<\/div>\n\t<div id=\"gap-1722437505\" class=\"gap-element clearfix\" style=\"display:block; height:auto;\">\n\t\t\n<style>\n#gap-1722437505 {\n  padding-top: 15px;\n}\n<\/style>\n\t<\/div>\n\t\n\t<div id=\"text-649080178\" class=\"text adresseEvenements\">\n\t\t\n<h4>Boite-Th\u00e9\u00e2tre<\/h4>\n<p>11, boulevard St-Pierre Ouest, Caraquet N.-B. E1W 1B6<\/p>\n<p>20h \u00e0 21h15 | Contribution volontaire | Performances et po\u00e9sie<\/p>\n\t\t\t<\/div>\n\t\n\t<div id=\"gap-279373873\" class=\"gap-element clearfix\" style=\"display:block; height:auto;\">\n\t\t\n<style>\n#gap-279373873 {\n  padding-top: 15px;\n}\n<\/style>\n\t<\/div>\n\t\n<div class=\"row\"  id=\"row-545353540\">\n\n\t<div id=\"col-1124126967\" class=\"col small-12 large-12\"  >\n\t\t\t\t<div class=\"col-inner\"  >\n\t\t\t\n\t\t\t\n<p><img loading=\"lazy\" decoding=\"async\" class=\"alignleft size-full wp-image-12812\" src=\"https:\/\/www.cinedanse.ca\/wp-content\/uploads\/2023\/06\/logo_theatre_populaire_d_acadie-1.jpg\" alt=\"Th\u00e9\u00e2tre populaire d'Acadie\" width=\"167\" height=\"83\" \/><img loading=\"lazy\" decoding=\"async\" class=\"alignleft size-full wp-image-12820\" src=\"https:\/\/www.cinedanse.ca\/wp-content\/uploads\/2023\/06\/logo_canada-1.jpg\" alt=\"Gouvernement du Canada\" width=\"151\" height=\"83\" \/><img loading=\"lazy\" decoding=\"async\" class=\"alignleft size-full wp-image-12806\" src=\"https:\/\/www.cinedanse.ca\/wp-content\/uploads\/2023\/06\/logo_quebec-1.jpg\" alt=\"Gouvernement du Qu\u00e9bec\" width=\"205\" height=\"83\" \/><img loading=\"lazy\" decoding=\"async\" class=\"alignleft size-full wp-image-12810\" src=\"https:\/\/www.cinedanse.ca\/wp-content\/uploads\/2023\/06\/logo_spaasi-1.jpg\" alt=\"SPAASI\" width=\"62\" height=\"83\" \/><\/p>\n\t\t<\/div>\n\t\t\t\t\t<\/div>\n\n\t\n<\/div>\n\t<div id=\"gap-1875102863\" class=\"gap-element clearfix\" style=\"display:block; height:auto;\">\n\t\t\n<style>\n#gap-1875102863 {\n  padding-top: 30px;\n}\n<\/style>\n\t<\/div>\n\t\n\t<div class=\"img has-hover x md-x lg-x y md-y lg-y\" id=\"image_198951102\">\n\t\t\t\t\t\t\t\t<div class=\"img-inner dark\" >\n\t\t\t<img loading=\"lazy\" decoding=\"async\" width=\"1020\" height=\"576\" src=\"https:\/\/www.cinedanse.ca\/wp-content\/uploads\/2023\/05\/100x1x2_podium-03-1024x578.jpg\" class=\"attachment-large size-large\" alt=\"\" srcset=\"https:\/\/www.cinedanse.ca\/wp-content\/uploads\/2023\/05\/100x1x2_podium-03-1024x578.jpg 1024w, https:\/\/www.cinedanse.ca\/wp-content\/uploads\/2023\/05\/100x1x2_podium-03-300x169.jpg 300w, https:\/\/www.cinedanse.ca\/wp-content\/uploads\/2023\/05\/100x1x2_podium-03-768x434.jpg 768w, https:\/\/www.cinedanse.ca\/wp-content\/uploads\/2023\/05\/100x1x2_podium-03-1536x867.jpg 1536w, https:\/\/www.cinedanse.ca\/wp-content\/uploads\/2023\/05\/100x1x2_podium-03-2048x1156.jpg 2048w\" sizes=\"auto, (max-width: 1020px) 100vw, 1020px\" \/>\t\t\t\t\t\t\n\t\t\t\t\t<\/div>\n\t\t\t\t\t\t\t\t\n<style>\n#image_198951102 {\n  width: 100%;\n}\n<\/style>\n\t<\/div>\n\t\n<p>Cr\u00e9dit photo : \u00c9tienne Boivin.<\/p>\n\t<div id=\"gap-1727945430\" class=\"gap-element clearfix\" style=\"display:block; height:auto;\">\n\t\t\n<style>\n#gap-1727945430 {\n  padding-top: 15px;\n}\n<\/style>\n\t<\/div>\n\t\n\t<div id=\"text-1328345253\" class=\"text caraquetTitres\">\n\t\t\n<h2 style=\"color: #ff4250!important;\">\u00ab 100x1x2 \u00bb surFace danse (Jalianne Li), en collaboration avec Collectif HAT et Xavier Richard<\/h2>\n\t\t\t<\/div>\n\t\n\t<div id=\"gap-47679324\" class=\"gap-element clearfix\" style=\"display:block; height:auto;\">\n\t\t\n<style>\n#gap-47679324 {\n  padding-top: 15px;\n}\n<\/style>\n\t<\/div>\n\t\n<div class=\"row\"  id=\"row-813093435\">\n\n\t<div id=\"col-1198322400\" class=\"col medium-6 small-12 large-6\"  >\n\t\t\t\t<div class=\"col-inner\"  >\n\t\t\t\n\t\t\t\n<p>100x1x2 est un projet de la compagnie surFace Danse qui aborde les th\u00e8mes du temps et du lieu. Le projet s\u2019articule autour de deux s\u00e9ries de 100 vid\u00e9os de danse improvis\u00e9es d\u2019une minute tourn\u00e9s en mode<em> in situ<\/em> <strong>(100 vid\u00e9os x 1 minute x 2\u00a0s\u00e9ries)<\/strong>. La danseuse Jalianne Li les a film\u00e9 et publi\u00e9 sur les r\u00e9seaux sociaux alors qu\u2019elle voyageait \u00e0 travers le Canada et les \u00c9tats-Unis en 2018 et lorsqu\u2019elle \u00e9tait confin\u00e9e dans sa maison et sa cour en 2020.<\/p>\n\t\t<\/div>\n\t\t\t\t\t<\/div>\n\n\t\n\n\t<div id=\"col-1931968231\" class=\"col medium-6 small-12 large-6\"  >\n\t\t\t\t<div class=\"col-inner\"  >\n\t\t\t\n\t\t\t\n<blockquote><p>Face \u00e0 de nouvelles difficult\u00e9s et limitations, la performance 100x1x2 pose la question : comment pouvons- nous surmonter ce que la vie nous r\u00e9serve ?<\/p><\/blockquote>\n\n<a class=\"button white button-calendar\" href=\"data:text\/calendar;charset=utf-8,BEGIN%3AVCALENDAR%0D%0AVERSION%3A2.0%0D%0APRODID%3A-%2F%2FCinedanse%2F%2FNONSGML%20Calendar%2F%2FEN%0D%0ABEGIN%3AVEVENT%0D%0AUID%3A69f7184a86b70%0D%0ADTSTART%3BTZID%3DAmerica%2FHalifax%3A20230629T200000%0D%0ADTEND%3BTZID%3DAmerica%2FHalifax%3A20230629T211500%0D%0ASUMMARY%3ASpectacle%20programme%20Miroir%0D%0ADESCRIPTION%3ASpectacles%20%C2%AB%20100x1x2%20%C2%BB%20de%20Jalianne%20Li%20et%20%C2%AB%20Au%20bord%20de%20la%20piscine%20%C2%BB%20de%20Karen%20Bernard%2C%20avec%20la%20participation%20du%20po%C3%A8te%20Guillaume%20Lavoie.%0D%0ALOCATION%3ABo%C3%AEte-Th%C3%A9%C3%A2tre%2C%2011%20blvd%20St-Pierre%20Ouest%2C%20Caraquet%2C%20NB%20E1W%201B6%0D%0AEND%3AVEVENT%0D%0AEND%3AVCALENDAR%0D%0A\" download=\"spectacle-programme-miroir.ics\"><span class=\"calendar-icon\" style=\"color: #ff4251 !important;\"><svg class=\"calendar-icon\" xmlns=\"http:\/\/www.w3.org\/2000\/svg\" viewBox=\"0 0 24 24\" fill=\"none\" stroke=\"currentColor\" stroke-width=\"1\" stroke-linecap=\"round\" stroke-linejoin=\"round\">\n    <line x1=\"3\" y1=\"8\" x2=\"21\" y2=\"8\"\/>\n  <rect x=\"3\" y=\"4\" width=\"18\" height=\"18\" rx=\"2\" ry=\"2\" \/>\n  <text x=\"13\" y=\"18\" font-size=\"10\" text-anchor=\"middle\">29<\/text>\n<\/svg><\/span> Ajouter \u00e0 mon calendrier<\/a>\n\n\t\t<\/div>\n\t\t\t\t\t<\/div>\n\n\t\n<\/div>\n\t<div id=\"gap-1306776553\" class=\"gap-element clearfix\" style=\"display:block; height:auto;\">\n\t\t\n<style>\n#gap-1306776553 {\n  padding-top: 15px;\n}\n<\/style>\n\t<\/div>\n\t\n\t<div id=\"gap-2008087594\" class=\"gap-element clearfix\" style=\"display:block; height:auto;\">\n\t\t\n<style>\n#gap-2008087594 {\n  padding-top: 15px;\n}\n<\/style>\n\t<\/div>\n\t\n<h3><span style=\"font-weight: 900;\">Bio<\/span><\/h3>\n<div class=\"accordion\">\n\t<div id=\"accordion-2422616567\" class=\"accordion-item\">\n\t\t<a id=\"accordion-2422616567-label\" class=\"accordion-title plain\" href=\"#accordion-item-jalianne-li\" aria-expanded=\"false\" aria-controls=\"accordion-2422616567-content\">\n\t\t\t<button class=\"toggle\" aria-label=\"Toggle\"><i class=\"icon-angle-down\" aria-hidden=\"true\"><\/i><\/button>\n\t\t\t<span>Jalianne Li<\/span>\n\t\t<\/a>\n\t\t<div id=\"accordion-2422616567-content\" class=\"accordion-inner\" aria-labelledby=\"accordion-2422616567-label\">\n\t\t\t\n<div class=\"row\"  id=\"row-280670904\">\n\n\t<div id=\"col-1870655803\" class=\"col medium-6 small-12 large-6\"  >\n\t\t\t\t<div class=\"col-inner\"  >\n\t\t\t\n\t\t\t\n<p>Jalianne Li est une artiste multidisciplinaire sp\u00e9cialis\u00e9e en danse. D\u2019origine mixte chinoise et \u00e9cossaise, elle est bas\u00e9e \u00e0 Moncton au Nouveau-Brunswick, territoire traditionnel non c\u00e9d\u00e9 des peuples Wolastoqiyik et Mi\u2019kmaq. Apr\u00e8s avoir obtenu son BSc, elle a \u00e9tudi\u00e9 la danse \u00e0 Trinity Laban, a fait son apprentissage avec Springs Danse Company et a fond\u00e9 surFace Danse en 2012. Le travail de Li s\u2019inspire de ses exp\u00e9riences, se nourrit de collaborations \u00e9troites avec d\u2019autres artistes, est influenc\u00e9 par les espaces dans lesquelles elle cr\u00e9e, embrasse \u00e0 la fois le mouvement abstrait et \u00e9motif et int\u00e8gre la danse sur vid\u00e9o et projections. Li a \u00e9galement jou\u00e9 avec Satellite Theatre, Theatre New Brunswick, Connection Dance Works, Circus Stella et Danse En L\u2019Air.<\/p>\n\t\t<\/div>\n\t\t\t\t\t<\/div>\n\n\t\n\n\t<div id=\"col-1992362216\" class=\"col medium-6 small-12 large-6\"  >\n\t\t\t\t<div class=\"col-inner\"  >\n\t\t\t\n\t\t\t\n\t<div class=\"img has-hover x md-x lg-x y md-y lg-y\" id=\"image_1482643727\">\n\t\t\t\t\t\t\t\t<div class=\"img-inner dark\" >\n\t\t\t<img loading=\"lazy\" decoding=\"async\" width=\"580\" height=\"725\" src=\"https:\/\/www.cinedanse.ca\/wp-content\/uploads\/2023\/05\/jalianne_li_01-edit_b.jpg\" class=\"attachment-large size-large\" alt=\"Jalianne Li\" srcset=\"https:\/\/www.cinedanse.ca\/wp-content\/uploads\/2023\/05\/jalianne_li_01-edit_b.jpg 580w, https:\/\/www.cinedanse.ca\/wp-content\/uploads\/2023\/05\/jalianne_li_01-edit_b-240x300.jpg 240w\" sizes=\"auto, (max-width: 580px) 100vw, 580px\" \/>\t\t\t\t\t\t\n\t\t\t\t\t<\/div>\n\t\t\t\t\t\t\t\t\n<style>\n#image_1482643727 {\n  width: 100%;\n}\n<\/style>\n\t<\/div>\n\t\n\t\t<\/div>\n\t\t\t\t\t<\/div>\n\n\t\n<\/div>\n\t\t<\/div>\n\t<\/div>\n\t\n<\/div>\n\t<div id=\"gap-676613108\" class=\"gap-element clearfix\" style=\"display:block; height:auto;\">\n\t\t\n<style>\n#gap-676613108 {\n  padding-top: 30px;\n}\n<\/style>\n\t<\/div>\n\t\n\t<div id=\"gap-359683694\" class=\"gap-element clearfix\" style=\"display:block; height:auto;\">\n\t\t\n<style>\n#gap-359683694 {\n  padding-top: 15px;\n}\n<\/style>\n\t<\/div>\n\t\n<div class=\"row\"  id=\"row-1868046904\">\n\n\t<div id=\"col-1929330335\" class=\"col medium-6 small-12 large-6\"  >\n\t\t\t\t<div class=\"col-inner\"  >\n\t\t\t\n\t\t\t\n\n<a class=\"button white button-calendar\" href=\"data:text\/calendar;charset=utf-8,BEGIN%3AVCALENDAR%0D%0AVERSION%3A2.0%0D%0APRODID%3A-%2F%2FCinedanse%2F%2FNONSGML%20Calendar%2F%2FEN%0D%0ABEGIN%3AVEVENT%0D%0AUID%3A69f7184a88c93%0D%0ADTSTART%3BTZID%3DAmerica%2FHalifax%3A20230629T200000%0D%0ADTEND%3BTZID%3DAmerica%2FHalifax%3A20230629T211500%0D%0ASUMMARY%3ASpectacle%20programme%20Miroir%0D%0ADESCRIPTION%3ASpectacles%20%C2%AB%20100x1x2%20%C2%BB%20de%20Jalianne%20Li%20et%20%C2%AB%20Au%20bord%20de%20la%20piscine%20%C2%BB%20de%20Karen%20Bernard%2C%20avec%20la%20participation%20du%20po%C3%A8te%20Guillaume%20Lavoie.%0D%0ALOCATION%3ABo%C3%AEte-Th%C3%A9%C3%A2tre%2C%2011%20blvd%20St-Pierre%20Ouest%2C%20Caraquet%2C%20NB%20E1W%201B6%0D%0AEND%3AVEVENT%0D%0AEND%3AVCALENDAR%0D%0A\" download=\"spectacle-programme-miroir.ics\"><span class=\"calendar-icon\" style=\"color: #ff4251 !important;\"><svg class=\"calendar-icon\" xmlns=\"http:\/\/www.w3.org\/2000\/svg\" viewBox=\"0 0 24 24\" fill=\"none\" stroke=\"currentColor\" stroke-width=\"1\" stroke-linecap=\"round\" stroke-linejoin=\"round\">\n    <line x1=\"3\" y1=\"8\" x2=\"21\" y2=\"8\"\/>\n  <rect x=\"3\" y=\"4\" width=\"18\" height=\"18\" rx=\"2\" ry=\"2\" \/>\n  <text x=\"13\" y=\"18\" font-size=\"10\" text-anchor=\"middle\">29<\/text>\n<\/svg><\/span> Ajouter \u00e0 mon calendrier<\/a>\n\n\t\t<\/div>\n\t\t\t\t\t<\/div>\n\n\t\n\n\t<div id=\"col-197992316\" class=\"col medium-6 small-12 large-6\"  >\n\t\t\t\t<div class=\"col-inner\"  >\n\t\t\t\n\t\t\t\n\n\n\t\t<\/div>\n\t\t\t\t\t<\/div>\n\n\t\n<\/div>\n\t<div id=\"gap-1960188055\" class=\"gap-element clearfix\" style=\"display:block; height:auto;\">\n\t\t\n<style>\n#gap-1960188055 {\n  padding-top: 15px;\n}\n<\/style>\n\t<\/div>\n\t\n<h2><span style=\"color: #ff4350;\">\u00ab<strong> Les Oiseaux Sacrifi\u00e9s<\/strong> \u00bb<\/span><\/h2>\n<p>Avec la participation du <strong>po\u00e8te de Caraquet Guillaume Lavoie<\/strong> qui lira un extrait de son nouveau recueil de po\u00e9sie \u00ab<strong> Les Oiseaux Sacrifi\u00e9s<\/strong> \u00bb (Ed. Perce-Neige).<\/p>\n<h3><span style=\"font-weight: 900;\">Bio<\/span><\/h3>\n<div class=\"accordion\">\n\t<div id=\"accordion-3048891596\" class=\"accordion-item\">\n\t\t<a id=\"accordion-3048891596-label\" class=\"accordion-title plain\" href=\"#accordion-item-guillaume-lavoie\" aria-expanded=\"false\" aria-controls=\"accordion-3048891596-content\">\n\t\t\t<button class=\"toggle\" aria-label=\"Toggle\"><i class=\"icon-angle-down\" aria-hidden=\"true\"><\/i><\/button>\n\t\t\t<span>Guillaume Lavoie<\/span>\n\t\t<\/a>\n\t\t<div id=\"accordion-3048891596-content\" class=\"accordion-inner\" aria-labelledby=\"accordion-3048891596-label\">\n\t\t\t\n<div class=\"row\"  id=\"row-1112149387\">\n\n\t<div id=\"col-903559225\" class=\"col medium-6 small-12 large-6\"  >\n\t\t\t\t<div class=\"col-inner\"  >\n\t\t\t\n\t\t\t\n<p>Originaire de Caraquet, Guillaume Lavoie a \u00e9t\u00e9 batteur pour diff\u00e9rents groupes musicaux obscurs avant de tomber dans la po\u00e9sie. Son \u00e9criture va droit au but et elle traduit une r\u00e9alit\u00e9 plut\u00f4t sombre, sans devenir trop lourde. Les oiseaux sacrifi\u00e9s, publi\u00e9 en mars 2023, est son premier recueil de po\u00e9sie.<\/p>\n\t\t<\/div>\n\t\t\t\t\t<\/div>\n\n\t\n\n\t<div id=\"col-1523372732\" class=\"col medium-6 small-12 large-6\"  >\n\t\t\t\t<div class=\"col-inner\"  >\n\t\t\t\n\t\t\t\n\t\t<\/div>\n\t\t\t\t\t<\/div>\n\n\t\n<\/div>\n\t\t<\/div>\n\t<\/div>\n\t\n<\/div>\n\t<div id=\"gap-168581173\" class=\"gap-element clearfix\" style=\"display:block; height:auto;\">\n\t\t\n<style>\n#gap-168581173 {\n  padding-top: 15px;\n}\n<\/style>\n\t<\/div>\n\t\n\t<div id=\"gap-930647814\" class=\"gap-element clearfix\" style=\"display:block; height:auto;\">\n\t\t\n<style>\n#gap-930647814 {\n  padding-top: 30px;\n}\n<\/style>\n\t<\/div>\n\t\n\n<p><a name=\"souslesetoiles\"><\/a><br \/>\n\n<div class=\"row\"  id=\"row-1780745733\">\n\n\t<div id=\"col-1461099707\" class=\"col small-12 large-12\"  >\n\t\t\t\t<div class=\"col-inner\"  >\n\t\t\t\n\t\t\t\n\t<div id=\"text-396850024\" class=\"text titresEvenements\">\n\t\t\n<h2>Projection \u00ab Cin\u00e9danse sous les \u00e9toiles \u00bb<\/h2>\n\t\t\t<\/div>\n\t\n\t\t<\/div>\n\t\t\t\t\t<\/div>\n\n\t\n\n<style>\n#row-1780745733 > .col > .col-inner {\n  padding: 1em 1em 0.05em 1em;\n  background-color: #1a1a1a;\n}\n@media (min-width:550px) {\n  #row-1780745733 > .col > .col-inner {\n    padding: 1em 1em 0.05em 1em;\n  }\n}\n<\/style>\n<\/div>\n\t<div id=\"gap-1476003338\" class=\"gap-element clearfix\" style=\"display:block; height:auto;\">\n\t\t\n<style>\n#gap-1476003338 {\n  padding-top: 15px;\n}\n<\/style>\n\t<\/div>\n\t\n\t<div id=\"text-4262450133\" class=\"text adresseEvenements\">\n\t\t\n<h4>Plage Foley<\/h4>\n<p>28 Rue Foley, Caraquet, NB E1W 1B6, Canada<\/p>\n<p>21h30 \u00e0 23h | Gratuit | Projection en pr\u00e9sence des artistes<\/p>\n\t\t\t<\/div>\n\t\n\t<div id=\"gap-2033736268\" class=\"gap-element clearfix\" style=\"display:block; height:auto;\">\n\t\t\n<style>\n#gap-2033736268 {\n  padding-top: 15px;\n}\n<\/style>\n\t<\/div>\n\t\n<div class=\"row\"  id=\"row-1168820639\">\n\n\t<div id=\"col-1273607108\" class=\"col small-12 large-12\"  >\n\t\t\t\t<div class=\"col-inner\"  >\n\t\t\t\n\t\t\t\n<p><img loading=\"lazy\" decoding=\"async\" class=\"alignleft size-full wp-image-12814\" src=\"https:\/\/www.cinedanse.ca\/wp-content\/uploads\/2023\/06\/logo_ville_de_caraquet-1.jpg\" alt=\"Ville de Caraquet, Capitale de l'Acadie\" width=\"216\" height=\"83\" \/><img loading=\"lazy\" decoding=\"async\" class=\"alignleft size-full wp-image-12820\" src=\"https:\/\/www.cinedanse.ca\/wp-content\/uploads\/2023\/06\/logo_canada-1.jpg\" alt=\"Gouvernement du Canada\" width=\"151\" height=\"83\" \/><img loading=\"lazy\" decoding=\"async\" class=\"alignleft size-full wp-image-12806\" src=\"https:\/\/www.cinedanse.ca\/wp-content\/uploads\/2023\/06\/logo_quebec-1.jpg\" alt=\"Gouvernement du Qu\u00e9bec\" width=\"205\" height=\"83\" \/><\/p>\n\t\t<\/div>\n\t\t\t\t\t<\/div>\n\n\t\n<\/div>\n\t<div id=\"gap-194718438\" class=\"gap-element clearfix\" style=\"display:block; height:auto;\">\n\t\t\n<style>\n#gap-194718438 {\n  padding-top: 15px;\n}\n<\/style>\n\t<\/div>\n\t\n\t<div id=\"gap-741160350\" class=\"gap-element clearfix\" style=\"display:block; height:auto;\">\n\t\t\n<style>\n#gap-741160350 {\n  padding-top: 15px;\n}\n<\/style>\n\t<\/div>\n\t\n<div class=\"row\"  id=\"row-1935138501\">\n\n\t<div id=\"col-2054398137\" class=\"col medium-6 small-12 large-6\"  >\n\t\t\t\t<div class=\"col-inner\"  >\n\t\t\t\n\t\t\t\n<p>Programme OUI ! E\u2019E! AHA! EHE! AA!<strong> Au c\u0153ur des Premi\u00e8res Nations<\/strong> avec la participation des artistes autochtones Marie Kryszko (Pabineau), Shelly-Ann Robichaud (Mi\u2019kmaq), Th\u00e9rese Ottawa (Manawan), M\u00e9lina Quitich-Niquay (Manawan) ainsi que l&#8217;artiste Mi\u2019kmaq Garry Sanipass de Tjipogtotjg.<\/p>\n\n<a class=\"button white button-calendar\" href=\"data:text\/calendar;charset=utf-8,BEGIN%3AVCALENDAR%0D%0AVERSION%3A2.0%0D%0APRODID%3A-%2F%2FCinedanse%2F%2FNONSGML%20Calendar%2F%2FEN%0D%0ABEGIN%3AVEVENT%0D%0AUID%3A69f7184a8a39d%0D%0ADTSTART%3BTZID%3DAmerica%2FHalifax%3A20230629T213000%0D%0ADTEND%3BTZID%3DAmerica%2FHalifax%3A20230629T224500%0D%0ASUMMARY%3ACin%C3%A9danse%20sous%20les%20%C3%A9toiles%3A%20Programme%20OUI%20%21%20E%E2%80%99E%21%20AHA%21%20EHE%21%20AA%21%20Au%20c%C5%93ur%20des%20Premi%C3%A8res%20Nations%0D%0ADESCRIPTION%3ANotamment%20avec%20la%20participation%20de%20l%E2%80%99artiste%20autochtone%20Marie%20Kryszko%20de%20Pabineau.%0D%0ALOCATION%3APlage%20Foley%2C%2028%20Rue%20Foley%2C%20Caraquet%2C%20NB%20E1W%201B6%0D%0AEND%3AVEVENT%0D%0AEND%3AVCALENDAR%0D%0A\" download=\"cinedanse-sous-les-etoiles-programme-oui-ee-aha-ehe-aa-au-coeur-des-premieres-nations.ics\"><span class=\"calendar-icon\" style=\"color: #ff4251 !important;\"><svg class=\"calendar-icon\" xmlns=\"http:\/\/www.w3.org\/2000\/svg\" viewBox=\"0 0 24 24\" fill=\"none\" stroke=\"currentColor\" stroke-width=\"1\" stroke-linecap=\"round\" stroke-linejoin=\"round\">\n    <line x1=\"3\" y1=\"8\" x2=\"21\" y2=\"8\"\/>\n  <rect x=\"3\" y=\"4\" width=\"18\" height=\"18\" rx=\"2\" ry=\"2\" \/>\n  <text x=\"13\" y=\"18\" font-size=\"10\" text-anchor=\"middle\">29<\/text>\n<\/svg><\/span> Ajouter \u00e0 mon calendrier<\/a>\n\n\t\t<\/div>\n\t\t\t\t\t<\/div>\n\n\t\n\n\t<div id=\"col-1233446212\" class=\"col medium-6 small-12 large-6\"  >\n\t\t\t\t<div class=\"col-inner\"  >\n\t\t\t\n\t\t\t\n\t\t<\/div>\n\t\t\t\t\t<\/div>\n\n\t\n<\/div>\n\t<div id=\"gap-1594181182\" class=\"gap-element clearfix\" style=\"display:block; height:auto;\">\n\t\t\n<style>\n#gap-1594181182 {\n  padding-top: 30px;\n}\n<\/style>\n\t<\/div>\n\t\n\t<div id=\"text-4251449877\" class=\"text caraquetTitres\">\n\t\t\n<h2 style=\"color: #ff4250!important;\">Listes des films Au programme<\/h2>\n\t\t\t<\/div>\n\t\n<h3><span style=\"font-weight: 900;\">Programme OUI ! E\u2019E! AHA! EHE! AA!<\/span><br \/>\nAu c\u0153ur des Premi\u00e8res Nations<\/h3>\n<div class=\"accordion\">\n\t<div id=\"accordion-1005415173\" class=\"accordion-item\">\n\t\t<a id=\"accordion-1005415173-label\" class=\"accordion-title plain\" href=\"#accordion-item-\u00ab-le-chemin-rouge-\u00bb-de-th\u00e9r\u00e8se-d\u2019ottawa\" aria-expanded=\"false\" aria-controls=\"accordion-1005415173-content\">\n\t\t\t<button class=\"toggle\" aria-label=\"Toggle\"><i class=\"icon-angle-down\" aria-hidden=\"true\"><\/i><\/button>\n\t\t\t<span>\u00ab Le Chemin Rouge \u00bb de Th\u00e9r\u00e8se d\u2019Ottawa<\/span>\n\t\t<\/a>\n\t\t<div id=\"accordion-1005415173-content\" class=\"accordion-inner\" aria-labelledby=\"accordion-1005415173-label\">\n\t\t\t\n<div class=\"row\"  id=\"row-2082796542\">\n\n\t<div id=\"col-72628462\" class=\"col medium-6 small-12 large-6\"  >\n\t\t\t\t<div class=\"col-inner\"  >\n\t\t\t\n\t\t\t\n<p>Ce court m\u00e9trage documentaire nous am\u00e8ne au c\u0153ur d\u2019un v\u00e9ritable <strong>Pow-Wow<\/strong> traditionnel. En suivant le parcours de Tony Chachai, jeune Autochtone en qu\u00eate d\u2019identit\u00e9\u0301, la cin\u00e9aste originaire de Manawan se penche sur la culture, le pass\u00e9 et la transmission du savoir et des connaissances au sein des membres d\u2019une communaut\u00e9 atikamekw. Mu par le d\u00e9sir de renouer avec sa famille et ses racines, Tony Chachai livre un t\u00e9moignage touchant sur le chemin qui l\u2019a ramen\u00e9 aupr\u00e8s des siens. L\u2019aube de devenir p\u00e8re, il prend conscience de la richesse de cet h\u00e9ritage et c\u00e9l\u00e8bre ce pass\u00e9 en dansant dans un Pow-Wow aux c\u00f4t\u00e9s de son cousin Ronny Chachai.<\/p>\n\t\t<\/div>\n\t\t\t\t\t<\/div>\n\n\t\n\n\t<div id=\"col-68707372\" class=\"col medium-6 small-12 large-6\"  >\n\t\t\t\t<div class=\"col-inner\"  >\n\t\t\t\n\t\t\t\n<p><strong>R\u00e9alisation :<\/strong> Th\u00e9r\u00e8se d\u2019Ottawa | Qu\u00e9bec | 2015 | 15\u2032<\/p>\n\t\t<\/div>\n\t\t\t\t\t<\/div>\n\n\t\n<\/div>\n\t\t<\/div>\n\t<\/div>\n\t\n\t<div id=\"accordion-909204256\" class=\"accordion-item\">\n\t\t<a id=\"accordion-909204256-label\" class=\"accordion-title plain\" href=\"#accordion-item-\u00ab-smudge-\u00bb-de-barbara-diabo\" aria-expanded=\"false\" aria-controls=\"accordion-909204256-content\">\n\t\t\t<button class=\"toggle\" aria-label=\"Toggle\"><i class=\"icon-angle-down\" aria-hidden=\"true\"><\/i><\/button>\n\t\t\t<span>\u00ab SMUDGE \u00bb de Barbara Diabo<\/span>\n\t\t<\/a>\n\t\t<div id=\"accordion-909204256-content\" class=\"accordion-inner\" aria-labelledby=\"accordion-909204256-label\">\n\t\t\t\n<div class=\"row\"  id=\"row-476524683\">\n\n\t<div id=\"col-1947994367\" class=\"col medium-6 small-12 large-6\"  >\n\t\t\t\t<div class=\"col-inner\"  >\n\t\t\t\n\t\t\t\n<p>Chor\u00e9graphie et concept de Barbara Diabo, dirig\u00e9s par la r\u00e9alisatrice autochtone Pepper O&#8217;Bomsawin. C\u2019est Barabara Diabo, elle-m\u00eame et son enfant qui danse dedans.<\/p>\n<p><strong>SMUDGE \u2013 Purification par la fum\u00e9e [d\u00e9finition] :<\/strong> \u00ab Pratique utilis\u00e9e par de nombreux peuples autochtones qui consiste \u00e0 br\u00fbler des plantes m\u00e9dicinales et \u00e0 s\u2019immerger dans la fum\u00e9e produite. Ce rituel purifie l\u2019espace, convoque une \u00e9nergie positive et disperse l\u2019\u00e9nergie n\u00e9gative tout en nous rapprochant de la Terre et de nos anc\u00eatres. \u00bb<\/p>\n<p>Deux g\u00e9n\u00e9rations, un pass\u00e9 et un avenir. La force de la tradition, l\u2019isolement dans le monde actuel. Tous unis par le sang, unis par la Terre. Ce lien peut-il vaincre cette d\u00e9solation?<\/p>\n\t\t<\/div>\n\t\t\t\t\t<\/div>\n\n\t\n\n\t<div id=\"col-439910145\" class=\"col medium-6 small-12 large-6\"  >\n\t\t\t\t<div class=\"col-inner\"  >\n\t\t\t\n\t\t\t\n<p><strong>R\u00e9alisateur :<\/strong> Pepper O&#8217;Bomsawin |<strong> Chor\u00e9graphe et danseuse :<\/strong> Barbara Kaneratonni Diabo | Kahnawake | 2020 | 5\u201920\u2019<\/p>\n\t\t<\/div>\n\t\t\t\t\t<\/div>\n\n\t\n<\/div>\n\t\t<\/div>\n\t<\/div>\n\t\n\t<div id=\"accordion-369036747\" class=\"accordion-item\">\n\t\t<a id=\"accordion-369036747-label\" class=\"accordion-title plain\" href=\"#accordion-item-\u00ab-gitogal-logmeg-(danser-dans-un-cercle)-\u00bb-de-julien-lanteigne\" aria-expanded=\"false\" aria-controls=\"accordion-369036747-content\">\n\t\t\t<button class=\"toggle\" aria-label=\"Toggle\"><i class=\"icon-angle-down\" aria-hidden=\"true\"><\/i><\/button>\n\t\t\t<span>\u00ab Gitogal Logmeg (Danser dans un cercle) \u00bb de Julien Lanteigne<\/span>\n\t\t<\/a>\n\t\t<div id=\"accordion-369036747-content\" class=\"accordion-inner\" aria-labelledby=\"accordion-369036747-label\">\n\t\t\t\n<div class=\"row\"  id=\"row-155645039\">\n\n\t<div id=\"col-905319003\" class=\"col medium-6 small-12 large-6\"  >\n\t\t\t\t<div class=\"col-inner\"  >\n\t\t\t\n\t\t\t\n<p>Un homme ordinaire de la ville se rend dans la for\u00eat et construit un cercle de pierres. Ses gestes r\u00e9veillent un esprit et le cercle devient alors un lieu de transformation.<\/p>\n\t\t<\/div>\n\t\t\t\t\t<\/div>\n\n\t\n\n\t<div id=\"col-883873523\" class=\"col medium-6 small-12 large-6\"  >\n\t\t\t\t<div class=\"col-inner\"  >\n\t\t\t\n\t\t\t\n<p><strong>R\u00e9alisateur :<\/strong> Julien Lanteigne | <strong>Performance :<\/strong> Garry Sanipass | 19\u201929<\/p>\n\t\t<\/div>\n\t\t\t\t\t<\/div>\n\n\t\n<\/div>\n\t\t<\/div>\n\t<\/div>\n\t\n\t<div id=\"accordion-1695036640\" class=\"accordion-item\">\n\t\t<a id=\"accordion-1695036640-label\" class=\"accordion-title plain\" href=\"#accordion-item-courts-m\u00e9trages-produits-par-wapikoni-mobile\" aria-expanded=\"false\" aria-controls=\"accordion-1695036640-content\">\n\t\t\t<button class=\"toggle\" aria-label=\"Toggle\"><i class=\"icon-angle-down\" aria-hidden=\"true\"><\/i><\/button>\n\t\t\t<span>Courts m\u00e9trages produits par Wapikoni Mobile<\/span>\n\t\t<\/a>\n\t\t<div id=\"accordion-1695036640-content\" class=\"accordion-inner\" aria-labelledby=\"accordion-1695036640-label\">\n\t\t\t\n<div class=\"row\"  id=\"row-58328097\">\n\n\t<div id=\"col-758180764\" class=\"col medium-6 small-12 large-6\"  >\n\t\t\t\t<div class=\"col-inner\"  >\n\t\t\t\n\t\t\t\n<p>Au c\u0153ur des Premi\u00e8res Nations<\/p>\n\t\t<\/div>\n\t\t\t\t\t<\/div>\n\n\t\n\n\t<div id=\"col-1744696550\" class=\"col medium-6 small-12 large-6\"  >\n\t\t\t\t<div class=\"col-inner\"  >\n\t\t\t\n\t\t\t\n\t\t<\/div>\n\t\t\t\t\t<\/div>\n\n\t\n<\/div>\n\t\t<\/div>\n\t<\/div>\n\t\n\t<div id=\"accordion-2277138503\" class=\"accordion-item\">\n\t\t<a id=\"accordion-2277138503-label\" class=\"accordion-title plain\" href=\"#accordion-item-\u00ab-healing-scars-(gu\u00e9rir-les-blessures)-\u00bb\" aria-expanded=\"false\" aria-controls=\"accordion-2277138503-content\">\n\t\t\t<button class=\"toggle\" aria-label=\"Toggle\"><i class=\"icon-angle-down\" aria-hidden=\"true\"><\/i><\/button>\n\t\t\t<span>\u00ab Healing Scars (Gu\u00e9rir les blessures) \u00bb<\/span>\n\t\t<\/a>\n\t\t<div id=\"accordion-2277138503-content\" class=\"accordion-inner\" aria-labelledby=\"accordion-2277138503-label\">\n\t\t\t\n<div class=\"row\"  id=\"row-408338922\">\n\n\t<div id=\"col-1635806509\" class=\"col medium-6 small-12 large-6\"  >\n\t\t\t\t<div class=\"col-inner\"  >\n\t\t\t\n\t\t\t\n<p>La jeune Autochtone Darian Smith habite maintenant \u00e0 Ottawa. Elle souhaite \u00e9tudier en sciences infirmi\u00e8res au Coll\u00e8ge Algonquin et devenir m\u00e9decin. Produit par Wapikoni Mobile, ce court m\u00e9trage qu\u2019elle a co-r\u00e9alis\u00e9 a inspir\u00e9 la th\u00e9matique de Cin\u00e9danse Ottawa. \u00ab <strong>Healing Scars<\/strong> \u00bb porte sur les enseignements li\u00e9s \u00e0 la \u00ab robe \u00e0 clochettes \u00bb<strong> (jingle dress)<\/strong> et ses fonctions de gu\u00e9rison. Apr\u00e8s une chirurgie \u00e0 c\u0153ur ouvert, Deedee entame la danse de la robe \u00e0 clochettes. Ce film accompagne quatre jeunes femmes pendant leur apprentissage de cette danse de la gu\u00e9rison.<\/p>\n\t\t<\/div>\n\t\t\t\t\t<\/div>\n\n\t\n\n\t<div id=\"col-1296156762\" class=\"col medium-6 small-12 large-6\"  >\n\t\t\t\t<div class=\"col-inner\"  >\n\t\t\t\n\t\t\t\n<p><strong>R\u00e9alisation :<\/strong> Darian Smith, Kristina Decontie |<strong> Nation :<\/strong> Anishnabe | Kitigan Zibi, Qu\u00e9bec | 2014 | 5\u201920<\/p>\n\t\t<\/div>\n\t\t\t\t\t<\/div>\n\n\t\n<\/div>\n\t\t<\/div>\n\t<\/div>\n\t\n\t<div id=\"accordion-874980723\" class=\"accordion-item\">\n\t\t<a id=\"accordion-874980723-label\" class=\"accordion-title plain\" href=\"#accordion-item-\u00ab-nodin-(vent)-\u00bb\" aria-expanded=\"false\" aria-controls=\"accordion-874980723-content\">\n\t\t\t<button class=\"toggle\" aria-label=\"Toggle\"><i class=\"icon-angle-down\" aria-hidden=\"true\"><\/i><\/button>\n\t\t\t<span>\u00ab Nodin (Vent) \u00bb<\/span>\n\t\t<\/a>\n\t\t<div id=\"accordion-874980723-content\" class=\"accordion-inner\" aria-labelledby=\"accordion-874980723-label\">\n\t\t\t\n<div class=\"row\"  id=\"row-1928711544\">\n\n\t<div id=\"col-1802481168\" class=\"col medium-6 small-12 large-6\"  >\n\t\t\t\t<div class=\"col-inner\"  >\n\t\t\t\n\t\t\t\n<p>Nodin exprime sa fiert\u00e9\u0301 d\u2019\u00eatre Anishnabe par la danse hip-hop.<\/p>\n\t\t<\/div>\n\t\t\t\t\t<\/div>\n\n\t\n\n\t<div id=\"col-1191013861\" class=\"col medium-6 small-12 large-6\"  >\n\t\t\t\t<div class=\"col-inner\"  >\n\t\t\t\n\t\t\t\n<p><strong>R\u00e9alisation:<\/strong> Nodin Wawadie | <strong>Nation :<\/strong> Anishnabe | Kitigan Zibi, Qu\u00e9bec | 2010 | 2\u201945<\/p>\n\t\t<\/div>\n\t\t\t\t\t<\/div>\n\n\t\n<\/div>\n\t\t<\/div>\n\t<\/div>\n\t\n\t<div id=\"accordion-4071084251\" class=\"accordion-item\">\n\t\t<a id=\"accordion-4071084251-label\" class=\"accordion-title plain\" href=\"#accordion-item-\u00ab-odehimin-(baie-du-coeur)\u00bb\" aria-expanded=\"false\" aria-controls=\"accordion-4071084251-content\">\n\t\t\t<button class=\"toggle\" aria-label=\"Toggle\"><i class=\"icon-angle-down\" aria-hidden=\"true\"><\/i><\/button>\n\t\t\t<span>\u00ab Odehimin (Baie du coeur)\u00bb<\/span>\n\t\t<\/a>\n\t\t<div id=\"accordion-4071084251-content\" class=\"accordion-inner\" aria-labelledby=\"accordion-4071084251-label\">\n\t\t\t\n<div class=\"row\"  id=\"row-923858804\">\n\n\t<div id=\"col-855020876\" class=\"col medium-6 small-12 large-6\"  >\n\t\t\t\t<div class=\"col-inner\"  >\n\t\t\t\n\t\t\t\n<p>Odehimin c\u2019est se reconnecter avec soi-m\u00eame et r\u00e9apprendre \u00e0 s\u2019aimer.<\/p>\n\t\t<\/div>\n\t\t\t\t\t<\/div>\n\n\t\n\n\t<div id=\"col-994469715\" class=\"col medium-6 small-12 large-6\"  >\n\t\t\t\t<div class=\"col-inner\"  >\n\t\t\t\n\t\t\t\n<p><strong>R\u00e9alisation:<\/strong> Kij\u00e2tai-Alexandra Veil- lette-Cheezo |<strong> Nation :<\/strong> Anicinape de Val d\u2019Or | 2020| 2\u201945<\/p>\n\t\t<\/div>\n\t\t\t\t\t<\/div>\n\n\t\n<\/div>\n\t\t<\/div>\n\t<\/div>\n\t\n\t<div id=\"accordion-2711156285\" class=\"accordion-item\">\n\t\t<a id=\"accordion-2711156285-label\" class=\"accordion-title plain\" href=\"#accordion-item-\u00ab-kenin-\u00bb\" aria-expanded=\"false\" aria-controls=\"accordion-2711156285-content\">\n\t\t\t<button class=\"toggle\" aria-label=\"Toggle\"><i class=\"icon-angle-down\" aria-hidden=\"true\"><\/i><\/button>\n\t\t\t<span>\u00ab Kenin \u00bb<\/span>\n\t\t<\/a>\n\t\t<div id=\"accordion-2711156285-content\" class=\"accordion-inner\" aria-labelledby=\"accordion-2711156285-label\">\n\t\t\t\n<div class=\"row\"  id=\"row-217965441\">\n\n\t<div id=\"col-2096185863\" class=\"col medium-6 small-12 large-6\"  >\n\t\t\t\t<div class=\"col-inner\"  >\n\t\t\t\n\t\t\t\n<p>Un po\u00e8me personnel et bouleversant s\u2019inscrivant dans le sillage du mouvement #moiaussi.<\/p>\n\t\t<\/div>\n\t\t\t\t\t<\/div>\n\n\t\n\n\t<div id=\"col-307722841\" class=\"col medium-6 small-12 large-6\"  >\n\t\t\t\t<div class=\"col-inner\"  >\n\t\t\t\n\t\t\t\n<p><strong>R\u00e9alisation :<\/strong> Elisa Moar | Atikamekw | 2018 |2\u201954<\/p>\n\t\t<\/div>\n\t\t\t\t\t<\/div>\n\n\t\n<\/div>\n\t\t<\/div>\n\t<\/div>\n\t\n\t<div id=\"accordion-3111833366\" class=\"accordion-item\">\n\t\t<a id=\"accordion-3111833366-label\" class=\"accordion-title plain\" href=\"#accordion-item-\u00ab-l&#039;origine-de-la-wolastoq-(amsqahs-peciyat)\u00bb\" aria-expanded=\"false\" aria-controls=\"accordion-3111833366-content\">\n\t\t\t<button class=\"toggle\" aria-label=\"Toggle\"><i class=\"icon-angle-down\" aria-hidden=\"true\"><\/i><\/button>\n\t\t\t<span>\u00ab L'origine de la Wolastoq (amsqahs peciyat)\u00bb<\/span>\n\t\t<\/a>\n\t\t<div id=\"accordion-3111833366-content\" class=\"accordion-inner\" aria-labelledby=\"accordion-3111833366-label\">\n\t\t\t\n<div class=\"row\"  id=\"row-56996786\">\n\n\t<div id=\"col-506045703\" class=\"col medium-6 small-12 large-6\"  >\n\t\t\t\t<div class=\"col-inner\"  >\n\t\t\t\n\t\t\t\n<p>L\u2019Origine de la Wolastoq: cette l\u00e9gende raconte la naissance de la rivi\u00e8re Wolastoq dont la forme est celle d\u2019un arbre.<\/p>\n\t\t<\/div>\n\t\t\t\t\t<\/div>\n\n\t\n\n\t<div id=\"col-1976164507\" class=\"col medium-6 small-12 large-6\"  >\n\t\t\t\t<div class=\"col-inner\"  >\n\t\t\t\n\t\t\t\n\t\t<\/div>\n\t\t\t\t\t<\/div>\n\n\t\n<\/div>\n\t\t<\/div>\n\t<\/div>\n\t\n\t<div id=\"accordion-2782700622\" class=\"accordion-item\">\n\t\t<a id=\"accordion-2782700622-label\" class=\"accordion-title plain\" href=\"#accordion-item-\u00ab-a-new-beginning-\u00bb\" aria-expanded=\"false\" aria-controls=\"accordion-2782700622-content\">\n\t\t\t<button class=\"toggle\" aria-label=\"Toggle\"><i class=\"icon-angle-down\" aria-hidden=\"true\"><\/i><\/button>\n\t\t\t<span>\u00ab A new beginning \u00bb<\/span>\n\t\t<\/a>\n\t\t<div id=\"accordion-2782700622-content\" class=\"accordion-inner\" aria-labelledby=\"accordion-2782700622-label\">\n\t\t\t\n<div class=\"row\"  id=\"row-1203696790\">\n\n\t<div id=\"col-431182683\" class=\"col medium-6 small-12 large-6\"  >\n\t\t\t\t<div class=\"col-inner\"  >\n\t\t\t\n\t\t\t\n<p>Apr\u00e8s avoir assist\u00e9 \u00e0 son premier pow wow, Curtis Shanush d\u00e9cide de changer sa trajectoire. Dans ce film intimiste, il raconte sa transformation par la danse et la connaissance de sa propre culture.<\/p>\n\t\t<\/div>\n\t\t\t\t\t<\/div>\n\n\t\n\n\t<div id=\"col-862268070\" class=\"col medium-6 small-12 large-6\"  >\n\t\t\t\t<div class=\"col-inner\"  >\n\t\t\t\n\t\t\t\n<p><strong>R\u00e9alisation :<\/strong> Wanda Miniquaken | Eeyou &#8211; Cri\/ Cree de Wemindji | 2017| 4\u201910<\/p>\n\t\t<\/div>\n\t\t\t\t\t<\/div>\n\n\t\n<\/div>\n\t\t<\/div>\n\t<\/div>\n\t\n\t<div id=\"accordion-1999406097\" class=\"accordion-item\">\n\t\t<a id=\"accordion-1999406097-label\" class=\"accordion-title plain\" href=\"#accordion-item-\u00ab-le-zoo-va-fermer-dans-quelques-minutes-\u00bb\" aria-expanded=\"false\" aria-controls=\"accordion-1999406097-content\">\n\t\t\t<button class=\"toggle\" aria-label=\"Toggle\"><i class=\"icon-angle-down\" aria-hidden=\"true\"><\/i><\/button>\n\t\t\t<span>\u00ab Le zoo va fermer dans quelques minutes \u00bb<\/span>\n\t\t<\/a>\n\t\t<div id=\"accordion-1999406097-content\" class=\"accordion-inner\" aria-labelledby=\"accordion-1999406097-label\">\n\t\t\t\n<div class=\"row\"  id=\"row-1950420757\">\n\n\t<div id=\"col-1332652109\" class=\"col medium-6 small-12 large-6\"  >\n\t\t\t\t<div class=\"col-inner\"  >\n\t\t\t\n\t\t\t\n<p>Une fille dans une cage, dans un zoo, dans ses pens\u00e9es.<\/p>\n\t\t<\/div>\n\t\t\t\t\t<\/div>\n\n\t\n\n\t<div id=\"col-591538997\" class=\"col medium-6 small-12 large-6\"  >\n\t\t\t\t<div class=\"col-inner\"  >\n\t\t\t\n\t\t\t\n<p><strong>R\u00e9alisation :<\/strong> M\u00e9lina Quitich-Niquay | Atikamekw &#8211; partenariat avec l\u2019UQAM | 2017 | 1\u201930<\/p>\n\t\t<\/div>\n\t\t\t\t\t<\/div>\n\n\t\n<\/div>\n\t\t<\/div>\n\t<\/div>\n\t\n\t<div id=\"accordion-2207174933\" class=\"accordion-item\">\n\t\t<a id=\"accordion-2207174933-label\" class=\"accordion-title plain\" href=\"#accordion-item-\u00ab-danse-avec-fiert\u00e9-\u00bb\" aria-expanded=\"false\" aria-controls=\"accordion-2207174933-content\">\n\t\t\t<button class=\"toggle\" aria-label=\"Toggle\"><i class=\"icon-angle-down\" aria-hidden=\"true\"><\/i><\/button>\n\t\t\t<span>\u00ab Danse avec fiert\u00e9 \u00bb<\/span>\n\t\t<\/a>\n\t\t<div id=\"accordion-2207174933-content\" class=\"accordion-inner\" aria-labelledby=\"accordion-2207174933-label\">\n\t\t\t\n<div class=\"row\"  id=\"row-1170835940\">\n\n\t<div id=\"col-1477690979\" class=\"col medium-6 small-12 large-6\"  >\n\t\t\t\t<div class=\"col-inner\"  >\n\t\t\t\n\t\t\t\n<p>Danse avec fiert\u00e9 est un film \u00e0 propos de la culture et l\u2019identit\u00e9 Anishnabe. Comment est-ce de grandir et vivre dans une communaut\u00e9 Anishnabe, quels sont les d\u00e9fis et comment les gens passent par-dessus les difficult\u00e9s.<\/p>\n\t\t<\/div>\n\t\t\t\t\t<\/div>\n\n\t\n\n\t<div id=\"col-365153552\" class=\"col medium-6 small-12 large-6\"  >\n\t\t\t\t<div class=\"col-inner\"  >\n\t\t\t\n\t\t\t\n<p><strong>R\u00e9alisation :<\/strong> Tammy Maranda | Anicinape du Lac Simon | 2013 | 5\u201920<\/p>\n\t\t<\/div>\n\t\t\t\t\t<\/div>\n\n\t\n<\/div>\n\t\t<\/div>\n\t<\/div>\n\t\n<\/div>\n\t<div id=\"gap-1938428851\" class=\"gap-element clearfix\" style=\"display:block; height:auto;\">\n\t\t\n<style>\n#gap-1938428851 {\n  padding-top: 60px;\n}\n<\/style>\n\t<\/div>\n\t\n","protected":false},"excerpt":{"rendered":"<p>\u00ab Respirations \/ Histoires Digitales \u00bb (Extraits)\u00a0 Une s\u00e9rie de Ludivine Large-Bessette \u00ab \u00c0 l&#8217;int\u00e9rieur \u00bb Un film de Claire Juge (France) avec Ariane Boulet (Montr\u00e9al) Vous retrouverez Bio Cr\u00e9dit photo : \u00c9tienne Boivin. Bio \u00ab Les Oiseaux Sacrifi\u00e9s \u00bb Avec la participation du po\u00e8te de Caraquet Guillaume Lavoie qui lira un extrait de son [&#8230;]\n","protected":false},"author":1,"featured_media":11984,"parent":12433,"menu_order":201,"comment_status":"closed","ping_status":"closed","template":"","meta":{"_acf_changed":false,"footnotes":""},"class_list":["post-11795","page","type-page","status-publish","has-post-thumbnail","hentry"],"acf":[],"yoast_head":"<!-- This site is optimized with the Yoast SEO plugin v27.5 - https:\/\/yoast.com\/product\/yoast-seo-wordpress\/ -->\n<title>29 juin 2023 | Journ\u00e9e \u00ab Gu\u00e9rir les blessures \u00bb<\/title>\n<meta name=\"description\" content=\"29 juin 2023, Au cours de cette journ\u00e9e, nous nous int\u00e9ressons principalement \u00e0 la danse, \u00e0 la danse de gu\u00e9rison chez les Premi\u00e8res Nations.\" \/>\n<meta name=\"robots\" content=\"index, follow, max-snippet:-1, max-image-preview:large, max-video-preview:-1\" \/>\n<link rel=\"canonical\" href=\"https:\/\/www.cinedanse.ca\/en\/cinedanse-edition-2023-caraquet\/29-juin-2023-journee-guerir-les-blessures\/\" \/>\n<meta property=\"og:locale\" content=\"en_US\" \/>\n<meta property=\"og:type\" content=\"article\" \/>\n<meta property=\"og:title\" content=\"29 juin 2023 | Journ\u00e9e \u00ab Gu\u00e9rir les blessures \u00bb\" \/>\n<meta property=\"og:description\" content=\"29 juin 2023, Au cours de cette journ\u00e9e, nous nous int\u00e9ressons principalement \u00e0 la danse, \u00e0 la danse de gu\u00e9rison chez les Premi\u00e8res Nations.\" \/>\n<meta property=\"og:url\" content=\"https:\/\/www.cinedanse.ca\/en\/cinedanse-edition-2023-caraquet\/29-juin-2023-journee-guerir-les-blessures\/\" \/>\n<meta property=\"og:site_name\" content=\"Cin\u00e9danse\" \/>\n<meta property=\"article:publisher\" content=\"https:\/\/www.facebook.com\/cinedanse.ca\/\" \/>\n<meta property=\"article:modified_time\" content=\"2023-11-14T20:26:38+00:00\" \/>\n<meta property=\"og:image\" content=\"https:\/\/www.cinedanse.ca\/wp-content\/uploads\/2023\/05\/MailChimp_blessure.jpg\" \/>\n\t<meta property=\"og:image:width\" content=\"1440\" \/>\n\t<meta property=\"og:image:height\" content=\"962\" \/>\n\t<meta property=\"og:image:type\" content=\"image\/jpeg\" \/>\n<meta name=\"twitter:card\" content=\"summary_large_image\" \/>\n<meta name=\"twitter:title\" content=\"29 juin 2023 | Journ\u00e9e \u00ab Gu\u00e9rir les blessures \u00bb\" \/>\n<meta name=\"twitter:description\" content=\"29 juin 2023, Au cours de cette journ\u00e9e, nous nous int\u00e9ressons principalement \u00e0 la danse, \u00e0 la danse de gu\u00e9rison chez les Premi\u00e8res Nations.\" \/>\n<meta name=\"twitter:image\" content=\"https:\/\/www.cinedanse.ca\/wp-content\/uploads\/2023\/05\/MailChimp_blessure.jpg\" \/>\n<meta name=\"twitter:label1\" content=\"Est. reading time\" \/>\n\t<meta name=\"twitter:data1\" content=\"23 minutes\" \/>\n<script type=\"application\/ld+json\" class=\"yoast-schema-graph\">{\"@context\":\"https:\\\/\\\/schema.org\",\"@graph\":[{\"@type\":\"Article\",\"@id\":\"https:\\\/\\\/www.cinedanse.ca\\\/en\\\/cinedanse-edition-2023-caraquet\\\/29-juin-2023-journee-guerir-les-blessures\\\/#article\",\"isPartOf\":{\"@id\":\"https:\\\/\\\/www.cinedanse.ca\\\/en\\\/cinedanse-edition-2023-caraquet\\\/29-juin-2023-journee-guerir-les-blessures\\\/\"},\"author\":{\"name\":\"La caravane\",\"@id\":\"http:\\\/\\\/www.cinedanse.ca\\\/en\\\/#\\\/schema\\\/person\\\/79b8f2019e07bb50aca5282b0d205f82\"},\"headline\":\"29 juin 2023 | Journ\u00e9e \u00ab Gu\u00e9rir les blessures \u00bb\",\"datePublished\":\"2023-05-19T14:52:49+00:00\",\"dateModified\":\"2023-11-14T20:26:38+00:00\",\"mainEntityOfPage\":{\"@id\":\"https:\\\/\\\/www.cinedanse.ca\\\/en\\\/cinedanse-edition-2023-caraquet\\\/29-juin-2023-journee-guerir-les-blessures\\\/\"},\"wordCount\":4334,\"image\":{\"@id\":\"https:\\\/\\\/www.cinedanse.ca\\\/en\\\/cinedanse-edition-2023-caraquet\\\/29-juin-2023-journee-guerir-les-blessures\\\/#primaryimage\"},\"thumbnailUrl\":\"https:\\\/\\\/www.cinedanse.ca\\\/wp-content\\\/uploads\\\/2023\\\/05\\\/MailChimp_blessure.jpg\",\"inLanguage\":\"en-US\"},{\"@type\":\"WebPage\",\"@id\":\"https:\\\/\\\/www.cinedanse.ca\\\/en\\\/cinedanse-edition-2023-caraquet\\\/29-juin-2023-journee-guerir-les-blessures\\\/\",\"url\":\"https:\\\/\\\/www.cinedanse.ca\\\/en\\\/cinedanse-edition-2023-caraquet\\\/29-juin-2023-journee-guerir-les-blessures\\\/\",\"name\":\"29 juin 2023 | Journ\u00e9e \u00ab Gu\u00e9rir les blessures \u00bb\",\"isPartOf\":{\"@id\":\"http:\\\/\\\/www.cinedanse.ca\\\/en\\\/#website\"},\"primaryImageOfPage\":{\"@id\":\"https:\\\/\\\/www.cinedanse.ca\\\/en\\\/cinedanse-edition-2023-caraquet\\\/29-juin-2023-journee-guerir-les-blessures\\\/#primaryimage\"},\"image\":{\"@id\":\"https:\\\/\\\/www.cinedanse.ca\\\/en\\\/cinedanse-edition-2023-caraquet\\\/29-juin-2023-journee-guerir-les-blessures\\\/#primaryimage\"},\"thumbnailUrl\":\"https:\\\/\\\/www.cinedanse.ca\\\/wp-content\\\/uploads\\\/2023\\\/05\\\/MailChimp_blessure.jpg\",\"datePublished\":\"2023-05-19T14:52:49+00:00\",\"dateModified\":\"2023-11-14T20:26:38+00:00\",\"description\":\"29 juin 2023, Au cours de cette journ\u00e9e, nous nous int\u00e9ressons principalement \u00e0 la danse, \u00e0 la danse de gu\u00e9rison chez les Premi\u00e8res Nations.\",\"breadcrumb\":{\"@id\":\"https:\\\/\\\/www.cinedanse.ca\\\/en\\\/cinedanse-edition-2023-caraquet\\\/29-juin-2023-journee-guerir-les-blessures\\\/#breadcrumb\"},\"inLanguage\":\"en-US\",\"potentialAction\":[{\"@type\":\"ReadAction\",\"target\":[\"https:\\\/\\\/www.cinedanse.ca\\\/en\\\/cinedanse-edition-2023-caraquet\\\/29-juin-2023-journee-guerir-les-blessures\\\/\"]}]},{\"@type\":\"ImageObject\",\"inLanguage\":\"en-US\",\"@id\":\"https:\\\/\\\/www.cinedanse.ca\\\/en\\\/cinedanse-edition-2023-caraquet\\\/29-juin-2023-journee-guerir-les-blessures\\\/#primaryimage\",\"url\":\"https:\\\/\\\/www.cinedanse.ca\\\/wp-content\\\/uploads\\\/2023\\\/05\\\/MailChimp_blessure.jpg\",\"contentUrl\":\"https:\\\/\\\/www.cinedanse.ca\\\/wp-content\\\/uploads\\\/2023\\\/05\\\/MailChimp_blessure.jpg\",\"width\":1440,\"height\":962},{\"@type\":\"BreadcrumbList\",\"@id\":\"https:\\\/\\\/www.cinedanse.ca\\\/en\\\/cinedanse-edition-2023-caraquet\\\/29-juin-2023-journee-guerir-les-blessures\\\/#breadcrumb\",\"itemListElement\":[{\"@type\":\"ListItem\",\"position\":1,\"name\":\"Accueil\",\"item\":\"http:\\\/\\\/www.cinedanse.ca\\\/en\\\/\"},{\"@type\":\"ListItem\",\"position\":2,\"name\":\"Cin\u00e9danse \u00c9dition 2023 &#8211; Caraquet\",\"item\":\"https:\\\/\\\/www.cinedanse.ca\\\/en\\\/cinedanse-edition-2023-caraquet\\\/\"},{\"@type\":\"ListItem\",\"position\":3,\"name\":\"29 juin 2023 | Journ\u00e9e \u00ab Gu\u00e9rir les blessures \u00bb\"}]},{\"@type\":\"WebSite\",\"@id\":\"http:\\\/\\\/www.cinedanse.ca\\\/en\\\/#website\",\"url\":\"http:\\\/\\\/www.cinedanse.ca\\\/en\\\/\",\"name\":\"Cin\u00e9danse\",\"description\":\"Because our world truly needs to dance!\",\"alternateName\":\"Cin\u00e9danse\",\"potentialAction\":[{\"@type\":\"SearchAction\",\"target\":{\"@type\":\"EntryPoint\",\"urlTemplate\":\"http:\\\/\\\/www.cinedanse.ca\\\/en\\\/?s={search_term_string}\"},\"query-input\":{\"@type\":\"PropertyValueSpecification\",\"valueRequired\":true,\"valueName\":\"search_term_string\"}}],\"inLanguage\":\"en-US\"},{\"@type\":\"Person\",\"@id\":\"http:\\\/\\\/www.cinedanse.ca\\\/en\\\/#\\\/schema\\\/person\\\/79b8f2019e07bb50aca5282b0d205f82\",\"name\":\"La caravane\",\"image\":{\"@type\":\"ImageObject\",\"inLanguage\":\"en-US\",\"@id\":\"https:\\\/\\\/secure.gravatar.com\\\/avatar\\\/db01b9248bc010eb09c34490e55d55b0ee23172ba8caad40e7e4316bac28c164?s=96&d=mm&r=g\",\"url\":\"https:\\\/\\\/secure.gravatar.com\\\/avatar\\\/db01b9248bc010eb09c34490e55d55b0ee23172ba8caad40e7e4316bac28c164?s=96&d=mm&r=g\",\"contentUrl\":\"https:\\\/\\\/secure.gravatar.com\\\/avatar\\\/db01b9248bc010eb09c34490e55d55b0ee23172ba8caad40e7e4316bac28c164?s=96&d=mm&r=g\",\"caption\":\"La caravane\"}}]}<\/script>\n<!-- \/ Yoast SEO plugin. -->","yoast_head_json":{"title":"29 juin 2023 | Journ\u00e9e \u00ab Gu\u00e9rir les blessures \u00bb","description":"29 juin 2023, Au cours de cette journ\u00e9e, nous nous int\u00e9ressons principalement \u00e0 la danse, \u00e0 la danse de gu\u00e9rison chez les Premi\u00e8res Nations.","robots":{"index":"index","follow":"follow","max-snippet":"max-snippet:-1","max-image-preview":"max-image-preview:large","max-video-preview":"max-video-preview:-1"},"canonical":"https:\/\/www.cinedanse.ca\/en\/cinedanse-edition-2023-caraquet\/29-juin-2023-journee-guerir-les-blessures\/","og_locale":"en_US","og_type":"article","og_title":"29 juin 2023 | Journ\u00e9e \u00ab Gu\u00e9rir les blessures \u00bb","og_description":"29 juin 2023, Au cours de cette journ\u00e9e, nous nous int\u00e9ressons principalement \u00e0 la danse, \u00e0 la danse de gu\u00e9rison chez les Premi\u00e8res Nations.","og_url":"https:\/\/www.cinedanse.ca\/en\/cinedanse-edition-2023-caraquet\/29-juin-2023-journee-guerir-les-blessures\/","og_site_name":"Cin\u00e9danse","article_publisher":"https:\/\/www.facebook.com\/cinedanse.ca\/","article_modified_time":"2023-11-14T20:26:38+00:00","og_image":[{"width":1440,"height":962,"url":"https:\/\/www.cinedanse.ca\/wp-content\/uploads\/2023\/05\/MailChimp_blessure.jpg","type":"image\/jpeg"}],"twitter_card":"summary_large_image","twitter_title":"29 juin 2023 | Journ\u00e9e \u00ab Gu\u00e9rir les blessures \u00bb","twitter_description":"29 juin 2023, Au cours de cette journ\u00e9e, nous nous int\u00e9ressons principalement \u00e0 la danse, \u00e0 la danse de gu\u00e9rison chez les Premi\u00e8res Nations.","twitter_image":"https:\/\/www.cinedanse.ca\/wp-content\/uploads\/2023\/05\/MailChimp_blessure.jpg","twitter_misc":{"Est. reading time":"23 minutes"},"schema":{"@context":"https:\/\/schema.org","@graph":[{"@type":"Article","@id":"https:\/\/www.cinedanse.ca\/en\/cinedanse-edition-2023-caraquet\/29-juin-2023-journee-guerir-les-blessures\/#article","isPartOf":{"@id":"https:\/\/www.cinedanse.ca\/en\/cinedanse-edition-2023-caraquet\/29-juin-2023-journee-guerir-les-blessures\/"},"author":{"name":"La caravane","@id":"http:\/\/www.cinedanse.ca\/en\/#\/schema\/person\/79b8f2019e07bb50aca5282b0d205f82"},"headline":"29 juin 2023 | Journ\u00e9e \u00ab Gu\u00e9rir les blessures \u00bb","datePublished":"2023-05-19T14:52:49+00:00","dateModified":"2023-11-14T20:26:38+00:00","mainEntityOfPage":{"@id":"https:\/\/www.cinedanse.ca\/en\/cinedanse-edition-2023-caraquet\/29-juin-2023-journee-guerir-les-blessures\/"},"wordCount":4334,"image":{"@id":"https:\/\/www.cinedanse.ca\/en\/cinedanse-edition-2023-caraquet\/29-juin-2023-journee-guerir-les-blessures\/#primaryimage"},"thumbnailUrl":"https:\/\/www.cinedanse.ca\/wp-content\/uploads\/2023\/05\/MailChimp_blessure.jpg","inLanguage":"en-US"},{"@type":"WebPage","@id":"https:\/\/www.cinedanse.ca\/en\/cinedanse-edition-2023-caraquet\/29-juin-2023-journee-guerir-les-blessures\/","url":"https:\/\/www.cinedanse.ca\/en\/cinedanse-edition-2023-caraquet\/29-juin-2023-journee-guerir-les-blessures\/","name":"29 juin 2023 | Journ\u00e9e \u00ab Gu\u00e9rir les blessures \u00bb","isPartOf":{"@id":"http:\/\/www.cinedanse.ca\/en\/#website"},"primaryImageOfPage":{"@id":"https:\/\/www.cinedanse.ca\/en\/cinedanse-edition-2023-caraquet\/29-juin-2023-journee-guerir-les-blessures\/#primaryimage"},"image":{"@id":"https:\/\/www.cinedanse.ca\/en\/cinedanse-edition-2023-caraquet\/29-juin-2023-journee-guerir-les-blessures\/#primaryimage"},"thumbnailUrl":"https:\/\/www.cinedanse.ca\/wp-content\/uploads\/2023\/05\/MailChimp_blessure.jpg","datePublished":"2023-05-19T14:52:49+00:00","dateModified":"2023-11-14T20:26:38+00:00","description":"29 juin 2023, Au cours de cette journ\u00e9e, nous nous int\u00e9ressons principalement \u00e0 la danse, \u00e0 la danse de gu\u00e9rison chez les Premi\u00e8res Nations.","breadcrumb":{"@id":"https:\/\/www.cinedanse.ca\/en\/cinedanse-edition-2023-caraquet\/29-juin-2023-journee-guerir-les-blessures\/#breadcrumb"},"inLanguage":"en-US","potentialAction":[{"@type":"ReadAction","target":["https:\/\/www.cinedanse.ca\/en\/cinedanse-edition-2023-caraquet\/29-juin-2023-journee-guerir-les-blessures\/"]}]},{"@type":"ImageObject","inLanguage":"en-US","@id":"https:\/\/www.cinedanse.ca\/en\/cinedanse-edition-2023-caraquet\/29-juin-2023-journee-guerir-les-blessures\/#primaryimage","url":"https:\/\/www.cinedanse.ca\/wp-content\/uploads\/2023\/05\/MailChimp_blessure.jpg","contentUrl":"https:\/\/www.cinedanse.ca\/wp-content\/uploads\/2023\/05\/MailChimp_blessure.jpg","width":1440,"height":962},{"@type":"BreadcrumbList","@id":"https:\/\/www.cinedanse.ca\/en\/cinedanse-edition-2023-caraquet\/29-juin-2023-journee-guerir-les-blessures\/#breadcrumb","itemListElement":[{"@type":"ListItem","position":1,"name":"Accueil","item":"http:\/\/www.cinedanse.ca\/en\/"},{"@type":"ListItem","position":2,"name":"Cin\u00e9danse \u00c9dition 2023 &#8211; Caraquet","item":"https:\/\/www.cinedanse.ca\/en\/cinedanse-edition-2023-caraquet\/"},{"@type":"ListItem","position":3,"name":"29 juin 2023 | Journ\u00e9e \u00ab Gu\u00e9rir les blessures \u00bb"}]},{"@type":"WebSite","@id":"http:\/\/www.cinedanse.ca\/en\/#website","url":"http:\/\/www.cinedanse.ca\/en\/","name":"Cin\u00e9danse","description":"Because our world truly needs to dance!","alternateName":"Cin\u00e9danse","potentialAction":[{"@type":"SearchAction","target":{"@type":"EntryPoint","urlTemplate":"http:\/\/www.cinedanse.ca\/en\/?s={search_term_string}"},"query-input":{"@type":"PropertyValueSpecification","valueRequired":true,"valueName":"search_term_string"}}],"inLanguage":"en-US"},{"@type":"Person","@id":"http:\/\/www.cinedanse.ca\/en\/#\/schema\/person\/79b8f2019e07bb50aca5282b0d205f82","name":"La caravane","image":{"@type":"ImageObject","inLanguage":"en-US","@id":"https:\/\/secure.gravatar.com\/avatar\/db01b9248bc010eb09c34490e55d55b0ee23172ba8caad40e7e4316bac28c164?s=96&d=mm&r=g","url":"https:\/\/secure.gravatar.com\/avatar\/db01b9248bc010eb09c34490e55d55b0ee23172ba8caad40e7e4316bac28c164?s=96&d=mm&r=g","contentUrl":"https:\/\/secure.gravatar.com\/avatar\/db01b9248bc010eb09c34490e55d55b0ee23172ba8caad40e7e4316bac28c164?s=96&d=mm&r=g","caption":"La caravane"}}]}},"_links":{"self":[{"href":"https:\/\/www.cinedanse.ca\/en\/wp-json\/wp\/v2\/pages\/11795","targetHints":{"allow":["GET"]}}],"collection":[{"href":"https:\/\/www.cinedanse.ca\/en\/wp-json\/wp\/v2\/pages"}],"about":[{"href":"https:\/\/www.cinedanse.ca\/en\/wp-json\/wp\/v2\/types\/page"}],"author":[{"embeddable":true,"href":"https:\/\/www.cinedanse.ca\/en\/wp-json\/wp\/v2\/users\/1"}],"replies":[{"embeddable":true,"href":"https:\/\/www.cinedanse.ca\/en\/wp-json\/wp\/v2\/comments?post=11795"}],"version-history":[{"count":0,"href":"https:\/\/www.cinedanse.ca\/en\/wp-json\/wp\/v2\/pages\/11795\/revisions"}],"up":[{"embeddable":true,"href":"https:\/\/www.cinedanse.ca\/en\/wp-json\/wp\/v2\/pages\/12433"}],"wp:featuredmedia":[{"embeddable":true,"href":"https:\/\/www.cinedanse.ca\/en\/wp-json\/wp\/v2\/media\/11984"}],"wp:attachment":[{"href":"https:\/\/www.cinedanse.ca\/en\/wp-json\/wp\/v2\/media?parent=11795"}],"curies":[{"name":"wp","href":"https:\/\/api.w.org\/{rel}","templated":true}]}}